{"id":6169,"date":"2021-12-28T16:45:16","date_gmt":"2021-12-28T16:45:16","guid":{"rendered":"https:\/\/www.natour.travel\/?page_id=6169"},"modified":"2024-09-12T14:31:34","modified_gmt":"2024-09-12T14:31:34","slug":"gruppen-wanderreisen","status":"publish","type":"page","link":"https:\/\/www.natour.travel\/de\/gruppen-wanderreisen\/","title":{"rendered":"Gruppenwanderreisen"},"content":{"rendered":"<div class=\"wpb-content-wrapper\"><p>[vc_row css_animation=&#8221;&#8221; row_type=&#8221;row&#8221; use_row_as_full_screen_section=&#8221;no&#8221; type=&#8221;full_width&#8221; angled_section=&#8221;no&#8221; text_align=&#8221;left&#8221; background_image_as_pattern=&#8221;without_pattern&#8221; z_index=&#8221;&#8221; padding_top=&#8221;40&#8243;][vc_column offset=&#8221;vc_col-xs-4\/5&#8243;][vc_empty_space][vc_column_text]<\/p>\n<h1 style=\"text-align: center;\">\u00a0 <img loading=\"lazy\" decoding=\"async\" class=\"alignnone wp-image-17377\" src=\"https:\/\/www.natour.travel\/wp-content\/uploads\/2023\/12\/wanderer-mit-sonne-300x146.webp\" alt=\"NATOUR Grupos\" width=\"100\" height=\"49\" srcset=\"https:\/\/www.natour.travel\/wp-content\/uploads\/2023\/12\/wanderer-mit-sonne-300x146.webp 300w, https:\/\/www.natour.travel\/wp-content\/uploads\/2023\/12\/wanderer-mit-sonne-500x247.webp 500w, https:\/\/www.natour.travel\/wp-content\/uploads\/2023\/12\/wanderer-mit-sonne.webp 506w\" sizes=\"auto, (max-width: 100px) 100vw, 100px\" \/>\u00a0 \u00a0 \u00a0 \u00a0 Wandern in Gruppen. <strong>Schlie\u00dfe dich an!\u00a0<\/strong><\/h1>\n<p>[\/vc_column_text][\/vc_column][\/vc_row][vc_row css_animation=&#8221;&#8221; row_type=&#8221;row&#8221; use_row_as_full_screen_section=&#8221;no&#8221; type=&#8221;full_width&#8221; angled_section=&#8221;no&#8221; text_align=&#8221;left&#8221; background_image_as_pattern=&#8221;without_pattern&#8221; z_index=&#8221;&#8221; css=&#8221;.vc_custom_1681675779022{padding-right: 20% !important;padding-left: 20% !important;}&#8221;][vc_column][vc_empty_space][vc_column_text]Die <span style=\"color: #83b319;\"><strong>Kanarischen Inseln<\/strong><\/span> mit ihren insgesamt 8 Inseln bieten eine enorme Vielfalt an Landschaften und \u00d6kosystemen, die dazu einladen, in einer <span style=\"color: #83b319;\"><strong>gef\u00fchrten Gruppenwanderreise<\/strong><\/span> entdeckt zu werden. Die Inseln spiegeln eine interessante kulturelle Mischung wider, die seit mehr als f\u00fcnf Jahrhunderten besteht.[\/vc_column_text][\/vc_column][\/vc_row][vc_row css_animation=&#8221;&#8221; row_type=&#8221;row&#8221; use_row_as_full_screen_section=&#8221;no&#8221; type=&#8221;full_width&#8221; angled_section=&#8221;no&#8221; text_align=&#8221;left&#8221; background_image_as_pattern=&#8221;without_pattern&#8221; z_index=&#8221;&#8221;][vc_column css_animation=&#8221;fadeInUp&#8221; offset=&#8221;vc_hidden-lg vc_hidden-md&#8221;][vc_empty_space height=&#8221;50px&#8221;][vc_column_text css=&#8221;.vc_custom_1715933372508{margin-top: 0px !important;margin-right: 0% !important;margin-bottom: 0% !important;margin-left: 0% !important;padding-bottom: 2% !important;}&#8221;]<\/p>\n<h2 style=\"text-align: center;\"><strong><span style=\"color: #83b319;\">W\u00e4hle deine Insel<\/span><\/strong><\/h2>\n<p>[\/vc_column_text][\/vc_column][\/vc_row][vc_row css_animation=&#8221;&#8221; row_type=&#8221;row&#8221; use_row_as_full_screen_section=&#8221;no&#8221; type=&#8221;full_width&#8221; angled_section=&#8221;no&#8221; text_align=&#8221;left&#8221; background_image_as_pattern=&#8221;without_pattern&#8221;][vc_column width=&#8221;1\/4&#8243;][\/vc_column][vc_column width=&#8221;1\/2&#8243;][vc_column_text]\n<style>\n\t#hotspot-18231 .hotspots-image-container,\n\t#hotspot-18231 .leaflet-container {\n\t\tbackground: #ffffff\t}\n\n\t#hotspot-18231 .hotspots-placeholder,\n\t.featherlight .featherlight-content.lightbox-18231 {\n\t\tbackground: #ffffff;\n\t\tborder: 0 #ffffff solid;\n\t\tcolor: #000000;\n\t}\n\n\t#hotspot-18231 .hotspot-title,\n\t#hotspot-18231 .bc-product__title a,\n\t.featherlight .featherlight-content.lightbox-18231 .hotspot-title,\n\t.featherlight .featherlight-content.lightbox-18231 .bc-product__title a {\n\t\tcolor: #000000;\n\t}\n\n\t\t\t#hotspot-18231 .hotspot-activas {\n\t\t\tstroke-width: 1;\n\t\t\tfill: #ffffff;\n\t\t\tfill-opacity: 0;\n\t\t\tstroke: #ffffff;\n\t\t\tstroke-opacity: 0;\n\t\t}\n\t\t#hotspot-18231 .hotspot-activas:hover,\n\t\t#hotspot-18231 .hotspot-activas:focus,\n\t\t#hotspot-18231 .hotspot-activas.hotspot-active {\n\t\t\tfill: #ffffff;\n\t\t\tfill-opacity: 0.71;\n\t\t\toutline: none;\n\t\t\tstroke: #ffffff;\n\t\t\tstroke-opacity: 0.01;\n\t\t}\n\t\t\t#hotspot-18231 .hotspot-inactivas {\n\t\t\tstroke-width: 1;\n\t\t\tfill: #ffffff;\n\t\t\tfill-opacity: 0;\n\t\t\tstroke: #ffffff;\n\t\t\tstroke-opacity: 0;\n\t\t}\n\t\t#hotspot-18231 .hotspot-inactivas:hover,\n\t\t#hotspot-18231 .hotspot-inactivas:focus,\n\t\t#hotspot-18231 .hotspot-inactivas.hotspot-active {\n\t\t\tfill: #ffffff;\n\t\t\tfill-opacity: 0.01;\n\t\t\toutline: none;\n\t\t\tstroke: #ffffff;\n\t\t\tstroke-opacity: 0.01;\n\t\t}\n\t\t\t#hotspot-18231 .hotspot-default {\n\t\t\tstroke-width: 1;\n\t\t\tfill: #ffffff;\n\t\t\tfill-opacity: 0;\n\t\t\tstroke: #ffffff;\n\t\t\tstroke-opacity: 0;\n\t\t}\n\t\t#hotspot-18231 .hotspot-default:hover,\n\t\t#hotspot-18231 .hotspot-default:focus,\n\t\t#hotspot-18231 .hotspot-default.hotspot-active {\n\t\t\tfill: #ffffff;\n\t\t\tfill-opacity: 0.51;\n\t\t\toutline: none;\n\t\t\tstroke: #ffffff;\n\t\t\tstroke-opacity: 0.01;\n\t\t}\n\t\t#hotspot-18231 .leaflet-tooltip,\n\t#hotspot-18231 .leaflet-rrose-content-wrapper {\n\t\tbackground: #ffffff;\n\t\tborder-color: #ffffff;\n\t\tcolor: #000000;\n\t}\n\n\t#hotspot-18231 a.leaflet-rrose-close-button {\n\t\tcolor: #000000;\n\t}\n\n\t#hotspot-18231 .leaflet-rrose-tip {\n\t\tbackground: #ffffff;\n\t}\n\n\t#hotspot-18231 .leaflet-popup-scrolled {\n\t\tborder-bottom-color: #000000;\n\t\tborder-top-color: #000000;\n\t}\n\n\t#hotspot-18231 .leaflet-tooltip-top:before {\n\t\tborder-top-color: #ffffff;\n\t}\n\n\t#hotspot-18231 .leaflet-tooltip-bottom:before {\n\t\tborder-bottom-color: #ffffff;\n\t}\n\t#hotspot-18231 .leaflet-tooltip-left:before {\n\t\tborder-left-color: #ffffff;\n\t}\n\t#hotspot-18231 .leaflet-tooltip-right:before {\n\t\tborder-right-color: #ffffff;\n\t}\n<\/style>\n\n\n\t<div class=\"hotspots-container links-only layout-left event-click\" id=\"hotspot-18231\" data-layout=\"left\" data-trigger=\"click\">\n\t\t<div class=\"hotspots-interaction\">\n\t\t\t<div class=\"hotspots-image-container\">\n\t<img\n\t\twidth=\"1600\"\n\t\theight=\"630\"\n\t\tsrc=\"https:\/\/www.natour.travel\/wp-content\/uploads\/2023\/12\/Canarias-grupos-islas-verde-oscuro.png\"\n\t\talt=\"Islas Canarias - Grupos\"\n\t\tclass=\"hotspots-image skip-lazy\"\n\t\tusemap=\"#hotspots-image-18231\"\n\t\tdata-image-title=\"Menu grupos\"\n\t\tdata-image-description=\"\"\n\t\tdata-event-trigger=\"click\"\n\t\tdata-always-visible=\"false\"\n\t\tdata-id=\"18231\"\n\t\tdata-no-lazy=\"1\"\n\t\tdata-lazy-src=\"\"\n\t\tdata-lazy=\"false\"\n\t\tloading=\"eager\"\n\t\tdata-skip-lazy=\"1\"\n\t\t>\n<\/div>\t\t<\/div>\n\t\t<map name=\"hotspots-image-18231\" class=\"hotspots-map\">\n\t\t\t\t\t\t\t\t\t\t\t<area\n\t\t\t\t\tshape=\"polygon\"\n\t\t\t\t\tcoords=\"477,344,482,349,484,351,493,351,498,352,501,351,505,358,508,360,511,360,511,362,514,362,516,365,519,365,523,368,526,368,526,372,529,373,527,375,530,378,531,388,533,390,530,393,527,392,527,396,525,398,522,398,518,402,517,405,514,405,510,409,510,412,506,411,504,414,501,414,499,417,496,416,493,415,491,416,489,416,486,418,482,415,477,416,475,413,473,411,471,411,469,407,466,407,463,406,460,402,460,398,459,396,457,395,454,394,453,390,451,390,451,386,451,383,453,378,452,373,454,368,455,364,456,360,457,356,460,351\"\n\t\t\t\t\thref=\"#GOMERAgrup\"\n\t\t\t\t\trel=\"\"\n\t\t\t\t\ttitle=\"n\u00e4chste Gruppe\u25b8vom 12. bis 19. April\"\n\t\t\t\t\talt=\"n\u00e4chste Gruppe\u25b8vom 12. bis 19. April\"\n\t\t\t\t\tdata-action=\"url\"\n\t\t\t\t\tdata-color-scheme=\"\"\n\t\t\t\t\tdata-id=\"area-hotspot-18231-0\"\n\t\t\t\t\ttarget=\"\"\n\t\t\t\t\tclass=\"url-area\"\n\t\t\t\t\t>\n\t\t\t\t\t\t\t\t\t\t\t<area\n\t\t\t\t\tshape=\"polygon\"\n\t\t\t\t\tcoords=\"204,528,210,532,214,532,220,533,228,530,235,527,240,521,245,519,248,512,247,507,255,503,261,501,269,497,274,500,278,506,281,513,276,521,271,527,270,530,267,540,260,542,256,550,255,558,253,570,250,574,245,573,239,568,233,558,227,555,216,552,208,551,198,551,192,545,195,538,194,534,198,528,202,526\"\n\t\t\t\t\thref=\"#HIERROgrup\"\n\t\t\t\t\trel=\"\"\n\t\t\t\t\ttitle=\"n\u00e4chste Gruppe \u25b8vom 25. Januar bis 01. Februar 2025\"\n\t\t\t\t\talt=\"n\u00e4chste Gruppe \u25b8vom 25. Januar bis 01. Februar 2025\"\n\t\t\t\t\tdata-action=\"url\"\n\t\t\t\t\tdata-color-scheme=\"inactivas\"\n\t\t\t\t\tdata-id=\"area-hotspot-18231-1\"\n\t\t\t\t\ttarget=\"\"\n\t\t\t\t\tclass=\"url-area\"\n\t\t\t\t\t>\n\t\t\t\t\t\t\t\t\t\t\t<area\n\t\t\t\t\tshape=\"polygon\"\n\t\t\t\t\tcoords=\"276,149,304,150,316,148,330,182,330,196,319,211,325,237,319,259,304,283,297,296,284,284,280,255,268,240,263,222,252,196,243,181,243,166,256,154,268,141\"\n\t\t\t\t\thref=\"#LAPALMAgrup\"\n\t\t\t\t\trel=\"\"\n\t\t\t\t\ttitle=\"in Vorbereitung\"\n\t\t\t\t\talt=\"in Vorbereitung\"\n\t\t\t\t\tdata-action=\"url\"\n\t\t\t\t\tdata-color-scheme=\"inactivas\"\n\t\t\t\t\tdata-id=\"area-hotspot-18231-2\"\n\t\t\t\t\ttarget=\"\"\n\t\t\t\t\tclass=\"url-area\"\n\t\t\t\t\t>\n\t\t\t\t\t\t\t\t\t\t\t<area\n\t\t\t\t\tshape=\"polygon\"\n\t\t\t\t\tcoords=\"575,295,602,283,646,286,691,274,718,247,746,228,776,225,804,222,804,237,772,259,744,286,738,316,723,345,714,371,692,395,649,411,635,397,614,365,600,324\"\n\t\t\t\t\thref=\"#TENERIFEgrup\"\n\t\t\t\t\trel=\"\"\n\t\t\t\t\ttitle=\"in Vorbereitung\"\n\t\t\t\t\talt=\"in Vorbereitung\"\n\t\t\t\t\tdata-action=\"url\"\n\t\t\t\t\tdata-color-scheme=\"inactivas\"\n\t\t\t\t\tdata-id=\"area-hotspot-18231-3\"\n\t\t\t\t\ttarget=\"\"\n\t\t\t\t\tclass=\"url-area\"\n\t\t\t\t\t>\n\t\t\t\t\t\t\t\t\t\t\t<area\n\t\t\t\t\tshape=\"polygon\"\n\t\t\t\t\tcoords=\"878,359,903,358,927,366,955,372,965,352,969,384,975,405,984,436,977,462,959,481,928,494,919,502,888,497,868,478,850,456,842,442,848,411,874,392,881,371\"\n\t\t\t\t\thref=\"#GRANCANgrup\"\n\t\t\t\t\trel=\"\"\n\t\t\t\t\ttitle=\"in Vorbereitung\"\n\t\t\t\t\talt=\"in Vorbereitung\"\n\t\t\t\t\tdata-action=\"url\"\n\t\t\t\t\tdata-color-scheme=\"inactivas\"\n\t\t\t\t\tdata-id=\"area-hotspot-18231-4\"\n\t\t\t\t\ttarget=\"\"\n\t\t\t\t\tclass=\"url-area\"\n\t\t\t\t\t>\n\t\t\t\t\t\t\t\t\t\t\t<area\n\t\t\t\t\tshape=\"polygon\"\n\t\t\t\t\tcoords=\"1336,184,1355,220,1348,265,1347,297,1339,318,1331,336,1316,346,1289,354,1262,361,1249,363,1235,383,1218,401,1190,394,1171,393,1175,380,1205,381,1240,356,1251,341,1253,315,1267,293,1270,279,1285,264,1297,240,1303,216,1304,200,1324,187\"\n\t\t\t\t\thref=\"#FUERTEgrup\"\n\t\t\t\t\trel=\"\"\n\t\t\t\t\ttitle=\"kein Termin vorgesehen\"\n\t\t\t\t\talt=\"kein Termin vorgesehen\"\n\t\t\t\t\tdata-action=\"url\"\n\t\t\t\t\tdata-color-scheme=\"inactivas\"\n\t\t\t\t\tdata-id=\"area-hotspot-18231-5\"\n\t\t\t\t\ttarget=\"\"\n\t\t\t\t\tclass=\"url-area\"\n\t\t\t\t\t>\n\t\t\t\t\t\t\t\t\t\t\t<area\n\t\t\t\t\tshape=\"polygon\"\n\t\t\t\t\tcoords=\"1442,45,1453,52,1457,59,1452,72,1445,80,1450,91,1444,102,1445,112,1435,122,1421,130,1406,136,1390,142,1373,146,1361,165,1351,158,1337,161,1336,149,1348,140,1347,122,1357,103,1369,95,1381,92,1395,81,1410,77,1422,82,1428,76,1430,61,1435,52\"\n\t\t\t\t\thref=\"#LANZAgrup\"\n\t\t\t\t\trel=\"\"\n\t\t\t\t\ttitle=\"in Vorbereitung\"\n\t\t\t\t\talt=\"in Vorbereitung\"\n\t\t\t\t\tdata-action=\"url\"\n\t\t\t\t\tdata-color-scheme=\"inactivas\"\n\t\t\t\t\tdata-id=\"area-hotspot-18231-6\"\n\t\t\t\t\ttarget=\"\"\n\t\t\t\t\tclass=\"url-area\"\n\t\t\t\t\t>\n\t\t\t\t\t<\/map>\n\n\t\t\n\t\t\t\t\t\t\t\t\t\t\t\t\t\t\t\t\t\t\t\t\t\t\t\t<\/div>\n\n[\/vc_column_text][\/vc_column][vc_column width=&#8221;1\/4&#8243;][\/vc_column][\/vc_row][vc_row css_animation=&#8221;&#8221; row_type=&#8221;row&#8221; use_row_as_full_screen_section=&#8221;no&#8221; type=&#8221;full_width&#8221; angled_section=&#8221;no&#8221; text_align=&#8221;left&#8221; background_image_as_pattern=&#8221;without_pattern&#8221; z_index=&#8221;&#8221;][vc_column css_animation=&#8221;fadeInRight&#8221; width=&#8221;1\/4&#8243; css=&#8221;.vc_custom_1700395892999{margin-top: -180px !important;}&#8221; offset=&#8221;vc_hidden-sm vc_hidden-xs&#8221;][vc_column_text css=&#8221;.vc_custom_1715933383610{margin-top: 0px !important;margin-right: 0% !important;margin-bottom: 0% !important;margin-left: 0% !important;padding-bottom: 2% !important;}&#8221;]<\/p>\n<h2 style=\"text-align: center;\"><strong><span style=\"color: #83b319;\">W\u00e4hle deine Insel<\/span><\/strong><\/h2>\n<p>[\/vc_column_text][\/vc_column][vc_column width=&#8221;3\/4&#8243;][\/vc_column][\/vc_row][vc_row css_animation=&#8221;&#8221; row_type=&#8221;row&#8221; use_row_as_full_screen_section=&#8221;no&#8221; type=&#8221;full_width&#8221; angled_section=&#8221;no&#8221; text_align=&#8221;left&#8221; background_image_as_pattern=&#8221;without_pattern&#8221;][vc_column][vc_empty_space height=&#8221;50&#8243;][\/vc_column][\/vc_row][vc_row css_animation=&#8221;&#8221; row_type=&#8221;row&#8221; use_row_as_full_screen_section=&#8221;no&#8221; type=&#8221;grid&#8221; angled_section=&#8221;no&#8221; text_align=&#8221;left&#8221; background_image_as_pattern=&#8221;without_pattern&#8221; z_index=&#8221;&#8221; background_image=&#8221;4526&#8243;][vc_column width=&#8221;1\/4&#8243;]<div class=\"qode-image-with-icon-and-text\">\n    <div class=\"qode-iwiat-image-icon-holder\" style=\"margin-bottom:5pxpx\">\n\t\t\t\t\t<div class=\"qode-iwiat-image\">\n\t\t\t\t<img decoding=\"async\" src=\"https:\/\/www.natour.travel\/wp-content\/uploads\/2021\/12\/La-Laguna-Gran-Hotel01.jpg\" alt=\"La Laguna Gran Hotel\"\/>\n\t\t\t<\/div>\n\t\t\t\t<div class=\"qode-iwiat-icon-holder\">\n                            <span class=\"qode-icon-holder qode-icon-circle qode-icon-small\"  >\n                    <i class=\"qode_icon_font_awesome fa fa-home qode-icon-element\" ><\/i>                <\/span>\n            \t\t<\/div>\n\t<\/div>\n\t\t\t<h4 class=\"qode-iwiat-title\">\n\t\t\t\u00dcbernachtung in charmanten Hotels\t\t<\/h4>\n\t\t\t\t<p class=\"qode-iwiat-text\">\n\t\t\tF\u00fcr unsere Wandergruppen w\u00e4hlen wir charmante Unterk\u00fcnfte in Gegenden, die fernab vom konventionellen Tourismus liegen und eine authentische Atmosph\u00e4re bieten.\t\t<\/p>\n\t<\/div>[\/vc_column][vc_column width=&#8221;1\/4&#8243;]<div class=\"qode-image-with-icon-and-text\">\n    <div class=\"qode-iwiat-image-icon-holder\" style=\"margin-bottom:5pxpx\">\n\t\t\t\t\t<div class=\"qode-iwiat-image\">\n\t\t\t\t<img decoding=\"async\" src=\"https:\/\/www.natour.travel\/wp-content\/uploads\/2022\/09\/Teide-M.jpeg\" alt=\"Tenerife GR131\"\/>\n\t\t\t<\/div>\n\t\t\t\t<div class=\"qode-iwiat-icon-holder\">\n                            <span class=\"qode-icon-holder qode-icon-circle qode-icon-small\"  >\n                    <i class=\"qode_icon_font_awesome_5 fa5 fa fa-person-hiking qode-icon-element\" ><\/i>                <\/span>\n            \t\t<\/div>\n\t<\/div>\n\t\t\t<h4 class=\"qode-iwiat-title\">\n\t\t\tSpektakul\u00e4re Wanderrouten\t\t<\/h4>\n\t\t\t\t<p class=\"qode-iwiat-text\">\n\t\t\tWir w\u00e4hlen Wege aus, die durch atemberaubende Landschaften f\u00fchren, eine gro\u00dfe Vielfalt aufweisen und ein tiefes Verst\u00e4ndnis f\u00fcr den Ort vermitteln.\t\t<\/p>\n\t<\/div>[\/vc_column][vc_column width=&#8221;1\/4&#8243;]<div class=\"qode-image-with-icon-and-text\">\n    <div class=\"qode-iwiat-image-icon-holder\" style=\"margin-bottom:5pxpx\">\n\t\t\t\t\t<div class=\"qode-iwiat-image\">\n\t\t\t\t<img decoding=\"async\" src=\"https:\/\/www.natour.travel\/wp-content\/uploads\/2022\/04\/Mallorca-Soller1.webp\" alt=\"Mallorca - Soller tren\"\/>\n\t\t\t<\/div>\n\t\t\t\t<div class=\"qode-iwiat-icon-holder\">\n                            <span class=\"qode-icon-holder qode-icon-circle qode-icon-small\"  >\n                    <i class=\"qode_icon_font_awesome fa fa-taxi qode-icon-element\" ><\/i>                <\/span>\n            \t\t<\/div>\n\t<\/div>\n\t\t\t<h4 class=\"qode-iwiat-title\">\n\t\t\tExklusive Transfers\t\t<\/h4>\n\t\t\t\t<p class=\"qode-iwiat-text\">\n\t\t\tWir verwenden klimatisierte Busse und exklusive Taxis f\u00fcr die Transfers unserer Gruppen. Alle Transfers sind inbegriffen.\t\t<\/p>\n\t<\/div>[\/vc_column][vc_column width=&#8221;1\/4&#8243;]<div class=\"qode-image-with-icon-and-text\">\n    <div class=\"qode-iwiat-image-icon-holder\" style=\"margin-bottom:5pxpx\">\n\t\t\t\t\t<div class=\"qode-iwiat-image\">\n\t\t\t\t<img decoding=\"async\" src=\"https:\/\/www.natour.travel\/wp-content\/uploads\/2021\/10\/barranco-masca.jpg\" alt=\"Ruta de senderismo en Masca con el Cardon\"\/>\n\t\t\t<\/div>\n\t\t\t\t<div class=\"qode-iwiat-icon-holder\">\n                            <span class=\"qode-icon-holder qode-icon-circle qode-icon-small\"  >\n                    <i class=\"qode_icon_font_awesome_5 fa5 fa fa-face-smile qode-icon-element\" ><\/i>                <\/span>\n            \t\t<\/div>\n\t<\/div>\n\t\t\t<h4 class=\"qode-iwiat-title\">\n\t\t\tUnsere lokalen Wanderf\u00fchrer\t\t<\/h4>\n\t\t\t\t<p class=\"qode-iwiat-text\">\n\t\t\tUnsere \u00f6rtlichen Wanderf\u00fchrer leben dort, wo sie ihre F\u00fchrungen durchf\u00fchren. Sie sind charismatisch und erfahren und verf\u00fcgen \u00fcber ein umfangreiches Wissen \u00fcber ihre Insel.\t\t<\/p>\n\t<\/div>[\/vc_column][\/vc_row][vc_row css_animation=&#8221;&#8221; row_type=&#8221;row&#8221; use_row_as_full_screen_section=&#8221;no&#8221; type=&#8221;full_width&#8221; angled_section=&#8221;no&#8221; text_align=&#8221;left&#8221; background_image_as_pattern=&#8221;without_pattern&#8221; css=&#8221;.vc_custom_1681675385007{padding-top: 2% !important;padding-bottom: 2% !important;background-color: #adcc3f !important;}&#8221; z_index=&#8221;&#8221;][vc_column][vc_column_text]<\/p>\n<h2 style=\"text-align: center;\"><span style=\"color: #ffffff;\">unsere Vorschl\u00e4ge<\/span><\/h2>\n<p>[\/vc_column_text][\/vc_column][\/vc_row][vc_row css_animation=&#8221;&#8221; row_type=&#8221;row&#8221; use_row_as_full_screen_section=&#8221;no&#8221; type=&#8221;full_width&#8221; angled_section=&#8221;no&#8221; text_align=&#8221;left&#8221; background_image_as_pattern=&#8221;without_pattern&#8221; z_index=&#8221;&#8221; css=&#8221;.vc_custom_1681675779022{padding-right: 20% !important;padding-left: 20% !important;}&#8221;][vc_column offset=&#8221;vc_hidden-xs&#8221;][vc_empty_space height=&#8221;24px&#8221;][vc_column_text]Die <span style=\"color: #83b319;\"><strong>vulkanische Aktivit\u00e4t<\/strong><\/span> der Kanarischen Inseln hat zusammen mit dem Einfluss der Passatwinde, die f\u00fcr Feuchtigkeit und ein mildes Klima sorgen, wundersch\u00f6ne Naturr\u00e4ume voller Artenvielfalt geschaffen. Dar\u00fcber hinaus erg\u00e4nzt die au\u00dfergew\u00f6hnliche atlantisch-portugiesische Architektur, die in der Altstadt der St\u00e4dte zu sehen ist, einen einzigartigen kulturellen Reichtum. Die Gastronomie der Inseln wird von einer reichen Fischerei bestimmt und ist durch die enge Verbindung zwischen den Kanaren und dem iberoamerikanischen Kontinent gepr\u00e4gt. Ein perfekter Cocktail zum Entdecken und intensiven Genie\u00dfens.[\/vc_column_text][vc_column_text css=&#8221;.vc_custom_1715942020560{margin-top: -25px !important;}&#8221;]<\/p>\n<h3 style=\"text-align: center;\">\u00a0<span style=\"color: #83b319;\"><strong>Gef\u00fchrte Gruppenwanderreisen<\/strong><\/span><\/h3>\n<p>[\/vc_column_text][vc_empty_space height=&#8221;40px&#8221;][\/vc_column][\/vc_row][vc_row css_animation=&#8221;&#8221; row_type=&#8221;row&#8221; use_row_as_full_screen_section=&#8221;no&#8221; type=&#8221;grid&#8221; angled_section=&#8221;no&#8221; text_align=&#8221;center&#8221; video=&#8221;show_video&#8221; background_image_as_pattern=&#8221;without_pattern&#8221; z_index=&#8221;998&#8243; video_webm=&#8221;https:\/\/www.natour.travel\/Grupos ESP 2.webm&#8221; css=&#8221;.vc_custom_1715502284481{margin-right: 25% !important;margin-left: 25% !important;padding-right: 40px !important;padding-left: 40px !important;}&#8221;][vc_column width=&#8221;1\/4&#8243; offset=&#8221;vc_hidden-md vc_hidden-sm vc_hidden-xs&#8221;][\/vc_column][vc_column width=&#8221;1\/2&#8243; offset=&#8221;vc_hidden-xs&#8221;][vc_empty_space height=&#8221;400px&#8221;][\/vc_column][vc_column width=&#8221;1\/4&#8243;][\/vc_column][\/vc_row][vc_row css_animation=&#8221;&#8221; row_type=&#8221;row&#8221; use_row_as_full_screen_section=&#8221;no&#8221; type=&#8221;full_width&#8221; angled_section=&#8221;no&#8221; text_align=&#8221;left&#8221; background_image_as_pattern=&#8221;without_pattern&#8221; z_index=&#8221;998&#8243;][vc_column offset=&#8221;vc_hidden-md vc_hidden-sm vc_hidden-xs&#8221;][vc_empty_space height=&#8221;40px&#8221;][\/vc_column][\/vc_row][vc_row css_animation=&#8221;&#8221; row_type=&#8221;row&#8221; use_row_as_full_screen_section=&#8221;no&#8221; type=&#8221;full_width&#8221; angled_section=&#8221;no&#8221; text_align=&#8221;left&#8221; background_image_as_pattern=&#8221;without_pattern&#8221; z_index=&#8221;998&#8243; background_image=&#8221;4717&#8243;][vc_column offset=&#8221;vc_hidden-lg vc_hidden-md vc_hidden-sm&#8221;][vc_empty_space height=&#8221;40px&#8221;]\n\t\t\t<!-- START DEgrupomovil REVOLUTION SLIDER 6.7.34 --><p class=\"rs-p-wp-fix\"><\/p>\n\t\t\t<rs-module-wrap id=\"rev_slider_47_1_wrapper\" data-source=\"gallery\" style=\"visibility:hidden;background:#475057;padding:0;margin:0px auto;margin-top:0;margin-bottom:0;\">\n\t\t\t\t<rs-module id=\"rev_slider_47_1\" style=\"\" data-version=\"6.7.34\">\n\t\t\t\t\t<rs-slides style=\"overflow: hidden; position: absolute;\">\n\t\t\t\t\t\t<rs-slide style=\"position: absolute;\" data-key=\"rs-158\" data-title=\"foto\" data-duration=\"2000ms\" data-anim=\"adpr:false;\" data-in=\"o:0;\" data-out=\"a:false;\">\n\t\t\t\t\t\t\t<img decoding=\"async\" src=\"\/\/www.natour.travel\/wp-content\/plugins\/revslider\/sr6\/assets\/assets\/dummy.png\" alt=\"Grupos en el sur de La Palma\" title=\"Grupos07\" width=\"1200\" height=\"800\" class=\"rev-slidebg tp-rs-img rs-lazyload\" data-lazyload=\"\/\/internetyempresas.com\/natourtravel\/wp-content\/uploads\/2022\/04\/Grupos07.jpg\" data-parallax=\"off\" data-no-retina>\n<!---->\t\t\t\t\t<\/rs-slide>\n\t\t\t\t\t\t<rs-slide style=\"position: absolute;\" data-key=\"rs-119\" data-title=\"Slide\" data-anim=\"adpr:false;\" data-in=\"o:0;\" data-out=\"a:false;\">\n\t\t\t\t\t\t\t<img decoding=\"async\" src=\"\/\/www.natour.travel\/wp-content\/plugins\/revslider\/sr6\/assets\/assets\/dummy.png\" alt=\"\" title=\"Gruppenwanderreisen\" class=\"rev-slidebg tp-rs-img rs-lazyload\" data-lazyload=\"\/\/www.natour.travel\/wp-content\/plugins\/revslider\/sr6\/assets\/assets\/transparent.png\" data-parallax=\"off\" data-no-retina>\n\t\t\t\t\t\t\t<rs-bgvideo \n\t\t\t\t\t\t\t\tdata-video=\"vc:none;w:100%;h:100%;nse:false;l:true;ptimer:false;\"\n\t\t\t\t\t\t\t\tdata-ytid=\"Q8NStrR7g-0\"\n\t\t\t\t\t\t\t\tdata-vatr=\"version=3&amp;enablejsapi=1&amp;html5=1&amp;hd=1&amp;wmode=opaque&amp;showinfo=0&amp;rel=0&amp;origin=https:\/\/www.natour.travel;\"\n\t\t\t\t\t\t\t><\/rs-bgvideo>\n<!---->\t\t\t\t\t<\/rs-slide>\n\t\t\t\t\t<\/rs-slides>\n\t\t\t\t\t<rs-static-layers><!--\n\n\t\t\t\t\t\t\t--><rs-layer\n\t\t\t\t\t\t\t\tid=\"slider-47-slide-45-layer-0\" \n\t\t\t\t\t\t\t\tclass=\"rs-layer-static\"\n\t\t\t\t\t\t\t\tdata-type=\"text\"\n\t\t\t\t\t\t\t\tdata-rsp_ch=\"on\"\n\t\t\t\t\t\t\t\tdata-xy=\"xo:425px,425px,425px,87px;yo:170px,170px,170px,260px;\"\n\t\t\t\t\t\t\t\tdata-text=\"w:normal;s:37,37,37,24;l:47,47,47,31;fw:600;\"\n\t\t\t\t\t\t\t\tdata-dim=\"w:auto,auto,auto,348px;\"\n\t\t\t\t\t\t\t\tdata-onslides=\"s:1;\"\n\t\t\t\t\t\t\t\tdata-frame_1=\"st:2050;sR:2050;\"\n\t\t\t\t\t\t\t\tdata-frame_999=\"o:0;st:9500;sR:7150;\"\n\t\t\t\t\t\t\t\tstyle=\"z-index:16;font-family:'Poppins';\"\n\t\t\t\t\t\t\t>in einer gef\u00fchrten Gruppe ! \n\t\t\t\t\t\t\t<\/rs-layer><!--\n\n\t\t\t\t\t\t\t--><rs-layer\n\t\t\t\t\t\t\t\tid=\"slider-47-slide-45-layer-1\" \n\t\t\t\t\t\t\t\tclass=\"rs-layer-static\"\n\t\t\t\t\t\t\t\tdata-type=\"text\"\n\t\t\t\t\t\t\t\tdata-color=\"#fff\"\n\t\t\t\t\t\t\t\tdata-rsp_ch=\"on\"\n\t\t\t\t\t\t\t\tdata-xy=\"x:c;xo:36px,36px,36px,13px;y:m;yo:-158px,-158px,-158px,-70px;\"\n\t\t\t\t\t\t\t\tdata-text=\"w:normal;s:61,61,61,37;l:68,68,68,39;ls:0,0,0,0px;fw:800;\"\n\t\t\t\t\t\t\t\tdata-dim=\"minh:0,0,0,none;\"\n\t\t\t\t\t\t\t\tdata-onslides=\"s:1;\"\n\t\t\t\t\t\t\t\tdata-frame_0=\"rX:70deg;oZ:-50;\"\n\t\t\t\t\t\t\t\tdata-frame_1=\"oZ:-50;e:power4.inOut;sp:2000;\"\n\t\t\t\t\t\t\t\tdata-frame_999=\"o:0;st:3500;sR:1500;\"\n\t\t\t\t\t\t\t\tstyle=\"z-index:15;font-family:'Poppins';\"\n\t\t\t\t\t\t\t>Komm mit uns\u2026 \n\t\t\t\t\t\t\t<\/rs-layer><!--\n\n\t\t\t\t\t\t\t--><a\n\t\t\t\t\t\t\t\tid=\"slider-47-slide-45-layer-10\" \n\t\t\t\t\t\t\t\tclass=\"rs-layer rev-btn rs-layer-static\"\n\t\t\t\t\t\t\t\thref=\"https:\/\/www.natour.travel\/de\/gruppen-wanderreisen\/\" target=\"_self\"\n\t\t\t\t\t\t\t\tdata-type=\"button\"\n\t\t\t\t\t\t\t\tdata-rsp_ch=\"on\"\n\t\t\t\t\t\t\t\tdata-xy=\"x:c;xo:14px,14px,14px,-3px;yo:383px,383px,383px,362px;\"\n\t\t\t\t\t\t\t\tdata-text=\"w:normal;s:27,27,27,25;l:74,74,74,37;ls:3,3,3,1px;fw:700;a:inherit;\"\n\t\t\t\t\t\t\t\tdata-dim=\"minh:0,0,0,none;\"\n\t\t\t\t\t\t\t\tdata-onslides=\"s:1;\"\n\t\t\t\t\t\t\t\tdata-padding=\"r:59,59,59,34;l:59,59,59,34;\"\n\t\t\t\t\t\t\t\tdata-border=\"bor:5px,5px,5px,5px;\"\n\t\t\t\t\t\t\t\tdata-frame_1=\"st:2790;sR:2790;\"\n\t\t\t\t\t\t\t\tdata-frame_999=\"o:0;st:3500;sR:410;\"\n\t\t\t\t\t\t\t\tdata-frame_hover=\"c:#000;bgc:#fff;bor:5px,5px,5px,5px;e:power1.inOut;bri:120%;\"\n\t\t\t\t\t\t\t\tstyle=\"z-index:8;background-color:#81af52;font-family:'Roboto';\"\n\t\t\t\t\t\t\t>Mehr Infos \n\t\t\t\t\t\t\t<\/a><!--\n\t\t\t\t\t--><\/rs-static-layers>\n\t\t\t\t<\/rs-module>\n\t\t\t\t<script>\n\t\t\t\t\tsetREVStartSize({c: 'rev_slider_47_1',rl:[1240,1240,1240,480],el:[550,550,550,535],gw:[1300,1300,1300,480],gh:[550,550,550,535],type:'standard',justify:'',layout:'fullwidth',mh:\"0\"});if (window.RS_MODULES!==undefined && window.RS_MODULES.modules!==undefined && window.RS_MODULES.modules[\"revslider471\"]!==undefined) {window.RS_MODULES.modules[\"revslider471\"].once = false;window.revapi47 = undefined;if (window.RS_MODULES.checkMinimal!==undefined) window.RS_MODULES.checkMinimal()}\n\t\t\t\t<\/script>\n\t\t\t<\/rs-module-wrap>\n\t\t\t<!-- END REVOLUTION SLIDER -->\n[\/vc_column][\/vc_row][vc_row css_animation=&#8221;&#8221; row_type=&#8221;row&#8221; use_row_as_full_screen_section=&#8221;no&#8221; type=&#8221;full_width&#8221; angled_section=&#8221;no&#8221; text_align=&#8221;left&#8221; background_image_as_pattern=&#8221;without_pattern&#8221; z_index=&#8221;&#8221; css=&#8221;.vc_custom_1681675779022{padding-right: 20% !important;padding-left: 20% !important;}&#8221;][vc_column offset=&#8221;vc_hidden-lg vc_hidden-md vc_hidden-sm&#8221;][vc_empty_space][vc_column_text]Die <span style=\"color: #83b319;\"><strong>vulkanische Aktivit\u00e4t<\/strong><\/span> der Kanarischen Inseln hat zusammen mit dem Einfluss der Passatwinde, die f\u00fcr Feuchtigkeit und ein mildes Klima sorgen, wundersch\u00f6ne Naturr\u00e4ume voller Artenvielfalt geschaffen. Dar\u00fcber hinaus erg\u00e4nzt die au\u00dfergew\u00f6hnliche atlantisch-portugiesische Architektur, die in der Altstadt der St\u00e4dte zu sehen ist, einen einzigartigen kulturellen Reichtum. Die Gastronomie der Inseln wird von einer reichen Fischerei bestimmt und ist durch die enge Verbindung zwischen den Kanaren und dem iberoamerikanischen Kontinent gepr\u00e4gt. Ein perfekter Cocktail zum Entdecken und intensiven Genie\u00dfens.[\/vc_column_text][vc_column_text]<\/p>\n<h3 style=\"text-align: center;\">\u00a0<span style=\"color: #83b319;\"><strong>Gef\u00fchrte Gruppenwanderreisen<\/strong><\/span><\/h3>\n<p>[\/vc_column_text][\/vc_column][\/vc_row][vc_row css_animation=&#8221;&#8221; row_type=&#8221;row&#8221; use_row_as_full_screen_section=&#8221;no&#8221; type=&#8221;full_width&#8221; angled_section=&#8221;no&#8221; text_align=&#8221;left&#8221; background_image_as_pattern=&#8221;without_pattern&#8221; css=&#8221;.vc_custom_1713883898844{padding-right: 10% !important;padding-left: 10% !important;background-image: url(https:\/\/www.natour.travel\/wp-content\/uploads\/2021\/11\/NATOUR-ola02.png?id=4717) !important;}&#8221; z_index=&#8221;&#8221;][vc_column css_animation=&#8221;fadeInLeft&#8221; width=&#8221;1\/3&#8243;][vc_empty_space height=&#8221;100px&#8221;][vc_single_image image=&#8221;15974&#8243; img_size=&#8221;medium&#8221; alignment=&#8221;center&#8221; onclick=&#8221;custom_link&#8221; qode_css_animation=&#8221;&#8221; link=&#8221;https:\/\/www.natour.travel\/de\/tour-item\/el-hierro-wanderreise\/&#8221;][vc_column_text]<\/p>\n<p style=\"text-align: center;\"><span style=\"color: #83b319;\"><i class=\"fa-solid fa-circle-right\"><\/i> <strong>n\u00e4chste Gruppe:<\/strong><\/span><\/p>\n<p>[\/vc_column_text][vc_column_text]<\/p>\n<p style=\"text-align: center;\">Vom 25.<span style=\"color: #000000;\"><strong> Januar<\/strong><\/span>\u00a0 bis 1. <span style=\"color: #000000;\"><strong>Februar 2025<br \/>\n<\/strong><\/span>(auf Englisch gef\u00fchrt)<\/p>\n<p>[\/vc_column_text][\/vc_column][vc_column width=&#8221;1\/3&#8243;][vc_column_text]<img loading=\"lazy\" decoding=\"async\" class=\"aligncenter wp-image-17374\" src=\"https:\/\/www.natour.travel\/wp-content\/uploads\/2023\/12\/WANDERER-Bild-300x76.webp\" alt=\"senderismo en grupo\" width=\"165\" height=\"42\" srcset=\"https:\/\/www.natour.travel\/wp-content\/uploads\/2023\/12\/WANDERER-Bild-300x76.webp 300w, https:\/\/www.natour.travel\/wp-content\/uploads\/2023\/12\/WANDERER-Bild.webp 377w\" sizes=\"auto, (max-width: 165px) 100vw, 165px\" \/>[\/vc_column_text][vc_empty_space height=&#8221;10px&#8221;][vc_column_text]<\/p>\n<h1 id=\"HIERROgrup\" style=\"text-align: center;\">El Hierro<\/h1>\n<p>&nbsp;<\/p>\n<p>Die kleinste und am wenigsten bekannte der Kanarischen Inseln. Sie ist auch die abgelegenste und liegt am westlichen Ende des Archipels, wo der Leuchtturm von Orchilla das Ende der alten Welt anzeigt. Die Insel ist sehr d\u00fcnn besiedelt und weist ein zerkl\u00fcftetes Relief mit gro\u00dfen Fayas- und Heidew\u00e4ldern im Norden und riesigen Kiefernw\u00e4ldern im sonnigen S\u00fcden auf. Die Narben rezenter Vulkane werden von uralten Pfaden zu ihren Gipfeln durchzogen, die durch unber\u00fchrte Landschaften f\u00fchren und in ausgedehnte Kiefern- und Wacholderw\u00e4lder eindringen. Eine Insel mit seltenen endemischen Tieren, wie der Rieseneidechse. Die herrlichen Landschaften mit grandiosen Ausblicken auf die anderen Inseln des Archipels werden uns bei unseren Gruppenwanderungen rund um die Insel in Staunen versetzen.<\/p>\n<p><b id=\"LAPALMAgrup\">\u25b8 Beinhaltet<\/b><\/p>\n<p><img loading=\"lazy\" decoding=\"async\" class=\"alignnone wp-image-17223\" src=\"https:\/\/www.natour.travel\/wp-content\/uploads\/2023\/12\/hotel-300x300.png\" alt=\"\" width=\"35\" height=\"35\" srcset=\"https:\/\/www.natour.travel\/wp-content\/uploads\/2023\/12\/hotel-300x300.png 300w, https:\/\/www.natour.travel\/wp-content\/uploads\/2023\/12\/hotel-150x150.png 150w, https:\/\/www.natour.travel\/wp-content\/uploads\/2023\/12\/hotel-500x512.png 500w, https:\/\/www.natour.travel\/wp-content\/uploads\/2023\/12\/hotel.png 512w\" sizes=\"auto, (max-width: 35px) 100vw, 35px\" \/>\u00a0 \u00a0|\u00a0 <img loading=\"lazy\" decoding=\"async\" class=\"alignnone wp-image-17220\" src=\"https:\/\/www.natour.travel\/wp-content\/uploads\/2023\/12\/cena-romantica-300x300.png\" alt=\"\" width=\"35\" height=\"35\" srcset=\"https:\/\/www.natour.travel\/wp-content\/uploads\/2023\/12\/cena-romantica-300x300.png 300w, https:\/\/www.natour.travel\/wp-content\/uploads\/2023\/12\/cena-romantica-150x150.png 150w, https:\/\/www.natour.travel\/wp-content\/uploads\/2023\/12\/cena-romantica-500x512.png 500w, https:\/\/www.natour.travel\/wp-content\/uploads\/2023\/12\/cena-romantica.png 512w\" sizes=\"auto, (max-width: 35px) 100vw, 35px\" \/>\u00a0 |\u00a0 \u00a0<img loading=\"lazy\" decoding=\"async\" class=\"alignnone wp-image-12016\" src=\"https:\/\/www.natour.travel\/wp-content\/uploads\/2022\/09\/BUS-1.png\" alt=\"ICONO BUS\" width=\"50\" height=\"32\" \/>\u00a0 \u00a0|\u00a0 \u00a0<img loading=\"lazy\" decoding=\"async\" class=\"alignnone wp-image-17393\" src=\"https:\/\/www.natour.travel\/wp-content\/uploads\/2023\/12\/guia-300x300.png\" alt=\"\" width=\"35\" height=\"35\" srcset=\"https:\/\/www.natour.travel\/wp-content\/uploads\/2023\/12\/guia-300x300.png 300w, https:\/\/www.natour.travel\/wp-content\/uploads\/2023\/12\/guia-150x150.png 150w, https:\/\/www.natour.travel\/wp-content\/uploads\/2023\/12\/guia-500x512.png 500w, https:\/\/www.natour.travel\/wp-content\/uploads\/2023\/12\/guia.png 512w\" sizes=\"auto, (max-width: 35px) 100vw, 35px\" \/>[\/vc_column_text][vc_empty_space height=&#8221;24px&#8221;]<a  itemprop=\"url\" href=\"https:\/\/www.natour.travel\/de\/tour-item\/el-hierro-wanderreise\/\" target=\"_blank\"  class=\"qbutton  default\" style=\"\">Machen wir uns auf den Weg!<i class=\"qode_icon_font_awesome_5 fa5 fa fa-arrow-right qode_button_icon_element\" style=\"\" ><\/i><\/a>[vc_empty_space height=&#8221;40px&#8221;][\/vc_column][vc_column width=&#8221;1\/3&#8243;][vc_empty_space height=&#8221;120px&#8221;][qode_elements_holder number_of_columns=&#8221;three_columns&#8221;][qode_elements_holder_item advanced_animations=&#8221;no&#8221;]<div class=\"qode-tours-list-holder qode-tours-row qode-normal-space  qode-tours-columns-1 qode-tours-type-gallery qode-tours-list-with-shadow\">\n\t\t\t\n\t\t\n        <div class=\"qode-tours-list-holder-inner qode-tours-row-inner-holder qode-outer-space\">\n\t\t\t<div class=\"qode-tours-list-grid-sizer\"><\/div>\n\t\t\t\t\t<div class=\"qode-tours-gallery-item qode-tours-row-item qode-item-space qode-tour-item-has-rating post-6182 tour-item type-tour-item status-publish has-post-thumbnail hentry tour-category-gruppenwanderreisen tour-attribute-an-und-abreisetransfer tour-attribute-guia-personal tour-attribute-taxi-und-bustransfer tour-attribute-unfall-haftpflicht-versicherung tour-attribute-unterkunft-mit-halbpension-fruhstuck-und-abendessen\">\n\t<div class=\"qode-tour-item-inner\">\n\t\t\t\t\t<div class=\"qode-tours-gallery-item-image-holder\">\n\t\t\t\t\t\t\t\t\t<span class=\"qode-tours-gallery-item-label-holder\">\n\t\t\t\t\t\t\n\t\t<span class=\"qode-tour-item-label\">\n\t\t\t<span class=\"qode-tour-item-label-inner\">\n\t\t\t\t8 Tage - Gef\u00fchrte Wanderreise\t\t\t<\/span>\n\t\t<\/span>\n\n\t\t\t\t\t\t\t<\/span>\n\t\t\t\t\t\t\t\t\n\t\t\t\t<div class=\"qode-tours-gallery-item-image\">\n\t\t\t\t\t<img loading=\"lazy\" decoding=\"async\" width=\"500\" height=\"500\" src=\"https:\/\/www.natour.travel\/wp-content\/uploads\/2021\/11\/El-Hierro-Esencial-800jpg-500x500.jpg\" class=\"attachment-portfolio_masonry_regular size-portfolio_masonry_regular\" alt=\"El HIerro Wanderreise Senderismo en grupo enEl Hierro, El Hierro hiking group\" srcset=\"https:\/\/www.natour.travel\/wp-content\/uploads\/2021\/11\/El-Hierro-Esencial-800jpg-500x500.jpg 500w, https:\/\/www.natour.travel\/wp-content\/uploads\/2021\/11\/El-Hierro-Esencial-800jpg-300x300.jpg 300w, https:\/\/www.natour.travel\/wp-content\/uploads\/2021\/11\/El-Hierro-Esencial-800jpg-150x150.jpg 150w, https:\/\/www.natour.travel\/wp-content\/uploads\/2021\/11\/El-Hierro-Esencial-800jpg-768x768.jpg 768w, https:\/\/www.natour.travel\/wp-content\/uploads\/2021\/11\/El-Hierro-Esencial-800jpg-570x570.jpg 570w, https:\/\/www.natour.travel\/wp-content\/uploads\/2021\/11\/El-Hierro-Esencial-800jpg-700x700.jpg 700w, https:\/\/www.natour.travel\/wp-content\/uploads\/2021\/11\/El-Hierro-Esencial-800jpg.jpg 800w\" sizes=\"auto, (max-width: 500px) 100vw, 500px\" \/>\t\t\t\t\t\n\t\t\t\t\t<div class=\"qode-tours-gallery-item-content-holder\">\n\t\t\t\t\t\t<div class=\"qode-tours-gallery-item-content-inner\">\n\t\t\t\t\t\t\t<div class=\"qode-tours-gallery-title-holder\">\n\t\t\t\t\t\t\t\t<h4 class=\"qode-tour-title\">\n\t\t\t\t\t\t\t\t\tEl Hierro Wanderreise\t\t\t\t\t\t\t\t<\/h4>\n\t\t\t\t\t\t\t\t<span class=\"qode-tours-gallery-item-price-holder\">\n\t\t                        <!-- FERNANDO: Antepone el 'desde' al precio -->\n\t\t                        ab\t\t\t\t\t\t\t\t\n\t\t<span class=\"qode-tours-price-holder\">\n\t\t\t\t\t\t\t<span class=\"qode-tours-item-price \">985 \u20ac<\/span>\n\t\t\t\t\t\t\t\t<\/span>\n\n\t\t\t\t\t\t\t\t\t<\/span>\n\t\t\t\t\t\t\t<\/div>\n\t\t\t\t\t\t\t\t\t\t\t\t\t\t\t<div class=\"qode-tours-gallery-item-excerpt\">\n\t\t\t\t\t\t\t\t\t<div class=\"qode-tours-gallery-item-excerpt-inner\">\n\t\t\t\t\t\t\t\t\t\tN\u00e4chste Gruppe: vom 10. bis 17. Dezember \u2a33 Wanderprogramm, um die Isla del Meridiano zu Fu\u00df zu entdecken und die Insel aus verschiedenen Blickwinkeln und durch eine Vielzahl von Landschaften&hellip;\t\t\t\t\t\t\t\t\t<\/div>\n\t\t\t\t\t\t\t\t<\/div>\n\t\t\t\t\t\t\t\t\t\t\t\t\t<\/div>\n\t\t\t\t\t<\/div>\n\t\t\t\t<\/div>\n\t\t\t\t<a class=\"qode-tours-gallery-item-link\" href=\"https:\/\/www.natour.travel\/de\/tour-item\/el-hierro-wanderreise\/\"><\/a>\n\t\t\t<\/div>\n\t\t\t<\/div>\n<\/div>\t\t<\/div>\n\n\t\t\n\n\t\t<\/div>[\/qode_elements_holder_item][\/qode_elements_holder][vc_column_text css=&#8221;.vc_custom_1726151441501{margin-top: -3% !important;}&#8221;]<\/p>\n<h6 id=\"exampleModalLabel\" class=\"modal-title\"><em><img loading=\"lazy\" decoding=\"async\" class=\"alignright wp-image-20634\" src=\"https:\/\/www.natour.travel\/wp-content\/uploads\/2024\/08\/dolar-de-saco.png\" alt=\"\" width=\"48\" height=\"48\" \/><span style=\"color: #999999;\">Auf El Hierro beteiligen wir uns an Projekten, die unsere Umwelt auf wirtschaftlicher und sozialer Ebene verbessern, indem wir lokale Ressourcen nutzen, die zur Verbesserung der kanarischen Gesellschaft beitragen.<\/span><\/em><\/h6>\n<p>[\/vc_column_text][\/vc_column][\/vc_row][vc_row css_animation=&#8221;&#8221; row_type=&#8221;row&#8221; use_row_as_full_screen_section=&#8221;no&#8221; type=&#8221;full_width&#8221; angled_section=&#8221;no&#8221; text_align=&#8221;left&#8221; background_image_as_pattern=&#8221;without_pattern&#8221;][vc_column][vc_empty_space height=&#8221;60&#8243;][\/vc_column][\/vc_row][vc_row css_animation=&#8221;&#8221; row_type=&#8221;row&#8221; use_row_as_full_screen_section=&#8221;no&#8221; type=&#8221;full_width&#8221; angled_section=&#8221;no&#8221; text_align=&#8221;left&#8221; background_image_as_pattern=&#8221;without_pattern&#8221; css=&#8221;.vc_custom_1681723310239{padding-top: 2% !important;padding-right: 10% !important;padding-bottom: 2% !important;padding-left: 10% !important;background-color: #f2f2f2 !important;}&#8221; z_index=&#8221;&#8221;][vc_column css_animation=&#8221;fadeInLeft&#8221; width=&#8221;1\/3&#8243;][vc_empty_space height=&#8221;100px&#8221;][vc_single_image image=&#8221;15994&#8243; img_size=&#8221;medium&#8221; alignment=&#8221;center&#8221; onclick=&#8221;custom_link&#8221; qode_css_animation=&#8221;&#8221; link=&#8221;https:\/\/www.natour.travel\/de\/tour-item\/la-palma-gipfel-vulkane-caldera\/&#8221;][vc_column_text]<\/p>\n<p style=\"text-align: center;\"><span style=\"color: #ff0000;\"><strong>in Vorbereitung<\/strong><\/span><\/p>\n<p>[\/vc_column_text][\/vc_column][vc_column width=&#8221;1\/3&#8243;][vc_column_text]<img loading=\"lazy\" decoding=\"async\" class=\"aligncenter wp-image-17374\" src=\"https:\/\/www.natour.travel\/wp-content\/uploads\/2023\/12\/WANDERER-Bild-300x76.webp\" alt=\"senderismo en grupo\" width=\"165\" height=\"42\" srcset=\"https:\/\/www.natour.travel\/wp-content\/uploads\/2023\/12\/WANDERER-Bild-300x76.webp 300w, https:\/\/www.natour.travel\/wp-content\/uploads\/2023\/12\/WANDERER-Bild.webp 377w\" sizes=\"auto, (max-width: 165px) 100vw, 165px\" \/>[\/vc_column_text][vc_empty_space height=&#8221;10px&#8221;][vc_column_text]<\/p>\n<h1 id=\"LANZAROTEguan\" style=\"text-align: center;\">La Palma<\/h1>\n<p>&nbsp;<\/p>\n<p>Die Isla Bonita macht ihrem Namen alle Ehre und bietet dem Wanderer eine enorme Vielfalt an Landschaften, herrliche Aussichten und Natur pur. La Palma ist eine junge Insel mit Vulkanen wie den j\u00fcngsten, den Tajogaite und ausgedehnten vulkanischen Gebieten im S\u00fcden. In der Mitte der Insel befindet sich der riesige Krater der Caldera de Taburiente, das Herz der Insel, der durch Erosion entstanden ist. Die Gipfel von La Palma im Norden erreichen am Roque de Los Muchachos eine H\u00f6he von 2.426 Metern. Die kleinen D\u00f6rfer im Norden und ihre spektakul\u00e4ren Schluchten und der gr\u00fcne Osten bieten eine ungew\u00f6hnliche Landschaft von au\u00dferordentlicher Sch\u00f6nheit. Wandern ist zweifellos die beste Art, das Wesen einer Insel kennenzulernen.<\/p>\n<p><b id=\"GOMERAgrup\"><b id=\"LAPALMAgrup\">\u25b8 <\/b>Beinhaltet<\/b><\/p>\n<p><img loading=\"lazy\" decoding=\"async\" class=\"alignnone wp-image-17223\" src=\"https:\/\/www.natour.travel\/wp-content\/uploads\/2023\/12\/hotel-300x300.png\" alt=\"\" width=\"35\" height=\"35\" srcset=\"https:\/\/www.natour.travel\/wp-content\/uploads\/2023\/12\/hotel-300x300.png 300w, https:\/\/www.natour.travel\/wp-content\/uploads\/2023\/12\/hotel-150x150.png 150w, https:\/\/www.natour.travel\/wp-content\/uploads\/2023\/12\/hotel-500x512.png 500w, https:\/\/www.natour.travel\/wp-content\/uploads\/2023\/12\/hotel.png 512w\" sizes=\"auto, (max-width: 35px) 100vw, 35px\" \/>\u00a0 \u00a0|\u00a0 <img loading=\"lazy\" decoding=\"async\" class=\"alignnone wp-image-17220\" src=\"https:\/\/www.natour.travel\/wp-content\/uploads\/2023\/12\/cena-romantica-300x300.png\" alt=\"\" width=\"35\" height=\"35\" srcset=\"https:\/\/www.natour.travel\/wp-content\/uploads\/2023\/12\/cena-romantica-300x300.png 300w, https:\/\/www.natour.travel\/wp-content\/uploads\/2023\/12\/cena-romantica-150x150.png 150w, https:\/\/www.natour.travel\/wp-content\/uploads\/2023\/12\/cena-romantica-500x512.png 500w, https:\/\/www.natour.travel\/wp-content\/uploads\/2023\/12\/cena-romantica.png 512w\" sizes=\"auto, (max-width: 35px) 100vw, 35px\" \/>\u00a0 |\u00a0 \u00a0<img loading=\"lazy\" decoding=\"async\" class=\"alignnone wp-image-12016\" src=\"https:\/\/www.natour.travel\/wp-content\/uploads\/2022\/09\/BUS-1.png\" alt=\"ICONO BUS\" width=\"50\" height=\"32\" \/>\u00a0 \u00a0|\u00a0 \u00a0<img loading=\"lazy\" decoding=\"async\" class=\"alignnone wp-image-17393\" src=\"https:\/\/www.natour.travel\/wp-content\/uploads\/2023\/12\/guia-300x300.png\" alt=\"\" width=\"35\" height=\"35\" srcset=\"https:\/\/www.natour.travel\/wp-content\/uploads\/2023\/12\/guia-300x300.png 300w, https:\/\/www.natour.travel\/wp-content\/uploads\/2023\/12\/guia-150x150.png 150w, https:\/\/www.natour.travel\/wp-content\/uploads\/2023\/12\/guia-500x512.png 500w, https:\/\/www.natour.travel\/wp-content\/uploads\/2023\/12\/guia.png 512w\" sizes=\"auto, (max-width: 35px) 100vw, 35px\" \/>[\/vc_column_text][vc_empty_space height=&#8221;24px&#8221;]<a  itemprop=\"url\" href=\"https:\/\/www.natour.travel\/de\/tour-item\/la-palma-gipfel-vulkane-caldera\/\" target=\"_blank\"  class=\"qbutton  default\" style=\"\">Machen wir uns auf den Weg!<i class=\"qode_icon_font_awesome_5 fa5 fa fa-arrow-right qode_button_icon_element\" style=\"\" ><\/i><\/a>[vc_empty_space height=&#8221;40px&#8221;][\/vc_column][vc_column width=&#8221;1\/3&#8243;][vc_empty_space height=&#8221;120px&#8221;][qode_elements_holder number_of_columns=&#8221;three_columns&#8221;][qode_elements_holder_item advanced_animations=&#8221;no&#8221;]<div class=\"qode-tours-list-holder qode-tours-row qode-normal-space  qode-tours-columns-1 qode-tours-type-gallery qode-tours-list-with-shadow\">\n\t\t\t\n\t\t\n        <div class=\"qode-tours-list-holder-inner qode-tours-row-inner-holder qode-outer-space\">\n\t\t\t<div class=\"qode-tours-list-grid-sizer\"><\/div>\n\t\t\t\t\t<div class=\"qode-tours-gallery-item qode-tours-row-item qode-item-space qode-tour-item-has-rating post-4331 tour-item type-tour-item status-publish has-post-thumbnail hentry tour-category-gruppenwanderreisen tour-attribute-an-und-abreisetransfer tour-attribute-guia-personal tour-attribute-taxi-und-bustransfer tour-attribute-unfall-haftpflicht-versicherung tour-attribute-unterkunft-mit-fruhstuck\">\n\t<div class=\"qode-tour-item-inner\">\n\t\t\t\t\t<div class=\"qode-tours-gallery-item-image-holder\">\n\t\t\t\t\t\t\t\t\t<span class=\"qode-tours-gallery-item-label-holder\">\n\t\t\t\t\t\t\n\t\t<span class=\"qode-tour-item-label\">\n\t\t\t<span class=\"qode-tour-item-label-inner\">\n\t\t\t\t8 Tage - Gef\u00fchrte Wanderreise\t\t\t<\/span>\n\t\t<\/span>\n\n\t\t\t\t\t\t\t<\/span>\n\t\t\t\t\t\t\t\t\n\t\t\t\t<div class=\"qode-tours-gallery-item-image\">\n\t\t\t\t\t<img loading=\"lazy\" decoding=\"async\" width=\"500\" height=\"500\" src=\"https:\/\/www.natour.travel\/wp-content\/uploads\/2021\/11\/La-Palma-Reise-500x500.jpg\" class=\"attachment-portfolio_masonry_regular size-portfolio_masonry_regular\" alt=\"Vista desde el Roque de Los Muchachos hacia La Caldera\" srcset=\"https:\/\/www.natour.travel\/wp-content\/uploads\/2021\/11\/La-Palma-Reise-500x500.jpg 500w, https:\/\/www.natour.travel\/wp-content\/uploads\/2021\/11\/La-Palma-Reise-300x300.jpg 300w, https:\/\/www.natour.travel\/wp-content\/uploads\/2021\/11\/La-Palma-Reise-150x150.jpg 150w, https:\/\/www.natour.travel\/wp-content\/uploads\/2021\/11\/La-Palma-Reise-768x768.jpg 768w, https:\/\/www.natour.travel\/wp-content\/uploads\/2021\/11\/La-Palma-Reise-570x570.jpg 570w, https:\/\/www.natour.travel\/wp-content\/uploads\/2021\/11\/La-Palma-Reise-700x700.jpg 700w, https:\/\/www.natour.travel\/wp-content\/uploads\/2021\/11\/La-Palma-Reise.jpg 800w\" sizes=\"auto, (max-width: 500px) 100vw, 500px\" \/>\t\t\t\t\t\n\t\t\t\t\t<div class=\"qode-tours-gallery-item-content-holder\">\n\t\t\t\t\t\t<div class=\"qode-tours-gallery-item-content-inner\">\n\t\t\t\t\t\t\t<div class=\"qode-tours-gallery-title-holder\">\n\t\t\t\t\t\t\t\t<h4 class=\"qode-tour-title\">\n\t\t\t\t\t\t\t\t\tLa Palma Wanderreise\t\t\t\t\t\t\t\t<\/h4>\n\t\t\t\t\t\t\t\t<span class=\"qode-tours-gallery-item-price-holder\">\n\t\t                        <!-- FERNANDO: Antepone el 'desde' al precio -->\n\t\t                        ab\t\t\t\t\t\t\t\t\n\t\t<span class=\"qode-tours-price-holder\">\n\t\t\t\t\t\t\t<span class=\"qode-tours-item-price \">985 \u20ac<\/span>\n\t\t\t\t\t\t\t\t<\/span>\n\n\t\t\t\t\t\t\t\t\t<\/span>\n\t\t\t\t\t\t\t<\/div>\n\t\t\t\t\t\t\t\t\t\t\t\t\t\t\t<div class=\"qode-tours-gallery-item-excerpt\">\n\t\t\t\t\t\t\t\t\t<div class=\"qode-tours-gallery-item-excerpt-inner\">\n\t\t\t\t\t\t\t\t\t\tN\u00e4chste Gruppe: vom 25. Februar bis 3. M\u00e4rz 2024 \u2a33 Lernen Sie die Vielfalt der Landschaft bei unserer La Palma Wanderwoche kennen.\t\t\t\t\t\t\t\t\t<\/div>\n\t\t\t\t\t\t\t\t<\/div>\n\t\t\t\t\t\t\t\t\t\t\t\t\t<\/div>\n\t\t\t\t\t<\/div>\n\t\t\t\t<\/div>\n\t\t\t\t<a class=\"qode-tours-gallery-item-link\" href=\"https:\/\/www.natour.travel\/de\/tour-item\/la-palma-gipfel-vulkane-caldera\/\"><\/a>\n\t\t\t<\/div>\n\t\t\t<\/div>\n<\/div>\t\t<\/div>\n\n\t\t\n\n\t\t<\/div>[\/qode_elements_holder_item][\/qode_elements_holder][vc_column_text css=&#8221;.vc_custom_1726151463746{margin-top: -3% !important;}&#8221;]<\/p>\n<h6 id=\"exampleModalLabel\" class=\"modal-title\"><em><img loading=\"lazy\" decoding=\"async\" class=\"alignright wp-image-20634\" src=\"https:\/\/www.natour.travel\/wp-content\/uploads\/2024\/08\/dolar-de-saco.png\" alt=\"\" width=\"48\" height=\"48\" \/><span style=\"color: #999999;\">Auf La Palma beteiligen wir uns an Projekten, die unsere Umwelt auf wirtschaftlicher und sozialer Ebene verbessern, indem wir lokale Ressourcen nutzen, die zur Verbesserung der kanarischen Gesellschaft beitragen.<\/span><\/em><\/h6>\n<p>[\/vc_column_text][\/vc_column][\/vc_row][vc_row css_animation=&#8221;&#8221; row_type=&#8221;row&#8221; use_row_as_full_screen_section=&#8221;no&#8221; type=&#8221;full_width&#8221; angled_section=&#8221;no&#8221; text_align=&#8221;left&#8221; background_image_as_pattern=&#8221;without_pattern&#8221;][vc_column][vc_empty_space height=&#8221;60&#8243;][\/vc_column][\/vc_row][vc_row css_animation=&#8221;&#8221; row_type=&#8221;row&#8221; use_row_as_full_screen_section=&#8221;no&#8221; type=&#8221;full_width&#8221; angled_section=&#8221;no&#8221; text_align=&#8221;left&#8221; background_image_as_pattern=&#8221;without_pattern&#8221; css=&#8221;.vc_custom_1713884261531{padding-right: 10% !important;padding-left: 10% !important;background-image: url(https:\/\/www.natour.travel\/wp-content\/uploads\/2021\/11\/NATOUR-ola01.png?id=4714) !important;}&#8221; z_index=&#8221;&#8221;][vc_column css_animation=&#8221;fadeInLeft&#8221; width=&#8221;1\/3&#8243;][vc_empty_space height=&#8221;100px&#8221;][vc_single_image image=&#8221;15991&#8243; img_size=&#8221;medium&#8221; alignment=&#8221;center&#8221; onclick=&#8221;custom_link&#8221; qode_css_animation=&#8221;&#8221; link=&#8221;https:\/\/www.natour.travel\/de\/tour-item\/la-gomera-wanderreise\/&#8221;][vc_column_text]<\/p>\n<p style=\"text-align: center;\"><span style=\"color: #83b319;\"><i class=\"fa-solid fa-circle-right\"><\/i> <strong>n\u00e4chste Gruppe:<\/strong><\/span><\/p>\n<p>[\/vc_column_text][vc_column_text]<\/p>\n<p style=\"text-align: center;\">von 12 bis 19 <strong>April 2025<\/strong><\/p>\n<p>[\/vc_column_text][vc_empty_space][qode_elements_holder number_of_columns=&#8221;three_columns&#8221;][qode_elements_holder_item advanced_animations=&#8221;no&#8221; item_padding=&#8221;25px 50px 25px 50px&#8221;]<div class=\"q_counter_holder  center boxed_counter\" style=\"\" data-digit=\"14\"><span class=\"counter  zero\" style=\"font-weight: 600;\">14<\/span><span class=\"separator small\" style=\"\"><\/span><p class=\"counter_text\" style=\"font-weight: 600;\">verf\u00fcgbare Pl\u00e4tze<\/p><\/div>[\/qode_elements_holder_item][\/qode_elements_holder][\/vc_column][vc_column width=&#8221;1\/3&#8243;][vc_column_text]<img loading=\"lazy\" decoding=\"async\" class=\"aligncenter wp-image-17374\" src=\"https:\/\/www.natour.travel\/wp-content\/uploads\/2023\/12\/WANDERER-Bild-300x76.webp\" alt=\"senderismo en grupo\" width=\"165\" height=\"42\" srcset=\"https:\/\/www.natour.travel\/wp-content\/uploads\/2023\/12\/WANDERER-Bild-300x76.webp 300w, https:\/\/www.natour.travel\/wp-content\/uploads\/2023\/12\/WANDERER-Bild.webp 377w\" sizes=\"auto, (max-width: 165px) 100vw, 165px\" \/>[\/vc_column_text][vc_empty_space height=&#8221;10px&#8221;][vc_column_text]<\/p>\n<h1 id=\"LANZAROTEguan\" style=\"text-align: center;\">La Gomera<\/h1>\n<p>&nbsp;<\/p>\n<p>La Gomera ist die kleine Perle der Kanarischen Inseln und kann in all ihren Dimensionen zu Fu\u00df erkundet werden. Im zentralen Teil der Insel erstrecken sich \u00fcppige Lorbeerw\u00e4lder, die von einem Wolkenmantel umh\u00fcllt sind, der sie mit st\u00e4ndiger Feuchtigkeit versorgt. Eine \u00fcppig gr\u00fcne Insel mit dschungelartigem Aussehen und monolithischen Basaltfelsen, die sich in der Landschaft erheben. Die N\u00e4he zu Teneriffa erm\u00f6glicht eine schnelle F\u00e4hrverbindung, auf der man mit etwas Gl\u00fcck Delfine und Wale beobachten kann. Die zerkl\u00fcftete Landschaft von La Gomera mit den tiefen Schluchten l\u00e4sst das Wanderherz h\u00f6her schlagen. Auf vielen Pfaden und alten Verbindungswegen werden wir La Gomera Schritt f\u00fcr Schritt auf einer beeindruckenden Wanderreise entdecken.<\/p>\n<p><b id=\"GRANCANgrup\"><b id=\"LAPALMAgrup\">\u25b8 <\/b>Beinhaltet<\/b><\/p>\n<p><img loading=\"lazy\" decoding=\"async\" class=\"alignnone wp-image-17223\" src=\"https:\/\/www.natour.travel\/wp-content\/uploads\/2023\/12\/hotel-300x300.png\" alt=\"\" width=\"35\" height=\"35\" srcset=\"https:\/\/www.natour.travel\/wp-content\/uploads\/2023\/12\/hotel-300x300.png 300w, https:\/\/www.natour.travel\/wp-content\/uploads\/2023\/12\/hotel-150x150.png 150w, https:\/\/www.natour.travel\/wp-content\/uploads\/2023\/12\/hotel-500x512.png 500w, https:\/\/www.natour.travel\/wp-content\/uploads\/2023\/12\/hotel.png 512w\" sizes=\"auto, (max-width: 35px) 100vw, 35px\" \/>\u00a0 \u00a0|\u00a0 <img loading=\"lazy\" decoding=\"async\" class=\"alignnone wp-image-17220\" src=\"https:\/\/www.natour.travel\/wp-content\/uploads\/2023\/12\/cena-romantica-300x300.png\" alt=\"\" width=\"35\" height=\"35\" srcset=\"https:\/\/www.natour.travel\/wp-content\/uploads\/2023\/12\/cena-romantica-300x300.png 300w, https:\/\/www.natour.travel\/wp-content\/uploads\/2023\/12\/cena-romantica-150x150.png 150w, https:\/\/www.natour.travel\/wp-content\/uploads\/2023\/12\/cena-romantica-500x512.png 500w, https:\/\/www.natour.travel\/wp-content\/uploads\/2023\/12\/cena-romantica.png 512w\" sizes=\"auto, (max-width: 35px) 100vw, 35px\" \/>\u00a0 |\u00a0 \u00a0<img loading=\"lazy\" decoding=\"async\" class=\"alignnone wp-image-12016\" src=\"https:\/\/www.natour.travel\/wp-content\/uploads\/2022\/09\/BUS-1.png\" alt=\"ICONO BUS\" width=\"50\" height=\"32\" \/>\u00a0 \u00a0|\u00a0 \u00a0<img loading=\"lazy\" decoding=\"async\" class=\"alignnone wp-image-17393\" src=\"https:\/\/www.natour.travel\/wp-content\/uploads\/2023\/12\/guia-300x300.png\" alt=\"\" width=\"35\" height=\"35\" srcset=\"https:\/\/www.natour.travel\/wp-content\/uploads\/2023\/12\/guia-300x300.png 300w, https:\/\/www.natour.travel\/wp-content\/uploads\/2023\/12\/guia-150x150.png 150w, https:\/\/www.natour.travel\/wp-content\/uploads\/2023\/12\/guia-500x512.png 500w, https:\/\/www.natour.travel\/wp-content\/uploads\/2023\/12\/guia.png 512w\" sizes=\"auto, (max-width: 35px) 100vw, 35px\" \/>[\/vc_column_text][vc_empty_space height=&#8221;24px&#8221;]<a  itemprop=\"url\" href=\"https:\/\/www.natour.travel\/de\/tour-item\/la-gomera-wanderreise\/\" target=\"_blank\"  class=\"qbutton  default\" style=\"\">Machen wir uns auf den Weg!<i class=\"qode_icon_font_awesome_5 fa5 fa fa-arrow-right qode_button_icon_element\" style=\"\" ><\/i><\/a>[vc_empty_space height=&#8221;40px&#8221;][\/vc_column][vc_column width=&#8221;1\/3&#8243;][vc_empty_space height=&#8221;120px&#8221;][qode_elements_holder number_of_columns=&#8221;three_columns&#8221;][qode_elements_holder_item advanced_animations=&#8221;no&#8221;]<div class=\"qode-tours-list-holder qode-tours-row qode-normal-space  qode-tours-columns-1 qode-tours-type-gallery qode-tours-list-with-shadow\">\n\t\t\t\n\t\t\n        <div class=\"qode-tours-list-holder-inner qode-tours-row-inner-holder qode-outer-space\">\n\t\t\t<div class=\"qode-tours-list-grid-sizer\"><\/div>\n\t\t\t\t\t<div class=\"qode-tours-gallery-item qode-tours-row-item qode-item-space qode-tour-item-has-rating post-10615 tour-item type-tour-item status-publish has-post-thumbnail hentry tour-category-gruppenwanderreisen tour-attribute-an-und-abreisetransfer tour-attribute-guia-personal tour-attribute-taxi-und-bustransfer tour-attribute-unfall-haftpflicht-versicherung tour-attribute-unterkunft-mit-halbpension-fruhstuck-und-abendessen\">\n\t<div class=\"qode-tour-item-inner\">\n\t\t\t\t\t<div class=\"qode-tours-gallery-item-image-holder\">\n\t\t\t\t\t\t\t\t\t<span class=\"qode-tours-gallery-item-label-holder\">\n\t\t\t\t\t\t\n\t\t<span class=\"qode-tour-item-label\">\n\t\t\t<span class=\"qode-tour-item-label-inner\">\n\t\t\t\t8 Tage - Gef\u00fchrte Wanderreise\t\t\t<\/span>\n\t\t<\/span>\n\n\t\t\t\t\t\t\t<\/span>\n\t\t\t\t\t\t\t\t\n\t\t\t\t<div class=\"qode-tours-gallery-item-image\">\n\t\t\t\t\t<img loading=\"lazy\" decoding=\"async\" width=\"500\" height=\"500\" src=\"https:\/\/www.natour.travel\/wp-content\/uploads\/2022\/08\/La-Gomera-Wanderreise-1-500x500.jpg\" class=\"attachment-portfolio_masonry_regular size-portfolio_masonry_regular\" alt=\"senderismo en La Gomera en un peque\u00f1o grupo con gu\u00eda\" srcset=\"https:\/\/www.natour.travel\/wp-content\/uploads\/2022\/08\/La-Gomera-Wanderreise-1-500x500.jpg 500w, https:\/\/www.natour.travel\/wp-content\/uploads\/2022\/08\/La-Gomera-Wanderreise-1-300x300.jpg 300w, https:\/\/www.natour.travel\/wp-content\/uploads\/2022\/08\/La-Gomera-Wanderreise-1-150x150.jpg 150w, https:\/\/www.natour.travel\/wp-content\/uploads\/2022\/08\/La-Gomera-Wanderreise-1-768x768.jpg 768w, https:\/\/www.natour.travel\/wp-content\/uploads\/2022\/08\/La-Gomera-Wanderreise-1-570x570.jpg 570w, https:\/\/www.natour.travel\/wp-content\/uploads\/2022\/08\/La-Gomera-Wanderreise-1-700x700.jpg 700w, https:\/\/www.natour.travel\/wp-content\/uploads\/2022\/08\/La-Gomera-Wanderreise-1.jpg 800w\" sizes=\"auto, (max-width: 500px) 100vw, 500px\" \/>\t\t\t\t\t\n\t\t\t\t\t<div class=\"qode-tours-gallery-item-content-holder\">\n\t\t\t\t\t\t<div class=\"qode-tours-gallery-item-content-inner\">\n\t\t\t\t\t\t\t<div class=\"qode-tours-gallery-title-holder\">\n\t\t\t\t\t\t\t\t<h4 class=\"qode-tour-title\">\n\t\t\t\t\t\t\t\t\tLa Gomera Wanderreise\t\t\t\t\t\t\t\t<\/h4>\n\t\t\t\t\t\t\t\t<span class=\"qode-tours-gallery-item-price-holder\">\n\t\t                        <!-- FERNANDO: Antepone el 'desde' al precio -->\n\t\t                        ab\t\t\t\t\t\t\t\t\n\t\t<span class=\"qode-tours-price-holder\">\n\t\t\t\t\t\t\t<span class=\"qode-tours-item-price \">845 \u20ac<\/span>\n\t\t\t\t\t\t\t\t<\/span>\n\n\t\t\t\t\t\t\t\t\t<\/span>\n\t\t\t\t\t\t\t<\/div>\n\t\t\t\t\t\t\t\t\t\t\t\t\t\t\t<div class=\"qode-tours-gallery-item-excerpt\">\n\t\t\t\t\t\t\t\t\t<div class=\"qode-tours-gallery-item-excerpt-inner\">\n\t\t\t\t\t\t\t\t\t\tN\u00e4chste Gruppe: vom 12. bis 19. April 2025 \u2a33 Ein Wanderprogramm, um die Insel La Gomera auf 5 spektakul\u00e4ren Wanderungen zu entdecken.\t\t\t\t\t\t\t\t\t<\/div>\n\t\t\t\t\t\t\t\t<\/div>\n\t\t\t\t\t\t\t\t\t\t\t\t\t<\/div>\n\t\t\t\t\t<\/div>\n\t\t\t\t<\/div>\n\t\t\t\t<a class=\"qode-tours-gallery-item-link\" href=\"https:\/\/www.natour.travel\/de\/tour-item\/la-gomera-wanderreise\/\"><\/a>\n\t\t\t<\/div>\n\t\t\t<\/div>\n<\/div>\t\t<\/div>\n\n\t\t\n\n\t\t<\/div>[\/qode_elements_holder_item][\/qode_elements_holder][vc_column_text css=&#8221;.vc_custom_1726151486237{margin-top: -3% !important;}&#8221;]<\/p>\n<h6 id=\"exampleModalLabel\" class=\"modal-title\"><em><img loading=\"lazy\" decoding=\"async\" class=\"alignright wp-image-20634\" src=\"https:\/\/www.natour.travel\/wp-content\/uploads\/2024\/08\/dolar-de-saco.png\" alt=\"\" width=\"48\" height=\"48\" \/><span style=\"color: #999999;\">Auf La Gomera beteiligen wir uns an Projekten, die unsere Umwelt auf wirtschaftlicher und sozialer Ebene verbessern, indem wir lokale Ressourcen nutzen, die zur Verbesserung der kanarischen Gesellschaft beitragen.<\/span><\/em><\/h6>\n<p>[\/vc_column_text][\/vc_column][\/vc_row][vc_row css_animation=&#8221;&#8221; row_type=&#8221;row&#8221; use_row_as_full_screen_section=&#8221;no&#8221; type=&#8221;full_width&#8221; angled_section=&#8221;no&#8221; text_align=&#8221;left&#8221; background_image_as_pattern=&#8221;without_pattern&#8221;][vc_column][vc_empty_space height=&#8221;60&#8243;][\/vc_column][\/vc_row][vc_row css_animation=&#8221;&#8221; row_type=&#8221;row&#8221; use_row_as_full_screen_section=&#8221;no&#8221; type=&#8221;full_width&#8221; angled_section=&#8221;no&#8221; text_align=&#8221;left&#8221; background_image_as_pattern=&#8221;without_pattern&#8221; css=&#8221;.vc_custom_1713884515791{padding-top: 2% !important;padding-right: 10% !important;padding-bottom: 2% !important;padding-left: 10% !important;background-color: #f2f2f2 !important;}&#8221; z_index=&#8221;&#8221;][vc_column css_animation=&#8221;fadeInLeft&#8221; width=&#8221;1\/3&#8243;][vc_empty_space height=&#8221;100px&#8221;][vc_single_image image=&#8221;15988&#8243; img_size=&#8221;medium&#8221; alignment=&#8221;center&#8221; onclick=&#8221;custom_link&#8221; qode_css_animation=&#8221;&#8221; link=&#8221;https:\/\/www.natour.travel\/de\/tour-item\/gran-canaria-wanderreise\/&#8221;][vc_column_text]<\/p>\n<p style=\"text-align: center;\"><span style=\"color: #ff0000;\"><strong>in Vorbereitung<\/strong><\/span><\/p>\n<p>[\/vc_column_text][\/vc_column][vc_column width=&#8221;1\/3&#8243;][vc_column_text]<img loading=\"lazy\" decoding=\"async\" class=\"aligncenter wp-image-17374\" src=\"https:\/\/www.natour.travel\/wp-content\/uploads\/2023\/12\/WANDERER-Bild-300x76.webp\" alt=\"senderismo en grupo\" width=\"165\" height=\"42\" srcset=\"https:\/\/www.natour.travel\/wp-content\/uploads\/2023\/12\/WANDERER-Bild-300x76.webp 300w, https:\/\/www.natour.travel\/wp-content\/uploads\/2023\/12\/WANDERER-Bild.webp 377w\" sizes=\"auto, (max-width: 165px) 100vw, 165px\" \/>[\/vc_column_text][vc_empty_space height=&#8221;10px&#8221;][vc_column_text]<\/p>\n<h1 id=\"LANZAROTEguan\" style=\"text-align: center;\">Gran Canaria<\/h1>\n<p>&nbsp;<\/p>\n<p>Gran Canaria ist das Verwaltungszentrum der \u00f6stlichen Provinz und verf\u00fcgt \u00fcber die gleichen Institutionen der Regionalregierung wie Teneriffa f\u00fcr die gesamten Kanarischen Inseln. Im S\u00fcden ist der Tourismus intensiv. Das Landesinnere hingegen \u00fcberrascht durch seinen l\u00e4ndlichen Charakter, der von der Entwicklung der letzten 40 Jahre unber\u00fchrt geblieben ist. Gran Canaria hat ein bergiges Relief und ist von tiefen Schluchten durchzogen. Ausgedehnte Waldgebiete bev\u00f6lkern die gesamte Nordh\u00e4lfte der Insel, wo zahllose uralte Pfade St\u00e4dte und D\u00f6rfer miteinander verbinden. Eine ideale Umgebung, um in einer Gruppe zu wandern und den l\u00e4ndlichen Charakter einer spannenden Insel in sich aufzunehmen.<\/p>\n<p><b id=\"TENERIFEgrup\"><b id=\"LAPALMAgrup\">\u25b8 <\/b>Beinhaltet<\/b><\/p>\n<p><img loading=\"lazy\" decoding=\"async\" class=\"alignnone wp-image-17223\" src=\"https:\/\/www.natour.travel\/wp-content\/uploads\/2023\/12\/hotel-300x300.png\" alt=\"\" width=\"35\" height=\"35\" srcset=\"https:\/\/www.natour.travel\/wp-content\/uploads\/2023\/12\/hotel-300x300.png 300w, https:\/\/www.natour.travel\/wp-content\/uploads\/2023\/12\/hotel-150x150.png 150w, https:\/\/www.natour.travel\/wp-content\/uploads\/2023\/12\/hotel-500x512.png 500w, https:\/\/www.natour.travel\/wp-content\/uploads\/2023\/12\/hotel.png 512w\" sizes=\"auto, (max-width: 35px) 100vw, 35px\" \/>\u00a0 \u00a0|\u00a0 <img loading=\"lazy\" decoding=\"async\" class=\"alignnone wp-image-17220\" src=\"https:\/\/www.natour.travel\/wp-content\/uploads\/2023\/12\/cena-romantica-300x300.png\" alt=\"\" width=\"35\" height=\"35\" srcset=\"https:\/\/www.natour.travel\/wp-content\/uploads\/2023\/12\/cena-romantica-300x300.png 300w, https:\/\/www.natour.travel\/wp-content\/uploads\/2023\/12\/cena-romantica-150x150.png 150w, https:\/\/www.natour.travel\/wp-content\/uploads\/2023\/12\/cena-romantica-500x512.png 500w, https:\/\/www.natour.travel\/wp-content\/uploads\/2023\/12\/cena-romantica.png 512w\" sizes=\"auto, (max-width: 35px) 100vw, 35px\" \/>\u00a0 |\u00a0 \u00a0<img loading=\"lazy\" decoding=\"async\" class=\"alignnone wp-image-12016\" src=\"https:\/\/www.natour.travel\/wp-content\/uploads\/2022\/09\/BUS-1.png\" alt=\"ICONO BUS\" width=\"50\" height=\"32\" \/>\u00a0 \u00a0|\u00a0 \u00a0<img loading=\"lazy\" decoding=\"async\" class=\"alignnone wp-image-17393\" src=\"https:\/\/www.natour.travel\/wp-content\/uploads\/2023\/12\/guia-300x300.png\" alt=\"\" width=\"35\" height=\"35\" srcset=\"https:\/\/www.natour.travel\/wp-content\/uploads\/2023\/12\/guia-300x300.png 300w, https:\/\/www.natour.travel\/wp-content\/uploads\/2023\/12\/guia-150x150.png 150w, https:\/\/www.natour.travel\/wp-content\/uploads\/2023\/12\/guia-500x512.png 500w, https:\/\/www.natour.travel\/wp-content\/uploads\/2023\/12\/guia.png 512w\" sizes=\"auto, (max-width: 35px) 100vw, 35px\" \/>[\/vc_column_text][vc_empty_space height=&#8221;24px&#8221;]<a  itemprop=\"url\" href=\"https:\/\/www.natour.travel\/de\/tour-item\/gran-canaria-wanderreise\/\" target=\"_blank\"  class=\"qbutton  default\" style=\"\">Machen wir uns auf den Weg!<i class=\"qode_icon_font_awesome_5 fa5 fa fa-arrow-right qode_button_icon_element\" style=\"\" ><\/i><\/a>[vc_empty_space height=&#8221;40px&#8221;][\/vc_column][vc_column width=&#8221;1\/3&#8243;][vc_empty_space height=&#8221;120px&#8221;][qode_elements_holder number_of_columns=&#8221;three_columns&#8221;][qode_elements_holder_item advanced_animations=&#8221;no&#8221;]<div class=\"qode-tours-list-holder qode-tours-row qode-normal-space  qode-tours-columns-1 qode-tours-type-gallery qode-tours-list-with-shadow\">\n\t\t\t\n\t\t\n        <div class=\"qode-tours-list-holder-inner qode-tours-row-inner-holder qode-outer-space\">\n\t\t\t<div class=\"qode-tours-list-grid-sizer\"><\/div>\n\t\t\t\t\t<div class=\"qode-tours-gallery-item qode-tours-row-item qode-item-space qode-tour-item-has-rating post-10618 tour-item type-tour-item status-publish has-post-thumbnail hentry tour-category-gruppenwanderreisen tour-attribute-an-und-abreisetransfer tour-attribute-guia-personal tour-attribute-taxi-und-bustransfer tour-attribute-unfall-haftpflicht-versicherung tour-attribute-unterkunft-mit-halbpension-fruhstuck-und-abendessen\">\n\t<div class=\"qode-tour-item-inner\">\n\t\t\t\t\t<div class=\"qode-tours-gallery-item-image-holder\">\n\t\t\t\t\t\t\t\t\t<span class=\"qode-tours-gallery-item-label-holder\">\n\t\t\t\t\t\t\n\t\t<span class=\"qode-tour-item-label\">\n\t\t\t<span class=\"qode-tour-item-label-inner\">\n\t\t\t\t8 Tage - Gef\u00fchrte Wanderreise\t\t\t<\/span>\n\t\t<\/span>\n\n\t\t\t\t\t\t\t<\/span>\n\t\t\t\t\t\t\t\t\n\t\t\t\t<div class=\"qode-tours-gallery-item-image\">\n\t\t\t\t\t<img loading=\"lazy\" decoding=\"async\" width=\"500\" height=\"500\" src=\"https:\/\/www.natour.travel\/wp-content\/uploads\/2022\/04\/Gran-Canaria-Wanderreise-500x500.jpg\" class=\"attachment-portfolio_masonry_regular size-portfolio_masonry_regular\" alt=\"Gran Canaria Wanderreise\" srcset=\"https:\/\/www.natour.travel\/wp-content\/uploads\/2022\/04\/Gran-Canaria-Wanderreise-500x500.jpg 500w, https:\/\/www.natour.travel\/wp-content\/uploads\/2022\/04\/Gran-Canaria-Wanderreise-300x300.jpg 300w, https:\/\/www.natour.travel\/wp-content\/uploads\/2022\/04\/Gran-Canaria-Wanderreise-150x150.jpg 150w, https:\/\/www.natour.travel\/wp-content\/uploads\/2022\/04\/Gran-Canaria-Wanderreise-768x768.jpg 768w, https:\/\/www.natour.travel\/wp-content\/uploads\/2022\/04\/Gran-Canaria-Wanderreise-570x570.jpg 570w, https:\/\/www.natour.travel\/wp-content\/uploads\/2022\/04\/Gran-Canaria-Wanderreise-700x700.jpg 700w, https:\/\/www.natour.travel\/wp-content\/uploads\/2022\/04\/Gran-Canaria-Wanderreise.jpg 800w\" sizes=\"auto, (max-width: 500px) 100vw, 500px\" \/>\t\t\t\t\t\n\t\t\t\t\t<div class=\"qode-tours-gallery-item-content-holder\">\n\t\t\t\t\t\t<div class=\"qode-tours-gallery-item-content-inner\">\n\t\t\t\t\t\t\t<div class=\"qode-tours-gallery-title-holder\">\n\t\t\t\t\t\t\t\t<h4 class=\"qode-tour-title\">\n\t\t\t\t\t\t\t\t\tGran Canaria Wanderreise\t\t\t\t\t\t\t\t<\/h4>\n\t\t\t\t\t\t\t\t<span class=\"qode-tours-gallery-item-price-holder\">\n\t\t                        <!-- FERNANDO: Antepone el 'desde' al precio -->\n\t\t                        ab\t\t\t\t\t\t\t\t\n\t\t<span class=\"qode-tours-price-holder\">\n\t\t\t\t\t\t\t<span class=\"qode-tours-item-price \">985 \u20ac<\/span>\n\t\t\t\t\t\t\t\t<\/span>\n\n\t\t\t\t\t\t\t\t\t<\/span>\n\t\t\t\t\t\t\t<\/div>\n\t\t\t\t\t\t\t\t\t\t\t\t\t\t\t<div class=\"qode-tours-gallery-item-excerpt\">\n\t\t\t\t\t\t\t\t\t<div class=\"qode-tours-gallery-item-excerpt-inner\">\n\t\t\t\t\t\t\t\t\t\tMit 5 abwechslungsreichen Touren in der Bergwelt von Gran Canaria. Entdecken Sie die Sch\u00f6nheit einer Insel, die es verdient, von ihrer landschaftlich urspr\u00fcnglichen Seite entdeckt zu werden. Von den sonnigen&hellip;\t\t\t\t\t\t\t\t\t<\/div>\n\t\t\t\t\t\t\t\t<\/div>\n\t\t\t\t\t\t\t\t\t\t\t\t\t<\/div>\n\t\t\t\t\t<\/div>\n\t\t\t\t<\/div>\n\t\t\t\t<a class=\"qode-tours-gallery-item-link\" href=\"https:\/\/www.natour.travel\/de\/tour-item\/gran-canaria-wanderreise\/\"><\/a>\n\t\t\t<\/div>\n\t\t\t<\/div>\n<\/div>\t\t<\/div>\n\n\t\t\n\n\t\t<\/div>[\/qode_elements_holder_item][\/qode_elements_holder][\/vc_column][\/vc_row][vc_row css_animation=&#8221;&#8221; row_type=&#8221;row&#8221; use_row_as_full_screen_section=&#8221;no&#8221; type=&#8221;full_width&#8221; angled_section=&#8221;no&#8221; text_align=&#8221;left&#8221; background_image_as_pattern=&#8221;without_pattern&#8221;][vc_column][vc_empty_space height=&#8221;60&#8243;][\/vc_column][\/vc_row][vc_row css_animation=&#8221;&#8221; row_type=&#8221;row&#8221; use_row_as_full_screen_section=&#8221;no&#8221; type=&#8221;full_width&#8221; angled_section=&#8221;no&#8221; text_align=&#8221;left&#8221; background_image_as_pattern=&#8221;without_pattern&#8221; css=&#8221;.vc_custom_1713884249428{padding-top: 2% !important;padding-right: 10% !important;padding-bottom: 2% !important;padding-left: 10% !important;background-image: url(https:\/\/www.natour.travel\/wp-content\/uploads\/2021\/11\/NATOUR-ola02.png?id=4717) !important;}&#8221; z_index=&#8221;&#8221;][vc_column css_animation=&#8221;fadeInLeft&#8221; width=&#8221;1\/3&#8243;][vc_empty_space height=&#8221;100px&#8221;][vc_empty_space height=&#8221;80px&#8221;][vc_single_image image=&#8221;16000&#8243; img_size=&#8221;medium&#8221; alignment=&#8221;center&#8221; onclick=&#8221;custom_link&#8221; qode_css_animation=&#8221;&#8221; link=&#8221;https:\/\/www.natour.travel\/de\/tour-item\/teneriffa-la-gomera-la-palma-gruppenreise\/&#8221;][vc_column_text]<\/p>\n<p style=\"text-align: center;\"><span style=\"color: #ff0000;\"><strong>in Vorbereitung<\/strong><\/span><\/p>\n<p>[\/vc_column_text][\/vc_column][vc_column width=&#8221;1\/3&#8243;][vc_column_text]<img loading=\"lazy\" decoding=\"async\" class=\"aligncenter wp-image-17374\" src=\"https:\/\/www.natour.travel\/wp-content\/uploads\/2023\/12\/WANDERER-Bild-300x76.webp\" alt=\"senderismo en grupo\" width=\"165\" height=\"42\" srcset=\"https:\/\/www.natour.travel\/wp-content\/uploads\/2023\/12\/WANDERER-Bild-300x76.webp 300w, https:\/\/www.natour.travel\/wp-content\/uploads\/2023\/12\/WANDERER-Bild.webp 377w\" sizes=\"auto, (max-width: 165px) 100vw, 165px\" \/>[\/vc_column_text][vc_empty_space height=&#8221;10px&#8221;][vc_column_text]<\/p>\n<h1 id=\"nada\" style=\"text-align: center;\">Teneriffa<\/h1>\n<p>&nbsp;<\/p>\n<p>Die Insel Teneriffa ist mit 3.715 Metern die h\u00f6chste Insel des Archipels und hat den h\u00f6chsten Gipfel Spaniens: den Pico del Teide. Teneriffa ist eine gro\u00dfe und sehr gebirgige Insel mit herrlichen Pinienw\u00e4ldern und rezenten vulkanischen Gebieten. Ein wahres Juwel f\u00fcr Wanderfreunde. Es gibt drei geologisch unterschiedliche Gebiete: Anaga im Nordosten, Teno im Westen und Ca\u00f1adas in der Mitte. Drei alte Inseln, die sich vor Millionen von Jahren zu einer einzigen Insel vereinigten. Heute ist Teneriffa von Norden nach S\u00fcden und von Osten nach Westen von legend\u00e4ren Pfaden durchzogen, die bereits von den Ureinwohnern genutzt wurden. Eine perfekte Insel, um auf einer Wanderreise alles zu entdecken, was Teneriffa zu bieten hat.<\/p>\n<p><b id=\"LANZAgrup\"><b id=\"LAPALMAgrup\">\u25b8 <\/b>Beinhaltet<\/b><\/p>\n<p><img loading=\"lazy\" decoding=\"async\" class=\"alignnone wp-image-17223\" src=\"https:\/\/www.natour.travel\/wp-content\/uploads\/2023\/12\/hotel-300x300.png\" alt=\"\" width=\"35\" height=\"35\" srcset=\"https:\/\/www.natour.travel\/wp-content\/uploads\/2023\/12\/hotel-300x300.png 300w, https:\/\/www.natour.travel\/wp-content\/uploads\/2023\/12\/hotel-150x150.png 150w, https:\/\/www.natour.travel\/wp-content\/uploads\/2023\/12\/hotel-500x512.png 500w, https:\/\/www.natour.travel\/wp-content\/uploads\/2023\/12\/hotel.png 512w\" sizes=\"auto, (max-width: 35px) 100vw, 35px\" \/>\u00a0 \u00a0|\u00a0 <img loading=\"lazy\" decoding=\"async\" class=\"alignnone wp-image-17220\" src=\"https:\/\/www.natour.travel\/wp-content\/uploads\/2023\/12\/cena-romantica-300x300.png\" alt=\"\" width=\"35\" height=\"35\" srcset=\"https:\/\/www.natour.travel\/wp-content\/uploads\/2023\/12\/cena-romantica-300x300.png 300w, https:\/\/www.natour.travel\/wp-content\/uploads\/2023\/12\/cena-romantica-150x150.png 150w, https:\/\/www.natour.travel\/wp-content\/uploads\/2023\/12\/cena-romantica-500x512.png 500w, https:\/\/www.natour.travel\/wp-content\/uploads\/2023\/12\/cena-romantica.png 512w\" sizes=\"auto, (max-width: 35px) 100vw, 35px\" \/>\u00a0 |\u00a0 \u00a0<img loading=\"lazy\" decoding=\"async\" class=\"alignnone wp-image-12016\" src=\"https:\/\/www.natour.travel\/wp-content\/uploads\/2022\/09\/BUS-1.png\" alt=\"ICONO BUS\" width=\"50\" height=\"32\" \/>\u00a0 \u00a0|\u00a0 \u00a0<img loading=\"lazy\" decoding=\"async\" class=\"alignnone wp-image-17393\" src=\"https:\/\/www.natour.travel\/wp-content\/uploads\/2023\/12\/guia-300x300.png\" alt=\"\" width=\"35\" height=\"35\" srcset=\"https:\/\/www.natour.travel\/wp-content\/uploads\/2023\/12\/guia-300x300.png 300w, https:\/\/www.natour.travel\/wp-content\/uploads\/2023\/12\/guia-150x150.png 150w, https:\/\/www.natour.travel\/wp-content\/uploads\/2023\/12\/guia-500x512.png 500w, https:\/\/www.natour.travel\/wp-content\/uploads\/2023\/12\/guia.png 512w\" sizes=\"auto, (max-width: 35px) 100vw, 35px\" \/>[\/vc_column_text][vc_empty_space height=&#8221;24px&#8221;]<a  itemprop=\"url\" href=\"https:\/\/www.natour.travel\/de\/tour-item\/teneriffa-la-gomera-la-palma-gruppenreise\/\" target=\"_blank\"  class=\"qbutton  default\" style=\"\">Machen wir uns auf den Weg!<i class=\"qode_icon_font_awesome_5 fa5 fa fa-arrow-right qode_button_icon_element\" style=\"\" ><\/i><\/a>[vc_empty_space height=&#8221;40px&#8221;][\/vc_column][vc_column width=&#8221;1\/3&#8243;][vc_empty_space height=&#8221;120px&#8221;][qode_elements_holder number_of_columns=&#8221;three_columns&#8221;][qode_elements_holder_item advanced_animations=&#8221;no&#8221;]<div class=\"qode-tours-list-holder qode-tours-row qode-normal-space  qode-tours-columns-1 qode-tours-type-gallery qode-tours-list-with-shadow\">\n\t\t\t\n\t\t\n        <div class=\"qode-tours-list-holder-inner qode-tours-row-inner-holder qode-outer-space\">\n\t\t\t<div class=\"qode-tours-list-grid-sizer\"><\/div>\n\t\t\t\t\t<div class=\"qode-tours-gallery-item qode-tours-row-item qode-item-space qode-tour-item-has-rating post-6067 tour-item type-tour-item status-publish has-post-thumbnail hentry tour-category-gruppenwanderreisen tour-attribute-an-und-abreisetransfer tour-attribute-lokale-fluge-fahrfahrten tour-attribute-taxi-und-bustransfer tour-attribute-unfall-haftpflicht-versicherung tour-attribute-unterkunft-mit-halbpension-fruhstuck-und-abendessen\">\n\t<div class=\"qode-tour-item-inner\">\n\t\t\t\t\t<div class=\"qode-tours-gallery-item-image-holder\">\n\t\t\t\t\t\t\t\t\t<span class=\"qode-tours-gallery-item-label-holder\">\n\t\t\t\t\t\t\n\t\t<span class=\"qode-tour-item-label\">\n\t\t\t<span class=\"qode-tour-item-label-inner\">\n\t\t\t\t8 Tage - Gef\u00fchrte Wanderreise - 3 Inseln\t\t\t<\/span>\n\t\t<\/span>\n\n\t\t\t\t\t\t\t<\/span>\n\t\t\t\t\t\t\t\t\n\t\t\t\t<div class=\"qode-tours-gallery-item-image\">\n\t\t\t\t\t<img loading=\"lazy\" decoding=\"async\" width=\"500\" height=\"500\" src=\"https:\/\/www.natour.travel\/wp-content\/uploads\/2021\/11\/La-Gomera-Escencial-800-500x500.jpg\" class=\"attachment-portfolio_masonry_regular size-portfolio_masonry_regular\" alt=\"La Gomera Hermigua Senderismo\" srcset=\"https:\/\/www.natour.travel\/wp-content\/uploads\/2021\/11\/La-Gomera-Escencial-800-500x500.jpg 500w, https:\/\/www.natour.travel\/wp-content\/uploads\/2021\/11\/La-Gomera-Escencial-800-300x300.jpg 300w, https:\/\/www.natour.travel\/wp-content\/uploads\/2021\/11\/La-Gomera-Escencial-800-150x150.jpg 150w, https:\/\/www.natour.travel\/wp-content\/uploads\/2021\/11\/La-Gomera-Escencial-800-768x768.jpg 768w, https:\/\/www.natour.travel\/wp-content\/uploads\/2021\/11\/La-Gomera-Escencial-800-570x570.jpg 570w, https:\/\/www.natour.travel\/wp-content\/uploads\/2021\/11\/La-Gomera-Escencial-800-700x700.jpg 700w, https:\/\/www.natour.travel\/wp-content\/uploads\/2021\/11\/La-Gomera-Escencial-800.jpg 800w\" sizes=\"auto, (max-width: 500px) 100vw, 500px\" \/>\t\t\t\t\t\n\t\t\t\t\t<div class=\"qode-tours-gallery-item-content-holder\">\n\t\t\t\t\t\t<div class=\"qode-tours-gallery-item-content-inner\">\n\t\t\t\t\t\t\t<div class=\"qode-tours-gallery-title-holder\">\n\t\t\t\t\t\t\t\t<h4 class=\"qode-tour-title\">\n\t\t\t\t\t\t\t\t\tTeneriffa La Gomera La Palma\t\t\t\t\t\t\t\t<\/h4>\n\t\t\t\t\t\t\t\t<span class=\"qode-tours-gallery-item-price-holder\">\n\t\t                        <!-- FERNANDO: Antepone el 'desde' al precio -->\n\t\t                        ab\t\t\t\t\t\t\t\t\n\t\t<span class=\"qode-tours-price-holder\">\n\t\t\t\t\t\t\t<span class=\"qode-tours-item-price \">1195 \u20ac<\/span>\n\t\t\t\t\t\t\t\t<\/span>\n\n\t\t\t\t\t\t\t\t\t<\/span>\n\t\t\t\t\t\t\t<\/div>\n\t\t\t\t\t\t\t\t\t\t\t\t\t\t\t<div class=\"qode-tours-gallery-item-excerpt\">\n\t\t\t\t\t\t\t\t\t<div class=\"qode-tours-gallery-item-excerpt-inner\">\n\t\t\t\t\t\t\t\t\t\tDen Herbst auf den Kanaren geniessen: Entdecken Sie drei Inseln - drei Nationalparks - einen neugeborenen Vulkan. Kombination von leichten Wanderrouten mit Ausfl\u00fcgen zu den bedeutendsten Sehensw\u00fcrdigkeiten; Teilnahme an einer&hellip;\t\t\t\t\t\t\t\t\t<\/div>\n\t\t\t\t\t\t\t\t<\/div>\n\t\t\t\t\t\t\t\t\t\t\t\t\t<\/div>\n\t\t\t\t\t<\/div>\n\t\t\t\t<\/div>\n\t\t\t\t<a class=\"qode-tours-gallery-item-link\" href=\"https:\/\/www.natour.travel\/de\/tour-item\/teneriffa-la-gomera-la-palma-gruppenreise\/\"><\/a>\n\t\t\t<\/div>\n\t\t\t<\/div>\n<\/div>\t\t<\/div>\n\n\t\t\n\n\t\t<\/div>[\/qode_elements_holder_item][\/qode_elements_holder][\/vc_column][\/vc_row][vc_row css_animation=&#8221;&#8221; row_type=&#8221;row&#8221; use_row_as_full_screen_section=&#8221;no&#8221; type=&#8221;full_width&#8221; angled_section=&#8221;no&#8221; text_align=&#8221;left&#8221; background_image_as_pattern=&#8221;without_pattern&#8221;][vc_column][vc_empty_space height=&#8221;60&#8243;][\/vc_column][\/vc_row][vc_row css_animation=&#8221;&#8221; row_type=&#8221;row&#8221; use_row_as_full_screen_section=&#8221;no&#8221; type=&#8221;full_width&#8221; angled_section=&#8221;no&#8221; text_align=&#8221;left&#8221; background_image_as_pattern=&#8221;without_pattern&#8221; css=&#8221;.vc_custom_1713884550272{padding-top: 2% !important;padding-right: 10% !important;padding-bottom: 2% !important;padding-left: 10% !important;background-color: #f2f2f2 !important;}&#8221; z_index=&#8221;&#8221;][vc_column css_animation=&#8221;fadeInLeft&#8221; width=&#8221;1\/3&#8243;][vc_empty_space height=&#8221;100px&#8221;][vc_single_image image=&#8221;15997&#8243; img_size=&#8221;medium&#8221; alignment=&#8221;center&#8221; onclick=&#8221;custom_link&#8221; qode_css_animation=&#8221;&#8221; link=&#8221;https:\/\/www.natour.travel\/de\/tour-item\/lanzarote-wanderreise\/&#8221;][vc_column_text]<\/p>\n<p style=\"text-align: center;\"><span style=\"color: #ff0000;\"><strong>in Vorbereitung<\/strong><\/span><\/p>\n<p>[\/vc_column_text][\/vc_column][vc_column width=&#8221;1\/3&#8243;][vc_column_text]<img loading=\"lazy\" decoding=\"async\" class=\"aligncenter wp-image-17374\" src=\"https:\/\/www.natour.travel\/wp-content\/uploads\/2023\/12\/WANDERER-Bild-300x76.webp\" alt=\"senderismo en grupo\" width=\"165\" height=\"42\" srcset=\"https:\/\/www.natour.travel\/wp-content\/uploads\/2023\/12\/WANDERER-Bild-300x76.webp 300w, https:\/\/www.natour.travel\/wp-content\/uploads\/2023\/12\/WANDERER-Bild.webp 377w\" sizes=\"auto, (max-width: 165px) 100vw, 165px\" \/>[\/vc_column_text][vc_empty_space height=&#8221;10px&#8221;][vc_column_text]<\/p>\n<h1 id=\"NADA\" style=\"text-align: center;\">Lanzarote<\/h1>\n<p>&nbsp;<\/p>\n<p>Eine Insel, die ihre vulkanische Dimension in ihrer reinsten Form widerspiegelt. Auf den ersten Blick dunkel und rau, aber voller Kontraste und magischer Farben. Eine andersartige Insel, die immer wieder aufs Neue \u00fcberrascht. Auf ihren Wegen zu wandern bedeutet, in die Seele von Lanzarote einzudringen und Landschaften voller Exotik zu genie\u00dfen. Der Nationalpark Timanfaya, der vor 300 Jahren aus der Lava entstand bietet uns eine unbeschreiblich sch\u00f6ne Vulkanlandschaft. Die kleine Schwesterinsel La Graciosa l\u00e4dt uns ein an ihre langen weissen Str\u00e4nde. Dar\u00fcber hinaus hat Lanzarote eine kulturelle Seite, die von dem K\u00fcnstler Cesar Manrique gepr\u00e4gt wurde. Mit spektakul\u00e4ren Aussichtspunkten, Kunstzentren, vulkanischen H\u00f6hlen und Lavazungen. Eine einzigartige Insel um das Wandern in vollen Z\u00fcgen zu geniessen..<\/p>\n<p><b id=\"FUERTEgrup\"><b id=\"LAPALMAgrup\">\u25b8 <\/b>Beinhaltet<\/b><\/p>\n<p><img loading=\"lazy\" decoding=\"async\" class=\"alignnone wp-image-17223\" src=\"https:\/\/www.natour.travel\/wp-content\/uploads\/2023\/12\/hotel-300x300.png\" alt=\"\" width=\"35\" height=\"35\" srcset=\"https:\/\/www.natour.travel\/wp-content\/uploads\/2023\/12\/hotel-300x300.png 300w, https:\/\/www.natour.travel\/wp-content\/uploads\/2023\/12\/hotel-150x150.png 150w, https:\/\/www.natour.travel\/wp-content\/uploads\/2023\/12\/hotel-500x512.png 500w, https:\/\/www.natour.travel\/wp-content\/uploads\/2023\/12\/hotel.png 512w\" sizes=\"auto, (max-width: 35px) 100vw, 35px\" \/>\u00a0 \u00a0|\u00a0 <img loading=\"lazy\" decoding=\"async\" class=\"alignnone wp-image-17220\" src=\"https:\/\/www.natour.travel\/wp-content\/uploads\/2023\/12\/cena-romantica-300x300.png\" alt=\"\" width=\"35\" height=\"35\" srcset=\"https:\/\/www.natour.travel\/wp-content\/uploads\/2023\/12\/cena-romantica-300x300.png 300w, https:\/\/www.natour.travel\/wp-content\/uploads\/2023\/12\/cena-romantica-150x150.png 150w, https:\/\/www.natour.travel\/wp-content\/uploads\/2023\/12\/cena-romantica-500x512.png 500w, https:\/\/www.natour.travel\/wp-content\/uploads\/2023\/12\/cena-romantica.png 512w\" sizes=\"auto, (max-width: 35px) 100vw, 35px\" \/>\u00a0 |\u00a0 \u00a0<img loading=\"lazy\" decoding=\"async\" class=\"alignnone wp-image-12016\" src=\"https:\/\/www.natour.travel\/wp-content\/uploads\/2022\/09\/BUS-1.png\" alt=\"ICONO BUS\" width=\"50\" height=\"32\" \/>\u00a0 \u00a0|\u00a0 \u00a0<img loading=\"lazy\" decoding=\"async\" class=\"alignnone wp-image-17393\" src=\"https:\/\/www.natour.travel\/wp-content\/uploads\/2023\/12\/guia-300x300.png\" alt=\"\" width=\"35\" height=\"35\" srcset=\"https:\/\/www.natour.travel\/wp-content\/uploads\/2023\/12\/guia-300x300.png 300w, https:\/\/www.natour.travel\/wp-content\/uploads\/2023\/12\/guia-150x150.png 150w, https:\/\/www.natour.travel\/wp-content\/uploads\/2023\/12\/guia-500x512.png 500w, https:\/\/www.natour.travel\/wp-content\/uploads\/2023\/12\/guia.png 512w\" sizes=\"auto, (max-width: 35px) 100vw, 35px\" \/>[\/vc_column_text][vc_empty_space height=&#8221;24px&#8221;]<a  itemprop=\"url\" href=\"https:\/\/www.natour.travel\/de\/tour-item\/lanzarote-wanderreise\/\" target=\"_blank\"  class=\"qbutton  default\" style=\"\">Machen wir uns auf den Weg!<i class=\"qode_icon_font_awesome_5 fa5 fa fa-arrow-right qode_button_icon_element\" style=\"\" ><\/i><\/a>[vc_empty_space height=&#8221;40px&#8221;][\/vc_column][vc_column width=&#8221;1\/3&#8243;][vc_empty_space height=&#8221;120px&#8221;][qode_elements_holder number_of_columns=&#8221;three_columns&#8221;][qode_elements_holder_item advanced_animations=&#8221;no&#8221;]<div class=\"qode-tours-list-holder qode-tours-row qode-normal-space  qode-tours-columns-1 qode-tours-type-gallery qode-tours-list-with-shadow\">\n\t\t\t\n\t\t\n        <div class=\"qode-tours-list-holder-inner qode-tours-row-inner-holder qode-outer-space\">\n\t\t\t<div class=\"qode-tours-list-grid-sizer\"><\/div>\n\t\t\t\t\t<div class=\"qode-tours-gallery-item qode-tours-row-item qode-item-space qode-tour-item-has-rating post-10621 tour-item type-tour-item status-publish has-post-thumbnail hentry tour-category-gruppenwanderreisen tour-attribute-an-und-abreisetransfer tour-attribute-guia-personal tour-attribute-taxi-und-bustransfer tour-attribute-unfall-haftpflicht-versicherung tour-attribute-unterkunft-mit-halbpension-fruhstuck-und-abendessen\">\n\t<div class=\"qode-tour-item-inner\">\n\t\t\t\t\t<div class=\"qode-tours-gallery-item-image-holder\">\n\t\t\t\t\t\t\t\t\t<span class=\"qode-tours-gallery-item-label-holder\">\n\t\t\t\t\t\t\n\t\t<span class=\"qode-tour-item-label\">\n\t\t\t<span class=\"qode-tour-item-label-inner\">\n\t\t\t\t8 Tage - Gef\u00fchrte Wanderreise\t\t\t<\/span>\n\t\t<\/span>\n\n\t\t\t\t\t\t\t<\/span>\n\t\t\t\t\t\t\t\t\n\t\t\t\t<div class=\"qode-tours-gallery-item-image\">\n\t\t\t\t\t<img loading=\"lazy\" decoding=\"async\" width=\"500\" height=\"500\" src=\"https:\/\/www.natour.travel\/wp-content\/uploads\/2022\/04\/Lanzarote-una-semana-500x500.jpg\" class=\"attachment-portfolio_masonry_regular size-portfolio_masonry_regular\" alt=\"Lanzarote Wanderreise\" srcset=\"https:\/\/www.natour.travel\/wp-content\/uploads\/2022\/04\/Lanzarote-una-semana-500x500.jpg 500w, https:\/\/www.natour.travel\/wp-content\/uploads\/2022\/04\/Lanzarote-una-semana-300x300.jpg 300w, https:\/\/www.natour.travel\/wp-content\/uploads\/2022\/04\/Lanzarote-una-semana-150x150.jpg 150w, https:\/\/www.natour.travel\/wp-content\/uploads\/2022\/04\/Lanzarote-una-semana-768x768.jpg 768w, https:\/\/www.natour.travel\/wp-content\/uploads\/2022\/04\/Lanzarote-una-semana-570x570.jpg 570w, https:\/\/www.natour.travel\/wp-content\/uploads\/2022\/04\/Lanzarote-una-semana-700x700.jpg 700w, https:\/\/www.natour.travel\/wp-content\/uploads\/2022\/04\/Lanzarote-una-semana.jpg 800w\" sizes=\"auto, (max-width: 500px) 100vw, 500px\" \/>\t\t\t\t\t\n\t\t\t\t\t<div class=\"qode-tours-gallery-item-content-holder\">\n\t\t\t\t\t\t<div class=\"qode-tours-gallery-item-content-inner\">\n\t\t\t\t\t\t\t<div class=\"qode-tours-gallery-title-holder\">\n\t\t\t\t\t\t\t\t<h4 class=\"qode-tour-title\">\n\t\t\t\t\t\t\t\t\tLanzarote Wanderreise\t\t\t\t\t\t\t\t<\/h4>\n\t\t\t\t\t\t\t\t<span class=\"qode-tours-gallery-item-price-holder\">\n\t\t                        <!-- FERNANDO: Antepone el 'desde' al precio -->\n\t\t                        ab\t\t\t\t\t\t\t\t\n\t\t<span class=\"qode-tours-price-holder\">\n\t\t\t\t\t\t\t<span class=\"qode-tours-item-price \">985 \u20ac<\/span>\n\t\t\t\t\t\t\t\t<\/span>\n\n\t\t\t\t\t\t\t\t\t<\/span>\n\t\t\t\t\t\t\t<\/div>\n\t\t\t\t\t\t\t\t\t\t\t\t\t\t\t<div class=\"qode-tours-gallery-item-excerpt\">\n\t\t\t\t\t\t\t\t\t<div class=\"qode-tours-gallery-item-excerpt-inner\">\n\t\t\t\t\t\t\t\t\t\tN\u00e4chste Gruppe: in Vorbereitung \u2a33 Auch auf Lanzarote, der Insel der Vulkane, gibt es tolle Wanderwege.\t\t\t\t\t\t\t\t\t<\/div>\n\t\t\t\t\t\t\t\t<\/div>\n\t\t\t\t\t\t\t\t\t\t\t\t\t<\/div>\n\t\t\t\t\t<\/div>\n\t\t\t\t<\/div>\n\t\t\t\t<a class=\"qode-tours-gallery-item-link\" href=\"https:\/\/www.natour.travel\/de\/tour-item\/lanzarote-wanderreise\/\"><\/a>\n\t\t\t<\/div>\n\t\t\t<\/div>\n<\/div>\t\t<\/div>\n\n\t\t\n\n\t\t<\/div>[\/qode_elements_holder_item][\/qode_elements_holder][\/vc_column][\/vc_row][vc_row css_animation=&#8221;&#8221; row_type=&#8221;row&#8221; use_row_as_full_screen_section=&#8221;no&#8221; type=&#8221;full_width&#8221; angled_section=&#8221;no&#8221; text_align=&#8221;left&#8221; background_image_as_pattern=&#8221;without_pattern&#8221;][vc_column][vc_empty_space height=&#8221;60&#8243;][\/vc_column][\/vc_row][vc_row css_animation=&#8221;&#8221; row_type=&#8221;row&#8221; use_row_as_full_screen_section=&#8221;no&#8221; type=&#8221;full_width&#8221; angled_section=&#8221;no&#8221; text_align=&#8221;left&#8221; background_image_as_pattern=&#8221;without_pattern&#8221; css=&#8221;.vc_custom_1713884233036{padding-top: 2% !important;padding-right: 10% !important;padding-bottom: 2% !important;padding-left: 10% !important;background-image: url(https:\/\/www.natour.travel\/wp-content\/uploads\/2021\/11\/NATOUR-ola01.png?id=4714) !important;}&#8221; z_index=&#8221;&#8221;][vc_column css_animation=&#8221;fadeInLeft&#8221; width=&#8221;1\/3&#8243;][vc_empty_space height=&#8221;100px&#8221;][vc_single_image image=&#8221;15982&#8243; img_size=&#8221;medium&#8221; alignment=&#8221;center&#8221; onclick=&#8221;custom_link&#8221; qode_css_animation=&#8221;&#8221;][vc_column_text]<\/p>\n<p style=\"text-align: center;\"><span style=\"color: #ff0000;\"><strong>Kein Termin vorgesehen<\/strong><\/span><\/p>\n<p>[\/vc_column_text][\/vc_column][vc_column width=&#8221;1\/3&#8243;][vc_column_text]<img loading=\"lazy\" decoding=\"async\" class=\"aligncenter wp-image-17374\" src=\"https:\/\/www.natour.travel\/wp-content\/uploads\/2023\/12\/WANDERER-Bild-300x76.webp\" alt=\"senderismo en grupo\" width=\"165\" height=\"42\" srcset=\"https:\/\/www.natour.travel\/wp-content\/uploads\/2023\/12\/WANDERER-Bild-300x76.webp 300w, https:\/\/www.natour.travel\/wp-content\/uploads\/2023\/12\/WANDERER-Bild.webp 377w\" sizes=\"auto, (max-width: 165px) 100vw, 165px\" \/>[\/vc_column_text][vc_column_text]<\/p>\n<h1 id=\"LANZAROTEguan\" style=\"text-align: center;\">Fuerteventura<\/h1>\n<p>&nbsp;<\/p>\n<p>Fuerteventuras Altertum hat seine Konturen neu gezeichnet. Sie ist die gr\u00f6\u00dfte der Kanarischen Inseln, von einem Ende zum anderen. Die Modulation ihrer Berge und ihre weichen Formen bestechen auf den ersten Blick. Sanfte Landschaften, runde Formen und helle Farben, mit einem spektakul\u00e4ren t\u00fcrkisfarbenen Meer und wei\u00dfen Str\u00e4nden im Hintergrund. Aber Fuerteventura hat auch versteckte Ecken und spektakul\u00e4re Wege, die man nur mit Hilfe von erfahrenen F\u00fchrern entdecken kann, die das Wandern in Gruppen praktizieren.<\/p>\n<p><b id=\"GRANCANgrup\"><b id=\"LAPALMAgrup\">\u25b8 <\/b>Beinhaltet<\/b><\/p>\n<p><img loading=\"lazy\" decoding=\"async\" class=\"alignnone wp-image-17223\" src=\"https:\/\/www.natour.travel\/wp-content\/uploads\/2023\/12\/hotel-300x300.png\" alt=\"\" width=\"35\" height=\"35\" srcset=\"https:\/\/www.natour.travel\/wp-content\/uploads\/2023\/12\/hotel-300x300.png 300w, https:\/\/www.natour.travel\/wp-content\/uploads\/2023\/12\/hotel-150x150.png 150w, https:\/\/www.natour.travel\/wp-content\/uploads\/2023\/12\/hotel-500x512.png 500w, https:\/\/www.natour.travel\/wp-content\/uploads\/2023\/12\/hotel.png 512w\" sizes=\"auto, (max-width: 35px) 100vw, 35px\" \/>\u00a0 \u00a0|\u00a0 <img loading=\"lazy\" decoding=\"async\" class=\"alignnone wp-image-17220\" src=\"https:\/\/www.natour.travel\/wp-content\/uploads\/2023\/12\/cena-romantica-300x300.png\" alt=\"\" width=\"35\" height=\"35\" srcset=\"https:\/\/www.natour.travel\/wp-content\/uploads\/2023\/12\/cena-romantica-300x300.png 300w, https:\/\/www.natour.travel\/wp-content\/uploads\/2023\/12\/cena-romantica-150x150.png 150w, https:\/\/www.natour.travel\/wp-content\/uploads\/2023\/12\/cena-romantica-500x512.png 500w, https:\/\/www.natour.travel\/wp-content\/uploads\/2023\/12\/cena-romantica.png 512w\" sizes=\"auto, (max-width: 35px) 100vw, 35px\" \/>\u00a0 |\u00a0 \u00a0<img loading=\"lazy\" decoding=\"async\" class=\"alignnone wp-image-12016\" src=\"https:\/\/www.natour.travel\/wp-content\/uploads\/2022\/09\/BUS-1.png\" alt=\"ICONO BUS\" width=\"50\" height=\"32\" \/>\u00a0 \u00a0|\u00a0 \u00a0<img loading=\"lazy\" decoding=\"async\" class=\"alignnone wp-image-17393\" src=\"https:\/\/www.natour.travel\/wp-content\/uploads\/2023\/12\/guia-300x300.png\" alt=\"\" width=\"35\" height=\"35\" srcset=\"https:\/\/www.natour.travel\/wp-content\/uploads\/2023\/12\/guia-300x300.png 300w, https:\/\/www.natour.travel\/wp-content\/uploads\/2023\/12\/guia-150x150.png 150w, https:\/\/www.natour.travel\/wp-content\/uploads\/2023\/12\/guia-500x512.png 500w, https:\/\/www.natour.travel\/wp-content\/uploads\/2023\/12\/guia.png 512w\" sizes=\"auto, (max-width: 35px) 100vw, 35px\" \/>[\/vc_column_text][vc_empty_space height=&#8221;24px&#8221;]<a  itemprop=\"url\" href=\"\" target=\"_blank\"  class=\"qbutton  default\" style=\"\">Machen wir uns auf den Weg!<i class=\"qode_icon_font_awesome_5 fa5 fa fa-arrow-right qode_button_icon_element\" style=\"\" ><\/i><\/a>[vc_empty_space height=&#8221;40px&#8221;][\/vc_column][vc_column width=&#8221;1\/3&#8243;][vc_empty_space height=&#8221;120px&#8221;][vc_single_image image=&#8221;11832&#8243; img_size=&#8221;1200 x 600&#8243; alignment=&#8221;center&#8221; qode_css_animation=&#8221;element_from_fade&#8221;][\/vc_column][\/vc_row][vc_row css_animation=&#8221;&#8221; row_type=&#8221;row&#8221; use_row_as_full_screen_section=&#8221;no&#8221; type=&#8221;full_width&#8221; angled_section=&#8221;no&#8221; text_align=&#8221;left&#8221; background_image_as_pattern=&#8221;without_pattern&#8221;][vc_column][vc_empty_space height=&#8221;100&#8243;][\/vc_column][\/vc_row][vc_row css_animation=&#8221;&#8221; row_type=&#8221;row&#8221; use_row_as_full_screen_section=&#8221;no&#8221; type=&#8221;full_width&#8221; angled_section=&#8221;no&#8221; text_align=&#8221;center&#8221; background_image_as_pattern=&#8221;without_pattern&#8221; css=&#8221;.vc_custom_1685360817888{padding-top: 1% !important;padding-right: 10% !important;padding-bottom: 1% !important;padding-left: 10% !important;background-color: #f2f2f2 !important;}&#8221; z_index=&#8221;&#8221;][vc_column width=&#8221;2\/3&#8243;][vc_empty_space height=&#8221;32&#8243;][vc_column_text]<\/p>\n<h4 style=\"text-align: center;\"><strong>\u00bfFragen?\u00a0 <\/strong><\/h4>\n<p style=\"text-align: center;\">Gerne helfen wir Ihnen weiter, melden Sie sich einfach bei uns !<\/p>\n<p>[\/vc_column_text][vc_single_image image=&#8221;590&#8243; img_size=&#8221;medium&#8221; alignment=&#8221;center&#8221; style=&#8221;vc_box_shadow_circle&#8221; onclick=&#8221;custom_link&#8221; qode_css_animation=&#8221;&#8221; qode_hover_animation=&#8221;zoom_in&#8221; link=&#8221;https:\/\/www.natour.travel\/de\/kontakt\/&#8221;][vc_empty_space height=&#8221;32&#8243;]<a  itemprop=\"url\" href=\"https:\/\/www.natour.travel\/de\/kontakt\/\" target=\"_self\"  class=\"qbutton  medium center enlarge\" style=\"\">Fragen Sie mich<\/a>[\/vc_column][vc_column width=&#8221;1\/3&#8243;][vc_empty_space height=&#8221;32&#8243;]<div class=\"qode-accordion-holder clearfix qode-accordion qode-initial \">\n\t<h4 class=\"clearfix qode-title-holder\">\n<span class=\"qode-tab-title\">\n\t\t\t<span class=\"qode-tab-title-icon\">\n\t\t\t<i class=\"qode_icon_font_awesome fa fa-question-circle \" ><\/i>\t\t<\/span>\n\t    <span class=\"qode-tab-title-inner\">\n        Ihre eigene Gruppe?    <\/span>\n<\/span>\n<span class=\"qode-accordion-mark\">\n    <span class=\"qode-accordion-mark-icon\">\n        <span class=\"icon_plus\"><\/span>\n        <span class=\"icon_minus-06\"><\/span>\n    <\/span>\n<\/span>\n<\/h4>\n<div  class=\"qode-accordion-content qode-acc-title-with-icon\" >\n    <div class=\"qode-accordion-content-inner\">\n        [vc_column_text css=&#8221;.vc_custom_1715972714788{padding-top: 2% !important;padding-right: 2% !important;padding-bottom: 2% !important;padding-left: 2% !important;background-color: rgba(255,255,255,0.81) !important;background-position: center !important;background-repeat: no-repeat !important;background-size: cover !important;*background-color: rgb(255,255,255) !important;border-radius: 10px !important;}&#8221;][vc_empty_space height=&#8221;18px&#8221;]<\/p>\n<h5 style=\"text-align: center;\"><span style=\"color: #000000;\">\u2026Wenn Sie f\u00fcr Ihre Gruppe einen <span style=\"color: #83b319;\"><strong>ma\u00dfgeschneiderte <\/strong><\/span><\/span><span style=\"color: #000000;\">Reise w\u00fcnschen,<br \/>\n<\/span><span style=\"color: #000000;\">verschiedene <\/span><strong>Inseln kombinieren<\/strong><span style=\"color: #000000;\"> oder besondere Orte<br \/>\n<\/span><span style=\"color: #000000;\">besuchen m\u00f6chten, dann <span style=\"color: #83b319;\"><strong>organisieren<\/strong><\/span> wir das f\u00fcr Sie.<br \/>\nFragen Sie uns !<\/span><\/h5>\n<p>[vc_empty_space height=&#8221;32px&#8221;][\/vc_column_text]    <\/div>\n<\/div><\/div><div class=\"qode-accordion-holder clearfix qode-toggle qode-initial \">\n\t<h6 class=\"clearfix qode-title-holder\">\n<span class=\"qode-tab-title\">\n\t\t\t<span class=\"qode-tab-title-icon\">\n\t\t\t<i class=\"qode_icon_font_awesome_5 fa5 fa fa-circle-info \" ><\/i>\t\t<\/span>\n\t    <span class=\"qode-tab-title-inner\">\n        FRAGEN SIE UNS!    <\/span>\n<\/span>\n<span class=\"qode-accordion-mark\">\n    <span class=\"qode-accordion-mark-icon\">\n        <span class=\"icon_plus\"><\/span>\n        <span class=\"icon_minus-06\"><\/span>\n    <\/span>\n<\/span>\n<\/h6>\n<div  class=\"qode-accordion-content qode-acc-title-with-icon\" >\n    <div class=\"qode-accordion-content-inner\">\n        \n<div class=\"wpcf7 no-js\" id=\"wpcf7-f3426-o1\" lang=\"de-DE\" dir=\"ltr\" data-wpcf7-id=\"3426\">\n<div class=\"screen-reader-response\"><p role=\"status\" aria-live=\"polite\" aria-atomic=\"true\"><\/p> <ul><\/ul><\/div>\n<form action=\"\/de\/wp-json\/wp\/v2\/pages\/6169#wpcf7-f3426-o1\" method=\"post\" class=\"wpcf7-form init cf7_custom_style_1\" aria-label=\"Kontaktformular\" novalidate=\"novalidate\" data-status=\"init\">\n<fieldset class=\"hidden-fields-container\"><input type=\"hidden\" name=\"_wpcf7\" value=\"3426\" \/><input type=\"hidden\" name=\"_wpcf7_version\" value=\"6.1.5\" \/><input type=\"hidden\" name=\"_wpcf7_locale\" value=\"de_DE\" \/><input type=\"hidden\" name=\"_wpcf7_unit_tag\" value=\"wpcf7-f3426-o1\" \/><input type=\"hidden\" name=\"_wpcf7_container_post\" value=\"0\" \/><input type=\"hidden\" name=\"_wpcf7_posted_data_hash\" value=\"\" \/><input type=\"hidden\" name=\"_wpcf7_recaptcha_response\" value=\"\" \/>\n<\/fieldset>\n<div><span class=\"wpcf7-form-control-wrap\" data-name=\"your-name\"><input size=\"40\" maxlength=\"400\" class=\"wpcf7-form-control wpcf7-text\" aria-invalid=\"false\" placeholder=\"Name...\" value=\"\" type=\"text\" name=\"your-name\" \/><\/span><\/div>\n<div><span class=\"wpcf7-form-control-wrap\" data-name=\"Your-email\"><input size=\"40\" maxlength=\"400\" class=\"wpcf7-form-control wpcf7-email wpcf7-validates-as-required wpcf7-text wpcf7-validates-as-email\" aria-required=\"true\" aria-invalid=\"false\" placeholder=\"Email...\" value=\"\" type=\"email\" name=\"Your-email\" \/><\/span><\/div>\n<div><span class=\"wpcf7-form-control-wrap\" data-name=\"your-subject\"><input size=\"40\" maxlength=\"400\" class=\"wpcf7-form-control wpcf7-text\" aria-invalid=\"false\" placeholder=\"Betreff...\" value=\"\" type=\"text\" name=\"your-subject\" \/><\/span><\/div>\n<div><span class=\"wpcf7-form-control-wrap\" data-name=\"your-message\"><textarea cols=\"40\" rows=\"10\" maxlength=\"2000\" class=\"wpcf7-form-control wpcf7-textarea\" aria-invalid=\"false\" placeholder=\"Anfrage...\" name=\"your-message\"><\/textarea><\/span><\/div>\n\n<span class=\"wpcf7-form-control-wrap\" data-name=\"acceptance\"><span class=\"wpcf7-form-control wpcf7-acceptance\"><span class=\"wpcf7-list-item\"><label><input type=\"checkbox\" name=\"acceptance\" value=\"1\" aria-invalid=\"false\" \/><span class=\"wpcf7-list-item-label\"><labellegal> Ich akzeptiere die<a href=\"https:\/\/www.natour.travel\/de\/datenschutzerklaerung\/\" rel=\"nofollow\" target=\"_blank\"> <strong>Datenschutzregelung,<br> Gesch\u00e4ftsbedingungen und Konditionen<\/strong><\/a><\/labellegal><\/span><\/label><\/span><\/span><\/span>\n\n<input class=\"wpcf7-form-control wpcf7-submit has-spinner\" type=\"submit\" value=\"Senden\" \/><p style=\"display: none !important;\" class=\"akismet-fields-container\" data-prefix=\"_wpcf7_ak_\"><label>&#916;<textarea name=\"_wpcf7_ak_hp_textarea\" cols=\"45\" rows=\"8\" maxlength=\"100\"><\/textarea><\/label><input type=\"hidden\" id=\"ak_js_1\" name=\"_wpcf7_ak_js\" value=\"159\"\/><script type=\"text\/javascript\">\n\/* <![CDATA[ *\/\ndocument.getElementById( \"ak_js_1\" ).setAttribute( \"value\", ( new Date() ).getTime() );\n\/* ]]> *\/\n<\/script>\n<\/p><input type='hidden' class='wpcf7-pum' value='{\"closepopup\":false,\"closedelay\":0,\"openpopup\":false,\"openpopup_id\":0}' \/><div class=\"wpcf7-response-output\" aria-hidden=\"true\"><\/div>\n<\/form>\n<\/div>\n    <\/div>\n<\/div><\/div>[\/vc_column][\/vc_row][vc_row css_animation=&#8221;&#8221; row_type=&#8221;row&#8221; use_row_as_full_screen_section=&#8221;no&#8221; type=&#8221;full_width&#8221; angled_section=&#8221;no&#8221; text_align=&#8221;left&#8221; background_image_as_pattern=&#8221;without_pattern&#8221;][vc_column][vc_empty_space height=&#8221;50px&#8221;][\/vc_column][\/vc_row][vc_row css_animation=&#8221;&#8221; row_type=&#8221;row&#8221; use_row_as_full_screen_section=&#8221;no&#8221; type=&#8221;grid&#8221; angled_section=&#8221;no&#8221; text_align=&#8221;left&#8221; background_image_as_pattern=&#8221;without_pattern&#8221; padding_bottom=&#8221;30&#8243; css=&#8221;.vc_custom_1687365155601{background-position: center !important;background-repeat: no-repeat !important;background-size: cover !important;}&#8221; z_index=&#8221;&#8221;][vc_column][qode_elements_holder number_of_columns=&#8221;one_column&#8221;][qode_elements_holder_item horizontal_alignment=&#8221;center&#8221; advanced_animations=&#8221;no&#8221; item_padding=&#8221;13px 70px 36px 70px&#8221; item_padding_600_768=&#8221;13px 0px 36px 0&#8243; item_padding_480_600=&#8221;13px 0px 36px 0&#8243; item_padding_480=&#8221;13px 0px 36px 0&#8243;][vc_column_text]<\/p>\n<h3><span style=\"color: #83b319;\">Was sagen unsere Kunden \u00fcber uns?<\/span><\/h3>\n<p>&nbsp;<\/p>\n<div data-src=\"https:\/\/cdn.trustindex.io\/loader.js?3239dbb90a116596b85d499993\"><\/div>[\/vc_column_text][vc_empty_space height=&#8221;16px&#8221;][\/qode_elements_holder_item][\/qode_elements_holder][\/vc_column][\/vc_row][vc_row css_animation=&#8221;&#8221; row_type=&#8221;row&#8221; use_row_as_full_screen_section=&#8221;no&#8221; type=&#8221;full_width&#8221; angled_section=&#8221;no&#8221; text_align=&#8221;left&#8221; background_image_as_pattern=&#8221;without_pattern&#8221; z_index=&#8221;&#8221; padding_bottom=&#8221;40&#8243;][vc_column css=&#8221;.vc_custom_1655906433691{background-image: url(https:\/\/localhost\/Natourtest\/wp-content\/uploads\/2021\/11\/NATOUR-ola01.png?id=4714) !important;}&#8221;][vc_empty_space height=&#8221;20px&#8221;][\/vc_column][\/vc_row][vc_row css_animation=&#8221;&#8221; row_type=&#8221;row&#8221; use_row_as_full_screen_section=&#8221;no&#8221; type=&#8221;full_width&#8221; angled_section=&#8221;no&#8221; text_align=&#8221;left&#8221; background_image_as_pattern=&#8221;without_pattern&#8221; z_index=&#8221;&#8221; css=&#8221;.vc_custom_1656425340135{margin-top: 2% !important;background-color: rgba(131,179,25,0.07) !important;*background-color: rgb(131,179,25) !important;}&#8221; background_image=&#8221;6554&#8243; padding_top=&#8221;100&#8243; padding_bottom=&#8221;60&#8243;][vc_column parallax=&#8221;content-moving-fade&#8221; width=&#8221;1\/5&#8243;][\/vc_column][vc_column width=&#8221;1\/5&#8243;][\/vc_column][vc_column width=&#8221;1\/5&#8243;][\/vc_column][vc_column width=&#8221;1\/5&#8243; css=&#8221;.vc_custom_1656429090608{background-position: center !important;background-repeat: no-repeat !important;background-size: cover !important;}&#8221;][vc_empty_space height=&#8221;50px&#8221;][vc_column_text css=&#8221;.vc_custom_1715973071848{background-color: rgba(255,255,255,0.4) !important;background-position: center !important;background-repeat: no-repeat !important;background-size: cover !important;*background-color: rgb(255,255,255) !important;border-radius: 10px !important;}&#8221;]<\/p>\n<h5 style=\"text-align: center;\"><span style=\"color: #000000;\">M\u00f6chten Sie lieber alleine oder mit Ihrem Partner wandern?<\/span><\/h5>\n<h5 style=\"text-align: center;\"><span style=\"color: #000000;\">Dann schauen Sie sich unsere verschiedenen individuellen Wanderreise-Programme an.<\/span><\/h5>\n<p>[\/vc_column_text][vc_empty_space height=&#8221;40px&#8221;]<a  itemprop=\"url\" href=\"https:\/\/www.natour.travel\/de\/individuelle-wanderreise\/\" target=\"_self\"  class=\"qbutton  default\" style=\"\">INDIVIDUELLE WANDERUNGEN<\/a>[\/vc_column][vc_column width=&#8221;1\/5&#8243;][\/vc_column][\/vc_row][vc_row css_animation=&#8221;&#8221; row_type=&#8221;row&#8221; use_row_as_full_screen_section=&#8221;no&#8221; type=&#8221;full_width&#8221; angled_section=&#8221;no&#8221; text_align=&#8221;left&#8221; background_image_as_pattern=&#8221;without_pattern&#8221;][vc_column][vc_empty_space height=&#8221;70px&#8221;][\/vc_column][\/vc_row][vc_row css_animation=&#8221;&#8221; row_type=&#8221;row&#8221; use_row_as_full_screen_section=&#8221;no&#8221; type=&#8221;full_width&#8221; angled_section=&#8221;no&#8221; text_align=&#8221;left&#8221; background_image_as_pattern=&#8221;without_pattern&#8221;][vc_column width=&#8221;1\/6&#8243;][\/vc_column][vc_column width=&#8221;2\/3&#8243;][vc_column_text]Das Wandern in einer Gruppe bietet eine Reihe von einzigartigen Vorteilen, die diese Outdoor-Aktivit\u00e4t besonders lohnend und bereichernd machen. Das Wandern in der Gesellschaft anderer Wanderfreunde in einer Gruppe vermittelt ein Gef\u00fchl der Kameradschaft und gegenseitigen Unterst\u00fctzung, das beim Wandern allein nur schwer zu erreichen ist.<\/p>\n<p>Einer der Hauptvorteile des Gruppentrekkings ist die Sicherheit, die es bietet. Durch das Wandern in einer Gruppe k\u00f6nnen sich die Teilnehmer auf die Unterst\u00fctzung und Hilfe ihrer Begleiter verlassen, falls es unterwegs zu Notf\u00e4llen, Verletzungen oder Verlusten kommt. Dieses zus\u00e4tzliche Gef\u00fchl der Sicherheit erm\u00f6glicht es den Wanderern, das Erlebnis in vollen Z\u00fcgen zu genie\u00dfen, da sie wissen, dass sie im Notfall nicht allein sind.<\/p>\n<p>Dar\u00fcber hinaus erleichtert das Wandern in der Gruppe den Austausch von Wissen und Fertigkeiten zwischen den Teilnehmern. Beim Wandern in einer Gruppe haben die Wanderer die M\u00f6glichkeit, voneinander zu lernen, n\u00fctzliche Tipps und Tricks auszutauschen und ihre Wanderf\u00e4higkeiten zu verbessern. Diese Zusammenarbeit und Kameradschaft tragen dazu bei, das gemeinsame Erlebnis zu bereichern und die Bindungen zwischen den Gruppenmitgliedern zu st\u00e4rken.<\/p>\n<p>Ein weiterer wichtiger Vorteil von Gruppenwanderungen ist die Motivation und Ermutigung, die sie bieten. Wer in einer Gruppe wandert, ist st\u00e4rker motiviert, aktiv zu bleiben und seine Wanderziele zu erreichen. Die Unterst\u00fctzung und Begleitung durch andere Wanderfreunde in der Gruppe hilft dabei, die mentalen und physischen Hindernisse zu \u00fcberwinden, die manchmal bei Outdoor-Aktivit\u00e4ten auftreten k\u00f6nnen, und erm\u00f6glicht es den Teilnehmern, neue H\u00f6hen zu erreichen und gemeinsam neue Wege zu erkunden.<\/p>\n<p>Dar\u00fcber hinaus bietet das Gruppentrekking eine einzigartige Gelegenheit, gemeinsame Erinnerungen und Erfahrungen zu schaffen, die noch lange nach dem Trekking anhalten. Vom Nervenkitzel beim Erreichen eines Gipfels bis hin zur Befriedigung, eine Herausforderung gemeinsam gemeistert zu haben, k\u00f6nnen die gemeinsamen Erlebnisse beim Gruppentrekking die Bande zwischen den Teilnehmern st\u00e4rken und dauerhafte Bindungen schaffen, die noch lange nach dem Ende des Trekkings bestehen bleiben.<\/p>\n<p>Kurz gesagt, das Wandern in der Gruppe bietet eine Reihe von Vorteilen, die \u00fcber das einfache Wandern in Gesellschaft hinausgehen. Von Sicherheit und Wissensaustausch bis hin zu Motivation und gemeinsamen Erlebnissen ist diese Outdoor-Aktivit\u00e4t eine bereichernde und lohnende Erfahrung f\u00fcr alle Teilnehmer.<\/p>\n<p>&nbsp;<\/p>\n<p>Hier finden Sie einige Websites, die Informationen und Ressourcen f\u00fcr Gruppenreisen anbieten:<\/p>\n<p>1. <a href=\"https:\/\/www.alltrails.com\" target=\"_blank\" rel=\"noopener\"><strong>AllTrails<\/strong><\/a> ist eine Website, die eine Vielzahl von Wanderrouten, Bewertungen von Wanderwegen und Tipps f\u00fcr Wanderer bietet. Sie enth\u00e4lt auch Funktionen zur Erstellung von Gruppen und zur Organisation von Gruppenwanderungen mit anderen Mitgliedern der Community.<\/p>\n<p>2. <a href=\"https:\/\/www.meetup.com\" target=\"_blank\" rel=\"noopener\"><strong>Meetup<\/strong><\/a> ist eine Website, die Menschen mit gemeinsamen Interessen zusammenbringt, darunter auch Wandergruppen. Sie k\u00f6nnen lokale Wandergruppen in Ihrer Umgebung finden, ihnen beitreten und an Wanderungen teilnehmen, die von anderen Gruppenmitgliedern organisiert werden.<\/p>\n<p>3. <a href=\"https:\/\/americanhiking.org\/\" target=\"_blank\" rel=\"noopener\"><strong>La American Hiking Society<\/strong><\/a> ist eine gemeinn\u00fctzige Organisation, die sich f\u00fcr den Schutz und die Erhaltung von Wanderwegen einsetzt und das Wandern als gesunde und nachhaltige Aktivit\u00e4t f\u00f6rdert. Ihre Website bietet n\u00fctzliche Ressourcen, darunter Leitf\u00e4den f\u00fcr die Organisation von Gruppenwanderungen und Sicherheitstipps.<\/p>\n<p>4. <a href=\"https:\/\/www.rei.com\" target=\"_blank\" rel=\"noopener\"><strong>REI<\/strong><\/a> ist ein Gesch\u00e4ft f\u00fcr Outdoor-Ausr\u00fcstung, das auch n\u00fctzliche Ressourcen und Leitf\u00e4den f\u00fcr Wanderer anbietet, darunter Artikel und Videos \u00fcber Gruppenwanderungen.[\/vc_column_text][\/vc_column][vc_column width=&#8221;1\/6&#8243;][\/vc_column][\/vc_row][vc_row css_animation=&#8221;&#8221; row_type=&#8221;row&#8221; use_row_as_full_screen_section=&#8221;no&#8221; type=&#8221;full_width&#8221; angled_section=&#8221;no&#8221; text_align=&#8221;left&#8221; background_image_as_pattern=&#8221;without_pattern&#8221;][vc_column][vc_empty_space height=&#8221;70px&#8221;][\/vc_column][vc_row css_animation=&#8221;&#8221; row_type=&#8221;row&#8221; use_row_as_full_screen_section=&#8221;no&#8221; type=&#8221;grid&#8221; angled_section=&#8221;no&#8221; text_align=&#8221;left&#8221; background_image_as_pattern=&#8221;without_pattern&#8221; padding_top=&#8221;80&#8243; padding_bottom=&#8221;50&#8243; css=&#8221;.vc_custom_1637421884471{background-position: center !important;background-repeat: no-repeat !important;background-size: cover !important;}&#8221; z_index=&#8221;&#8221;][\/vc_row][\/vc_row][vc_row css_animation=&#8221;&#8221; row_type=&#8221;row&#8221; use_row_as_full_screen_section=&#8221;no&#8221; type=&#8221;full_width&#8221; angled_section=&#8221;no&#8221; text_align=&#8221;left&#8221; background_image_as_pattern=&#8221;without_pattern&#8221;][vc_column][\/vc_column][vc_column_text]<\/p>\n<p>I am text block. Click edit button to change this text. Lorem ipsum dolor sit amet, consectetur adipiscing elit. Ut elit tellus, luctus nec ullamcorper mattis, pulvinar dapibus leo.<\/p>\n<p>[\/vc_column_text][\/vc_row][vc_row css_animation=&#8221;&#8221; row_type=&#8221;row&#8221; use_row_as_full_screen_section=&#8221;no&#8221; type=&#8221;full_width&#8221; angled_section=&#8221;no&#8221; text_align=&#8221;left&#8221; background_image_as_pattern=&#8221;without_pattern&#8221;][vc_column][\/vc_column][vc_column_text]<\/p>\n<p>I am text block. Click edit button to change this text. Lorem ipsum dolor sit amet, consectetur adipiscing elit. Ut elit tellus, luctus nec ullamcorper mattis, pulvinar dapibus leo.<\/p>\n<p>[\/vc_column_text][\/vc_row][vc_row css_animation=&#8221;&#8221; row_type=&#8221;row&#8221; use_row_as_full_screen_section=&#8221;no&#8221; type=&#8221;full_width&#8221; angled_section=&#8221;no&#8221; text_align=&#8221;left&#8221; background_image_as_pattern=&#8221;without_pattern&#8221;][vc_column][\/vc_column][vc_column_text]<\/p>\n<p>I am text block. Click edit button to change this text. Lorem ipsum dolor sit amet, consectetur adipiscing elit. Ut elit tellus, luctus nec ullamcorper mattis, pulvinar dapibus leo.<\/p>\n<p>[\/vc_column_text][\/vc_row][vc_row css_animation=&#8221;&#8221; row_type=&#8221;row&#8221; use_row_as_full_screen_section=&#8221;no&#8221; type=&#8221;full_width&#8221; angled_section=&#8221;no&#8221; text_align=&#8221;left&#8221; background_image_as_pattern=&#8221;without_pattern&#8221;][vc_column][\/vc_column][vc_column_text]<\/p>\n<p>I am text block. Click edit button to change this text. Lorem ipsum dolor sit amet, consectetur adipiscing elit. Ut elit tellus, luctus nec ullamcorper mattis, pulvinar dapibus leo.<\/p>\n<p>[\/vc_column_text][\/vc_row][vc_row css_animation=&#8221;&#8221; row_type=&#8221;row&#8221; use_row_as_full_screen_section=&#8221;no&#8221; type=&#8221;full_width&#8221; angled_section=&#8221;no&#8221; text_align=&#8221;left&#8221; background_image_as_pattern=&#8221;without_pattern&#8221;][vc_column][\/vc_column][vc_column_text]<\/p>\n<p>I am text block. Click edit button to change this text. Lorem ipsum dolor sit amet, consectetur adipiscing elit. Ut elit tellus, luctus nec ullamcorper mattis, pulvinar dapibus leo.<\/p>\n<p>[\/vc_column_text][\/vc_row][vc_row css_animation=&#8221;&#8221; row_type=&#8221;row&#8221; use_row_as_full_screen_section=&#8221;no&#8221; type=&#8221;full_width&#8221; angled_section=&#8221;no&#8221; text_align=&#8221;left&#8221; background_image_as_pattern=&#8221;without_pattern&#8221;][vc_column][\/vc_column][vc_column_text]<\/p>\n<p>I am text block. Click edit button to change this text. Lorem ipsum dolor sit amet, consectetur adipiscing elit. Ut elit tellus, luctus nec ullamcorper mattis, pulvinar dapibus leo.<\/p>\n<p>[\/vc_column_text][\/vc_row][vc_row css_animation=&#8221;&#8221; row_type=&#8221;row&#8221; use_row_as_full_screen_section=&#8221;no&#8221; type=&#8221;full_width&#8221; angled_section=&#8221;no&#8221; text_align=&#8221;left&#8221; background_image_as_pattern=&#8221;without_pattern&#8221;][vc_column][\/vc_column][vc_column_text]<\/p>\n<p>I am text block. Click edit button to change this text. Lorem ipsum dolor sit amet, consectetur adipiscing elit. Ut elit tellus, luctus nec ullamcorper mattis, pulvinar dapibus leo.<\/p>\n<p>[\/vc_column_text][\/vc_row][vc_row css_animation=&#8221;&#8221; row_type=&#8221;row&#8221; use_row_as_full_screen_section=&#8221;no&#8221; type=&#8221;full_width&#8221; angled_section=&#8221;no&#8221; text_align=&#8221;left&#8221; background_image_as_pattern=&#8221;without_pattern&#8221;][vc_column][\/vc_column][vc_column_text]<\/p>\n<p>I am text block. Click edit button to change this text. Lorem ipsum dolor sit amet, consectetur adipiscing elit. Ut elit tellus, luctus nec ullamcorper mattis, pulvinar dapibus leo.<\/p>\n<p>[\/vc_column_text][\/vc_row][vc_column][qode_elements_holder number_of_columns=&#8221;one_column&#8221;][qode_elements_holder_item horizontal_alignment=&#8221;center&#8221; advanced_animations=&#8221;no&#8221; item_padding=&#8221;13px 70px 36px 70px&#8221; item_padding_600_768=&#8221;13px 0px 36px 0&#8243; item_padding_480_600=&#8221;13px 0px 36px 0&#8243; item_padding_480=&#8221;13px 0px 36px 0&#8243;][vc_column_text]<\/p>\n<h3><span style=\"color: #83b319;\">What do customers say about us?<\/span><\/h3>\n<p>&nbsp;<\/p>\n<div data-src=\"https:\/\/cdn.trustindex.io\/loader.js?a2a8c8f908ff6611c259ee421f\"><\/div>[\/vc_column_text][vc_empty_space height=&#8221;16px&#8221;][\/qode_elements_holder_item][\/qode_elements_holder][\/vc_column][vc_row css_animation=&#8221;&#8221; row_type=&#8221;row&#8221; use_row_as_full_screen_section=&#8221;no&#8221; type=&#8221;full_width&#8221; angled_section=&#8221;no&#8221; text_align=&#8221;left&#8221; background_image_as_pattern=&#8221;without_pattern&#8221;][vc_column][\/vc_column][vc_column_text]<\/p>\n<p>I am text block. Click edit button to change this text. Lorem ipsum dolor sit amet, consectetur adipiscing elit. Ut elit tellus, luctus nec ullamcorper mattis, pulvinar dapibus leo.<\/p>\n<p>[\/vc_column_text][\/vc_row]<\/p>\n<\/div>","protected":false},"excerpt":{"rendered":"<p>[vc_row css_animation=&#8221;&#8221; row_type=&#8221;row&#8221; use_row_as_full_screen_section=&#8221;no&#8221; type=&#8221;full_width&#8221; angled_section=&#8221;no&#8221; text_align=&#8221;left&#8221; background_image_as_pattern=&#8221;without_pattern&#8221; z_index=&#8221;&#8221; padding_top=&#8221;40&#8243;][vc_column offset=&#8221;vc_col-xs-4\/5&#8243;][vc_empty_space][vc_column_text] \u00a0 \u00a0 \u00a0 \u00a0 \u00a0 Wandern in Gruppen. Schlie\u00dfe dich an!\u00a0 [\/vc_column_text][\/vc_column][\/vc_row][vc_row css_animation=&#8221;&#8221; row_type=&#8221;row&#8221; use_row_as_full_screen_section=&#8221;no&#8221; type=&#8221;full_width&#8221; angled_section=&#8221;no&#8221; text_align=&#8221;left&#8221; background_image_as_pattern=&#8221;without_pattern&#8221; z_index=&#8221;&#8221; css=&#8221;.vc_custom_1681675779022{padding-right: 20% !important;padding-left: 20% !important;}&#8221;][vc_column][vc_empty_space][vc_column_text]Die Kanarischen Inseln mit ihren insgesamt 8 Inseln bieten eine&#8230;<\/p>\n","protected":false},"author":2,"featured_media":9741,"parent":0,"menu_order":0,"comment_status":"closed","ping_status":"closed","template":"full_width.php","meta":{"_acf_changed":false,"footnotes":""},"class_list":["post-6169","page","type-page","status-publish","has-post-thumbnail","hentry"],"acf":[],"rankMath":{"parentDomain":"www.natour.travel","noFollowDomains":[],"noFollowExcludeDomains":[],"noFollowExternalLinks":false,"featuredImageNotice":"Das angezeigte Beitragsbild sollte mindestens 200x200 px gro\u00df sein, damit Facebook und andere Social-Media-Websites es \u00fcbernehmen.","pluginReviewed":false,"postSettings":{"linkSuggestions":true,"useFocusKeyword":false},"frontEndScore":false,"postName":"lanzarote-wanderreise","permalinkFormat":"https:\/\/www.natour.travel\/de\/tour-item\/%pagename%\/","showLockModifiedDate":true,"assessor":{"focusKeywordLink":"https:\/\/www.natour.travel\/wp-admin\/edit.php?focus_keyword=%focus_keyword%&post_type=%post_type%","hasTOCPlugin":false,"primaryTaxonomy":false,"serpData":{"title":"Lanzarote Wanderreise - 5  eindrucksvollen Touren.","description":"Lanzarote Wanderreise in einer kleinen Gruppe mit Wanderf\u00fchrer. 5 erlebnisreiche Wandertouren mit Gleichgesinnten erleben.","focusKeywords":"Lanzarote Wanderreise, lanzarote wandern, lanzarote reisen, lanzarote wanderf\u00fchrer","pillarContent":false,"canonicalUrl":"","breadcrumbTitle":"","advancedRobots":[],"facebookTitle":"","facebookDescription":"","facebookImage":"","facebookImageID":"","facebookHasOverlay":false,"facebookImageOverlay":"","facebookAuthor":"","twitterCardType":"","twitterUseFacebook":true,"twitterTitle":"","twitterDescription":"","twitterImage":"","twitterImageID":"","twitterHasOverlay":false,"twitterImageOverlay":"","twitterPlayerUrl":"","twitterPlayerSize":"","twitterPlayerStream":"","twitterPlayerStreamCtype":"","twitterAppDescription":"","twitterAppIphoneName":"","twitterAppIphoneID":"","twitterAppIphoneUrl":"","twitterAppIpadName":"","twitterAppIpadID":"","twitterAppIpadUrl":"","twitterAppGoogleplayName":"","twitterAppGoogleplayID":"","twitterAppGoogleplayUrl":"","twitterAppCountry":"","robots":{"index":true},"twitterAuthor":"Benutzername","primaryTerm":0,"authorName":"Natour Travel","titleTemplate":"%title% %sep% %sitename%","descriptionTemplate":"%excerpt%","showScoreFrontend":true,"lockModifiedDate":false},"powerWords":["abgelenkt","abgesturzt","absolut","abstossend","aburd","abweisen","adaquat","aggressiv","ahnungslos","akkurat","alarmierend","alarmiert","albtraum","all-inclusive","allererste","allererster","allererstes","alleswisser","am schlechtesten","am wichtigsten","angewidert","angriff","angsteinflossend","angstlich","animiert","ankundigung","anonym","anpassbar","anspruchslos","anstossig","antagonistisch","apokalypse","applaus","argumentativ","arm","armageddon","arrogant","atemberaubend","attacke","attraktiv","aufdeckend","aufgebracht","aufgedeckt","aufgeregt","aufheiternd","aufregend","aufregende","aufregenden","aufregung","aufstachelnd","aufstandisch","aufsteigend","auftreibend","augenoffnend","ausgelassen","ausgeruht","ausgespielt","ausgewahlt","ausgewuhlt","ausnutzen","aussergewohnlich","autark","authentisch","autoritat","backdoor","badass","beangstigend","bedenklich","bedingungslos","bedrohen","bedroht","beforderung","befreit","befriedigend","befriedigt","begehren","begeistern","begeistert","begeisterung","beherzt","behind the scenes","beichte","beleidigung","belohnung","bemerkenswert","beneiden","bequem","beruhmt","beschadigen","beschamend","beschmutzt","beschuldigen","beschutzen","besitz","bessesen","bestatigen","bestatigt","beste","bestimmt","bestrafen","betrug","betrugen","bewahrt","bewiesen","bewiesenermassen","bewusst","bezahlbar","bezaubernd","bizarre","bleich","blendend","blut","blutbad","blutig","bombe","bonanza","bonus","bosartig","bose","boshaft","brilliant","brodelnd","brutal","budget","bullshit","bully","bunt","bunte","bunten","case study","cash","challenge","challgene","chaos","cheat-sheet","clever","content","cool","courage","dankbar","daruber redet keiner","deadline","definitiv","dekadent","demoralisierend","demut","desillusioniert","detailiert","diagnose","die wahrheit","direkt","disastros","discount","dokument","dollar","dominieren","doppelt","download","dreckig","dreifach","dreistigkeit","dringend","dringlichkeit","dumm","dummkopf","dummlich","durchbruch","duselig","dynamik","echt","effektiv","effizient","ehrlich","eier","eifersuchtig","eifrig","eindeutig","eindrucksvoll","eine stufe besser","einfach","einfachheit","einfallsreich","eingebildet","eingeschrankt","eingesperrt","einmalig","einsam","eintauchen","einzigartig","eisern","eliminieren","elite","empathie","empfehle","empfehlen","endeffekt","energie","energisch","enorm","entdecken","entfesselt","entfremdet","enthullen","enthullung","enthusiastisch","entmachtet","entsetzlich","entspannt","entzuckend","entzunden","epidemisch","episch","erbarmlich","erfolg","erfolgreich","erfolgsbilanz","erfreut","erfullen","erfullt","ergebnisse","ergreifen","erhaben","erheben","erhohen","erledigt","ermachtigt","ermudet","ernmutigt","ernsthaft","erobern","erroten","errungenschaft","erschaffen","erschrocken","ersehnen","ersparnisse","erstattbar","erstatten","erstaunlich","erste","ertrinken","essentiell","ethisch","euphorisch","exakt","exklusiv","exklusivitat","exkuisit","experte","explodieren","explosiv","exposed","extrem","exzellent","fahig","fahigkeiten","fail","falle","fantasie","fantastischen","farbenfroh","farbenfrohe","faszinierend","faszinierende","faul","faux pas","faux","fehler","feindselig","feldstudie","fesselnd","festlich","festmahl","festplatte","final","flirt","fluchtling","flussig","fokus","fokussiert","folter","formel","frech","freebie","frei","freiheit","freudig","friedlich","frohlich","frohlichkeit","frustriert","fundamental","fur immer","furchtbar","furchtlos","gangster","garantiert","geblendet","geehrt","gefahr","gefahrlich","gefangen","gefangnis","gefeuert","gegensatzlich","gehassig","geheimnis","geheimnisse","geil","geisseln","geist","geistesgestort","gelassen","geld zuruck","geld","genial","gepackt","gerade angekommen","gerissen","geschenk","geschmuggelt","geschutzt","gestandnis","gestandnisse","gestopft","gestresst","gesucht","gesund","getauscht","getestet","getotet","gewaltig","gewalttatig","gewidmet","gewinnspiel","gier","gierig","gift","giftig","gigantisch","giveaway","glamourose","glanzend","glaube","glaubwurdig","gleichmassig","glittering","glitzernde","gluckselig","golden","grandios","grandiose","grandiosen","grandioses","grauenhaft","grausamkeit","grinsen","groesste","gross","grossartig","grossartig","grossartige","grossartigen","grossartiger","grossartiges","grosse","grossen","grosste","grosszugig","grotesk","grube","grundlegend","gruselig","gunstig","hack","hamisch","hammer","handelsgeheimnis","hartnackig","hass","heilig","heimlich","heisshunger","heisshungrig","heiter","held","hell","herablassend","herausfordernd","herausforderung","herausvorderung","herrlichen","herrschend","hervorragend","herz","herzbrechend","herzerwahrmend","heute","hightech","hilflosigkeit","hilfreich","hilfsbereit","himmlisch","hinterhaltig","hoax","hocheffektiv","hochnasig","hochste","hoffnung","hoffnungsvoll","holle","holocaust","horror","how to","humor","hungrige","hurrikan","hypnotisch","hypnotisierend","idiot","idiotisch","illegal","immer","informativ","inhalt","inkompetent","innovativ","insider","inspirierend","inspiriert","intelligent","intensiv","interessant","interessante","invasion","investment","ist da","jackpot","jederzeit kundigen","jetzt","jubilant","jumpstart","jung","kadaver","kampf","katapult","katastrophe","kaufen","kein risiko","keine verpflichtung","kickstart","kindisch","kitschig","klaglich","klar","knast","kollabieren","kollosal","komfortabel","komisch","kompetitiv","komplett","kompromiss","komsich","konstruktiv","kontrollierend","kontrollverlust","kooperativ","kopie","korrupt","kostenlos","kraftlos","kraftvoll","krankhaft","kreativ","kreative","kriese","kritisch","kruppel","lachen","lacherlich","lahm","last minute","lauernd","lebendig","lebenslanglich","lecken","lecker","legendar","legitim","leiche","leicht","leiden","leider","leise","letzte chance","letzte","leuchtend","liberal","licht","liebe","liebenswurdig","liebevoll","life-changing","limitiert","lohnend","loser","losung","lugen","lugend","lukrativ","lust","lustig","lustige","lustigsten","luxorios","magisch","mainstream","mammut","manipulativ","massiv","masterclass","meditierend","meiseter","meistverkauft","meltdown","millionen","mind-blowing","minderwertig","minimalist","missbrauch","misstrauisch","mittelmassig","mittig","modern","moderne","moglichkeiten","monetarisieren","monumental","mord","motiviert","muhelos","muhevoll","mull","mut","mutig","nachmachen","nachteile","nackt","nagel","naiv","natural","nazi","neid","nervos","neu","niedertrachtig","niemals","notfall","notiert","nutzlich","nutzlos","offensichtlich","offiziel","offnen","ohne hintergedanken","ok","okay","okonomisch","on-demand","opfer","optimistisch","overnight","packend","panik","panzer","paralisiert","pas","passioniert","pause","payback","peinlich","perfekt","perplex","perskeptive","pessimistisch","pfund","piranha","pleite","plotzlich","pochend","polarisierend","popular","portfolio","praktisch","preis","prestige","privat","privatsphare","priviligiert","problem","produktiv","professionell","profit","profitabel","provokativ","provozierend","prozess","psychologisch","qual","qualen","qualitat","rabatt","rache","rachsuchtig","raffiniert","rasend","rat","rau","recherche","reduziert","reflektieren","regeln","reich","reiche","reichtum","relaxed","report","responsive","revolutionar","riesig","risiko","riskant","riskieren","rotzfrech","rowdy","ruckrat","ruckschlag","rucksichtlos","ruhig","ruiniert","sabotiert","sadistisch","sale","sarkastisch","scam","schabig","schadigend","schadlich","schamlos","schatz","schicksal","schlachten","schlafen","schlag","schlau","schlimm","schmerzhaft","schmerzlos","schmuggel","schnell","schnellstart","schokierend","schonheit","schrecklich","schreien","schritt fur schritt","schuld","schuldlos","schwach","schwarm","schwarzmarkt","schwerkraft","schwinden","sechsstellig","sehenswerte","selbsthass","selten","sensationell","sex","sexy","sicher","sicherheit","sicherlich","sieg","sill","simpel","sinnlich","sinnlos","skandal","skandalos","skill","sklave","sneak-peek","snob","sofort gespart","sofort","sollte","sonnig","sonnige","sonnigen","sorgen","sorgfaltig","sorglos","spannend","sparen","sparsam","spass","spassig","spektakular","speziell","spielen","spoiler","spontan","spotlight","stabil","stark","start","stoisch","stolz","stop","strahlend","strangulieren","strategie","studien","stumperhaft","stur","sunden","sundigend","super","superb","survival","tapfer","tauschend","teaser","technologie","terror","terrorist","teuer","tief","tiefgreifend","tierisch","tod","todlich","toll","tolle","toller","tortur","tot","tote","toten","totend","toxisch","tragisch","tragodie","transfomieren","transparenz","trauma","traumatisiert","traurigkeit","trend","tricks","trigger","triumpf","trocken","trotz","trugerisch","tweaks","tyrann","ubel","uberfordert","uberkommen","uberleben","uberlegen","uberraschend","uberrascht","uberraschung","uberwaltigend","uberwinden","ultimativ","umfassend","umstritten","umwerfend","unatorisiert","unaufhaltbar","unausgelasted","unbedacht","unbeliebt","unbeschwert","unbewusst","undercover","undokumentiert","unehrlich","unentschlossen","unerwartet","unfahig","ungeduldig","ungedult","ungehort","ungemutlich","ungerechtfertigt","ungesehen","ungetrubt","ungewohnlich","ungezogen","unglaublich","unglaubliches","uninteressiert","unkontrollierbar","unkonventionell","unlimitiert","unpenetrierbar","unschuldig","unsicher","unstabil","unter verschluss","untergrund","unterhaltsam","unterstutz","unterstutzend","unubertroffen","unvergesslich","unverneinbar","unvoreingenommen","unwiderstehlich","unwirtlich","unzensiert","unzuverlassig","up-selling","vaporisieren","verangstigt","verantwortlich","verargert","verarscht","verbessert","verbluffend","verblufft","verboten","verbreiten","verdachtig","verdammt","verdeckt","vereinfacht","verfuhrend","vergebend","vergessen","vergleich","verhauen","verifizieren","verkommen","verlegen","verletzbar","verletzt","verlockend","verloren","vermasselt","vermeiden","vermogen","vernichten","vernichtend","vernunftig","veroffentlichung","verpassen","verraterisch","verruckt","versagen","verschwitzt","versichert","verspielt","versprechend","versteckt","vertrauenswurdig","vertraulich","vertraumt","verurteilend","verwunderlich","verwundet","verzaubernd","verzweifelt","vierfach","vogelfrei","vollig","vollstandig","vorsicht","vorstellungskraft","vorteil","wachstum","wagemutig","wahnsinn","wahnsinnig","wahrhaftig","wahrheit","wahrheitsgemass","wahrscheinlich","warnung","was dir keiner sagt","wehleidig","welt","wenig bekannt","wert","wertvoll","wichtig","widerlich","wiedererkannt","wild","wilde","wilden","willensstarke","wirr","wohltatigkeit","wortlich","wunder","wunderbar","wunderbaren","wunderschon","wutend","zeichen","zeitig","zen","zensiert","zerschlagen","zerschmetternd","zerstorend","zertifiziert","zielorientiert","zischend","zischt","zocken","zogernd","zugeben","zuruckgehalten","zuruckgelassen","zuruckweisen","zusatzlich","zutaten","zuverlassig","zwangsernahrt","zweifelnd","zwickend","zwingend","einfache","einfachen","einfaches","einfacher","simple","simplen","simples","simpler","besten","bestes","bester","beste","bestbewertet","bestbewerteten","bestbewertete","bestbewerteter","bestbewertetes","\u00fcberraschende","\u00fcberraschenden","\u00fcberraschendes","\u00fcberraschender","hilfreiche","hilfreiches","hilfreichen","hilfreicher","f\u00f6rdern","unterst\u00fctzen","helfen","spielerisch","spannende","spannendes","spannenden","spannender","gro\u00dfartige","gro\u00dfartiges","gro\u00dfartigen","gro\u00dfartiger","ideal","ideales","idealen","idealer","faszinierend","faszinierendes","faszinierenden","faszinierender","wichtig","wichtige","wichtiges","wichtigen","wichtiger","sicher","sichere","sicheres","sicheren","sicherer","umfassende","umfassendes","umfassenden","umfassender","ultimative","ultimatives","ultimativen","ultimativer","einzigartige","einzigartiges","einzigartigen","einzigartiger"],"diacritics":{"A":"[\\u0041\\u24B6\\uFF21\\u00C0\\u00C1\\u00C2\\u1EA6\\u1EA4\\u1EAA\\u1EA8\\u00C3\\u0100\\u0102\\u1EB0\\u1EAE\\u1EB4\\u1EB2\\u0226\\u01E0\\u01DE\\u1EA2\\u00C5\\u01FA\\u01CD\\u0200\\u0202\\u1EA0\\u1EAC\\u1EB6\\u1E00\\u0104\\u023A\\u2C6F]","AA":"[\\uA732]","AE":"[\\u00C6\\u01FC\\u01E2\\u00C4]","AO":"[\\uA734]","AU":"[\\uA736]","AV":"[\\uA738\\uA73A]","AY":"[\\uA73C]","B":"[\\u0042\\u24B7\\uFF22\\u1E02\\u1E04\\u1E06\\u0243\\u0182\\u0181]","C":"[\\u0043\\u24B8\\uFF23\\u0106\\u0108\\u010A\\u010C\\u00C7\\u1E08\\u0187\\u023B\\uA73E]","D":"[\\u0044\\u24B9\\uFF24\\u1E0A\\u010E\\u1E0C\\u1E10\\u1E12\\u1E0E\\u0110\\u018B\\u018A\\u0189\\uA779]","DZ":"[\\u01F1\\u01C4]","Dz":"[\\u01F2\\u01C5]","E":"[\\u0045\\u24BA\\uFF25\\u00C8\\u00C9\\u00CA\\u1EC0\\u1EBE\\u1EC4\\u1EC2\\u1EBC\\u0112\\u1E14\\u1E16\\u0114\\u0116\\u00CB\\u1EBA\\u011A\\u0204\\u0206\\u1EB8\\u1EC6\\u0228\\u1E1C\\u0118\\u1E18\\u1E1A\\u0190\\u018E]","F":"[\\u0046\\u24BB\\uFF26\\u1E1E\\u0191\\uA77B]","G":"[\\u0047\\u24BC\\uFF27\\u01F4\\u011C\\u1E20\\u011E\\u0120\\u01E6\\u0122\\u01E4\\u0193\\uA7A0\\uA77D\\uA77E]","H":"[\\u0048\\u24BD\\uFF28\\u0124\\u1E22\\u1E26\\u021E\\u1E24\\u1E28\\u1E2A\\u0126\\u2C67\\u2C75\\uA78D]","I":"[\\u0049\\u24BE\\uFF29\\u00CC\\u00CD\\u00CE\\u0128\\u012A\\u012C\\u0130\\u00CF\\u1E2E\\u1EC8\\u01CF\\u0208\\u020A\\u1ECA\\u012E\\u1E2C\\u0197]","J":"[\\u004A\\u24BF\\uFF2A\\u0134\\u0248]","K":"[\\u004B\\u24C0\\uFF2B\\u1E30\\u01E8\\u1E32\\u0136\\u1E34\\u0198\\u2C69\\uA740\\uA742\\uA744\\uA7A2]","L":"[\\u004C\\u24C1\\uFF2C\\u013F\\u0139\\u013D\\u1E36\\u1E38\\u013B\\u1E3C\\u1E3A\\u0141\\u023D\\u2C62\\u2C60\\uA748\\uA746\\uA780]","LJ":"[\\u01C7]","Lj":"[\\u01C8]","M":"[\\u004D\\u24C2\\uFF2D\\u1E3E\\u1E40\\u1E42\\u2C6E\\u019C]","N":"[\\u004E\\u24C3\\uFF2E\\u01F8\\u0143\\u00D1\\u1E44\\u0147\\u1E46\\u0145\\u1E4A\\u1E48\\u0220\\u019D\\uA790\\uA7A4]","NJ":"[\\u01CA]","Nj":"[\\u01CB]","O":"[\\u004F\\u24C4\\uFF2F\\u00D2\\u00D3\\u00D4\\u1ED2\\u1ED0\\u1ED6\\u1ED4\\u00D5\\u1E4C\\u022C\\u1E4E\\u014C\\u1E50\\u1E52\\u014E\\u022E\\u0230\\u022A\\u1ECE\\u0150\\u01D1\\u020C\\u020E\\u01A0\\u1EDC\\u1EDA\\u1EE0\\u1EDE\\u1EE2\\u1ECC\\u1ED8\\u01EA\\u01EC\\u00D8\\u01FE\\u0186\\u019F\\uA74A\\uA74C]","OE":"[\\u00D6]","OI":"[\\u01A2]","OO":"[\\uA74E]","OU":"[\\u0222]","P":"[\\u0050\\u24C5\\uFF30\\u1E54\\u1E56\\u01A4\\u2C63\\uA750\\uA752\\uA754]","Q":"[\\u0051\\u24C6\\uFF31\\uA756\\uA758\\u024A]","R":"[\\u0052\\u24C7\\uFF32\\u0154\\u1E58\\u0158\\u0210\\u0212\\u1E5A\\u1E5C\\u0156\\u1E5E\\u024C\\u2C64\\uA75A\\uA7A6\\uA782]","S":"[\\u0053\\u24C8\\uFF33\\u1E9E\\u015A\\u1E64\\u015C\\u1E60\\u0160\\u1E66\\u1E62\\u1E68\\u0218\\u015E\\u2C7E\\uA7A8\\uA784]","T":"[\\u0054\\u24C9\\uFF34\\u1E6A\\u0164\\u1E6C\\u021A\\u0162\\u1E70\\u1E6E\\u0166\\u01AC\\u01AE\\u023E\\uA786]","TZ":"[\\uA728]","U":"[\\u0055\\u24CA\\uFF35\\u00D9\\u00DA\\u00DB\\u0168\\u1E78\\u016A\\u1E7A\\u016C\\u01DB\\u01D7\\u01D5\\u01D9\\u1EE6\\u016E\\u0170\\u01D3\\u0214\\u0216\\u01AF\\u1EEA\\u1EE8\\u1EEE\\u1EEC\\u1EF0\\u1EE4\\u1E72\\u0172\\u1E76\\u1E74\\u0244]","UE":"[\\u00DC]","V":"[\\u0056\\u24CB\\uFF36\\u1E7C\\u1E7E\\u01B2\\uA75E\\u0245]","VY":"[\\uA760]","W":"[\\u0057\\u24CC\\uFF37\\u1E80\\u1E82\\u0174\\u1E86\\u1E84\\u1E88\\u2C72]","X":"[\\u0058\\u24CD\\uFF38\\u1E8A\\u1E8C]","Y":"[\\u0059\\u24CE\\uFF39\\u1EF2\\u00DD\\u0176\\u1EF8\\u0232\\u1E8E\\u0178\\u1EF6\\u1EF4\\u01B3\\u024E\\u1EFE]","Z":"[\\u005A\\u24CF\\uFF3A\\u0179\\u1E90\\u017B\\u017D\\u1E92\\u1E94\\u01B5\\u0224\\u2C7F\\u2C6B\\uA762]","a":"[\\u0061\\u24D0\\uFF41\\u1E9A\\u00E0\\u00E1\\u00E2\\u1EA7\\u1EA5\\u1EAB\\u1EA9\\u00E3\\u0101\\u0103\\u1EB1\\u1EAF\\u1EB5\\u1EB3\\u0227\\u01E1\\u01DF\\u1EA3\\u00E5\\u01FB\\u01CE\\u0201\\u0203\\u1EA1\\u1EAD\\u1EB7\\u1E01\\u0105\\u2C65\\u0250]","aa":"[\\uA733]","ae":"[\\u00E6\\u01FD\\u01E3\\u00E4]","ao":"[\\uA735]","au":"[\\uA737]","av":"[\\uA739\\uA73B]","ay":"[\\uA73D]","b":"[\\u0062\\u24D1\\uFF42\\u1E03\\u1E05\\u1E07\\u0180\\u0183\\u0253]","c":"[\\u0063\\u24D2\\uFF43\\u0107\\u0109\\u010B\\u010D\\u00E7\\u1E09\\u0188\\u023C\\uA73F\\u2184]","d":"[\\u0064\\u24D3\\uFF44\\u1E0B\\u010F\\u1E0D\\u1E11\\u1E13\\u1E0F\\u0111\\u018C\\u0256\\u0257\\uA77A]","dz":"[\\u01F3\\u01C6]","e":"[\\u0065\\u24D4\\uFF45\\u00E8\\u00E9\\u00EA\\u1EC1\\u1EBF\\u1EC5\\u1EC3\\u1EBD\\u0113\\u1E15\\u1E17\\u0115\\u0117\\u00EB\\u1EBB\\u011B\\u0205\\u0207\\u1EB9\\u1EC7\\u0229\\u1E1D\\u0119\\u1E19\\u1E1B\\u0247\\u025B\\u01DD]","f":"[\\u0066\\u24D5\\uFF46\\u1E1F\\u0192\\uA77C]","g":"[\\u0067\\u24D6\\uFF47\\u01F5\\u011D\\u1E21\\u011F\\u0121\\u01E7\\u0123\\u01E5\\u0260\\uA7A1\\u1D79\\uA77F]","h":"[\\u0068\\u24D7\\uFF48\\u0125\\u1E23\\u1E27\\u021F\\u1E25\\u1E29\\u1E2B\\u1E96\\u0127\\u2C68\\u2C76\\u0265]","hv":"[\\u0195]","i":"[\\u0069\\u24D8\\uFF49\\u00EC\\u00ED\\u00EE\\u0129\\u012B\\u012D\\u00EF\\u1E2F\\u1EC9\\u01D0\\u0209\\u020B\\u1ECB\\u012F\\u1E2D\\u0268\\u0131]","j":"[\\u006A\\u24D9\\uFF4A\\u0135\\u01F0\\u0249]","k":"[\\u006B\\u24DA\\uFF4B\\u1E31\\u01E9\\u1E33\\u0137\\u1E35\\u0199\\u2C6A\\uA741\\uA743\\uA745\\uA7A3]","l":"[\\u006C\\u24DB\\uFF4C\\u0140\\u013A\\u013E\\u1E37\\u1E39\\u013C\\u1E3D\\u1E3B\\u017F\\u0142\\u019A\\u026B\\u2C61\\uA749\\uA781\\uA747]","lj":"[\\u01C9]","m":"[\\u006D\\u24DC\\uFF4D\\u1E3F\\u1E41\\u1E43\\u0271\\u026F]","n":"[\\u006E\\u24DD\\uFF4E\\u01F9\\u0144\\u00F1\\u1E45\\u0148\\u1E47\\u0146\\u1E4B\\u1E49\\u019E\\u0272\\u0149\\uA791\\uA7A5]","nj":"[\\u01CC]","o":"[\\u006F\\u24DE\\uFF4F\\u00F2\\u00F3\\u00F4\\u1ED3\\u1ED1\\u1ED7\\u1ED5\\u00F5\\u1E4D\\u022D\\u1E4F\\u014D\\u1E51\\u1E53\\u014F\\u022F\\u0231\\u022B\\u1ECF\\u0151\\u01D2\\u020D\\u020F\\u01A1\\u1EDD\\u1EDB\\u1EE1\\u1EDF\\u1EE3\\u1ECD\\u1ED9\\u01EB\\u01ED\\u00F8\\u01FF\\u0254\\uA74B\\uA74D\\u0275]","oe":"[\\u00f6]","oi":"[\\u01A3]","ou":"[\\u0223]","oo":"[\\uA74F]","p":"[\\u0070\\u24DF\\uFF50\\u1E55\\u1E57\\u01A5\\u1D7D\\uA751\\uA753\\uA755]","q":"[\\u0071\\u24E0\\uFF51\\u024B\\uA757\\uA759]","r":"[\\u0072\\u24E1\\uFF52\\u0155\\u1E59\\u0159\\u0211\\u0213\\u1E5B\\u1E5D\\u0157\\u1E5F\\u024D\\u027D\\uA75B\\uA7A7\\uA783]","s":"[\\u0073\\u24E2\\uFF53\\u015B\\u1E65\\u015D\\u1E61\\u0161\\u1E67\\u1E63\\u1E69\\u0219\\u015F\\u023F\\uA7A9\\uA785\\u1E9B]","ss":"[\\u00DF]","t":"[\\u0074\\u24E3\\uFF54\\u1E6B\\u1E97\\u0165\\u1E6D\\u021B\\u0163\\u1E71\\u1E6F\\u0167\\u01AD\\u0288\\u2C66\\uA787]","tz":"[\\uA729]","u":"[\\u0075\\u24E4\\uFF55\\u00F9\\u00FA\\u00FB\\u0169\\u1E79\\u016B\\u1E7B\\u016D\\u01DC\\u01D8\\u01D6\\u01DA\\u1EE7\\u016F\\u0171\\u01D4\\u0215\\u0217\\u01B0\\u1EEB\\u1EE9\\u1EEF\\u1EED\\u1EF1\\u1EE5\\u1E73\\u0173\\u1E77\\u1E75\\u0289]","ue":"[\\u00FC]","v":"[\\u0076\\u24E5\\uFF56\\u1E7D\\u1E7F\\u028B\\uA75F\\u028C]","vy":"[\\uA761]","w":"[\\u0077\\u24E6\\uFF57\\u1E81\\u1E83\\u0175\\u1E87\\u1E85\\u1E98\\u1E89\\u2C73]","x":"[\\u0078\\u24E7\\uFF58\\u1E8B\\u1E8D]","y":"[\\u0079\\u24E8\\uFF59\\u1EF3\\u00FD\\u0177\\u1EF9\\u0233\\u1E8F\\u00FF\\u1EF7\\u1E99\\u1EF5\\u01B4\\u024F\\u1EFF]","z":"[\\u007A\\u24E9\\uFF5A\\u017A\\u1E91\\u017C\\u017E\\u1E93\\u1E95\\u01B6\\u0225\\u0240\\u2C6C\\uA763]"},"researchesTests":["contentHasTOC","contentHasShortParagraphs","contentHasAssets","keywordInTitle","keywordInMetaDescription","keywordInPermalink","keywordIn10Percent","keywordInContent","keywordInSubheadings","keywordInImageAlt","keywordDensity","keywordNotUsed","lengthContent","lengthPermalink","linksHasInternal","linksHasExternals","linksNotAllExternals","titleStartWithKeyword","titleSentiment","titleHasPowerWords","titleHasNumber","hasContentAI"],"hasRedirection":true,"hasBreadcrumb":false},"homeUrl":"https:\/\/www.natour.travel\/de\/","objectID":10621,"objectType":"post","locale":"de","localeFull":"de_DE","overlayImages":{"play":{"name":"Wiedergabezeichen","url":"https:\/\/www.natour.travel\/wp-content\/plugins\/seo-by-rank-math\/assets\/admin\/img\/icon-play.png","path":"\/home\/wapdolxj\/public_html\/wp-content\/plugins\/seo-by-rank-math\/assets\/admin\/img\/icon-play.png","position":"middle_center"},"gif":{"name":"GIF-Symbol","url":"https:\/\/www.natour.travel\/wp-content\/plugins\/seo-by-rank-math\/assets\/admin\/img\/icon-gif.png","path":"\/home\/wapdolxj\/public_html\/wp-content\/plugins\/seo-by-rank-math\/assets\/admin\/img\/icon-gif.png","position":"middle_center"}},"defautOgImage":"https:\/\/www.natour.travel\/wp-content\/plugins\/seo-by-rank-math\/assets\/admin\/img\/social-placeholder.jpg","customPermalinks":true,"isUserRegistered":true,"autoSuggestKeywords":true,"connectSiteUrl":"https:\/\/rankmath.com\/auth?site=https%3A%2F%2Fwww.natour.travel%2Fde%2F&r=https%3A%2F%2Fwww.natour.travel%2Fde%2Fwp-json%2Fwp%2Fv2%2Fpages%2F6169%3Fnonce%3D97407ea1a0","maxTags":5,"trendsIcon":"<svg viewBox=\"0 0 610 610\"><path d=\"M18.85,446,174.32,290.48l58.08,58.08L76.93,504a14.54,14.54,0,0,1-20.55,0L18.83,466.48a14.54,14.54,0,0,1,0-20.55Z\" style=\"fill:#4285f4\"\/><path d=\"M242.65,242.66,377.59,377.6l-47.75,47.75a14.54,14.54,0,0,1-20.55,0L174.37,290.43l47.75-47.75A14.52,14.52,0,0,1,242.65,242.66Z\" style=\"fill:#ea4335\"\/><polygon points=\"319.53 319.53 479.26 159.8 537.34 217.88 377.61 377.62 319.53 319.53\" style=\"fill:#fabb05\"\/><path d=\"M594.26,262.73V118.61h0a16.94,16.94,0,0,0-16.94-16.94H433.2a16.94,16.94,0,0,0-12,28.92L565.34,274.71h0a16.94,16.94,0,0,0,28.92-12Z\" style=\"fill:#34a853\"\/><rect width=\"610\" height=\"610\" style=\"fill:none\"\/><\/svg>","showScore":true,"siteFavIcon":"https:\/\/www.natour.travel\/wp-content\/uploads\/2018\/04\/cropped-Logo-32x32.png","canUser":{"general":false,"advanced":false,"snippet":false,"social":false,"analysis":false,"analytics":false,"content_ai":false},"showKeywordIntent":true,"isPro":false,"is_front_page":false,"trendsUpgradeLink":"https:\/\/rankmath.com\/pricing\/?utm_source=Plugin&utm_medium=CE%20General%20Tab%20Trends&utm_campaign=WP","trendsUpgradeLabel":"Upgraden","trendsPreviewImage":"https:\/\/www.natour.travel\/wp-content\/plugins\/seo-by-rank-math\/assets\/admin\/img\/trends-preview.jpg","currentEditor":false,"homepageData":{"assessor":{"powerWords":["abgelenkt","abgesturzt","absolut","abstossend","aburd","abweisen","adaquat","aggressiv","ahnungslos","akkurat","alarmierend","alarmiert","albtraum","all-inclusive","allererste","allererster","allererstes","alleswisser","am schlechtesten","am wichtigsten","angewidert","angriff","angsteinflossend","angstlich","animiert","ankundigung","anonym","anpassbar","anspruchslos","anstossig","antagonistisch","apokalypse","applaus","argumentativ","arm","armageddon","arrogant","atemberaubend","attacke","attraktiv","aufdeckend","aufgebracht","aufgedeckt","aufgeregt","aufheiternd","aufregend","aufregende","aufregenden","aufregung","aufstachelnd","aufstandisch","aufsteigend","auftreibend","augenoffnend","ausgelassen","ausgeruht","ausgespielt","ausgewahlt","ausgewuhlt","ausnutzen","aussergewohnlich","autark","authentisch","autoritat","backdoor","badass","beangstigend","bedenklich","bedingungslos","bedrohen","bedroht","beforderung","befreit","befriedigend","befriedigt","begehren","begeistern","begeistert","begeisterung","beherzt","behind the scenes","beichte","beleidigung","belohnung","bemerkenswert","beneiden","bequem","beruhmt","beschadigen","beschamend","beschmutzt","beschuldigen","beschutzen","besitz","bessesen","bestatigen","bestatigt","beste","bestimmt","bestrafen","betrug","betrugen","bewahrt","bewiesen","bewiesenermassen","bewusst","bezahlbar","bezaubernd","bizarre","bleich","blendend","blut","blutbad","blutig","bombe","bonanza","bonus","bosartig","bose","boshaft","brilliant","brodelnd","brutal","budget","bullshit","bully","bunt","bunte","bunten","case study","cash","challenge","challgene","chaos","cheat-sheet","clever","content","cool","courage","dankbar","daruber redet keiner","deadline","definitiv","dekadent","demoralisierend","demut","desillusioniert","detailiert","diagnose","die wahrheit","direkt","disastros","discount","dokument","dollar","dominieren","doppelt","download","dreckig","dreifach","dreistigkeit","dringend","dringlichkeit","dumm","dummkopf","dummlich","durchbruch","duselig","dynamik","echt","effektiv","effizient","ehrlich","eier","eifersuchtig","eifrig","eindeutig","eindrucksvoll","eine stufe besser","einfach","einfachheit","einfallsreich","eingebildet","eingeschrankt","eingesperrt","einmalig","einsam","eintauchen","einzigartig","eisern","eliminieren","elite","empathie","empfehle","empfehlen","endeffekt","energie","energisch","enorm","entdecken","entfesselt","entfremdet","enthullen","enthullung","enthusiastisch","entmachtet","entsetzlich","entspannt","entzuckend","entzunden","epidemisch","episch","erbarmlich","erfolg","erfolgreich","erfolgsbilanz","erfreut","erfullen","erfullt","ergebnisse","ergreifen","erhaben","erheben","erhohen","erledigt","ermachtigt","ermudet","ernmutigt","ernsthaft","erobern","erroten","errungenschaft","erschaffen","erschrocken","ersehnen","ersparnisse","erstattbar","erstatten","erstaunlich","erste","ertrinken","essentiell","ethisch","euphorisch","exakt","exklusiv","exklusivitat","exkuisit","experte","explodieren","explosiv","exposed","extrem","exzellent","fahig","fahigkeiten","fail","falle","fantasie","fantastischen","farbenfroh","farbenfrohe","faszinierend","faszinierende","faul","faux pas","faux","fehler","feindselig","feldstudie","fesselnd","festlich","festmahl","festplatte","final","flirt","fluchtling","flussig","fokus","fokussiert","folter","formel","frech","freebie","frei","freiheit","freudig","friedlich","frohlich","frohlichkeit","frustriert","fundamental","fur immer","furchtbar","furchtlos","gangster","garantiert","geblendet","geehrt","gefahr","gefahrlich","gefangen","gefangnis","gefeuert","gegensatzlich","gehassig","geheimnis","geheimnisse","geil","geisseln","geist","geistesgestort","gelassen","geld zuruck","geld","genial","gepackt","gerade angekommen","gerissen","geschenk","geschmuggelt","geschutzt","gestandnis","gestandnisse","gestopft","gestresst","gesucht","gesund","getauscht","getestet","getotet","gewaltig","gewalttatig","gewidmet","gewinnspiel","gier","gierig","gift","giftig","gigantisch","giveaway","glamourose","glanzend","glaube","glaubwurdig","gleichmassig","glittering","glitzernde","gluckselig","golden","grandios","grandiose","grandiosen","grandioses","grauenhaft","grausamkeit","grinsen","groesste","gross","grossartig","grossartig","grossartige","grossartigen","grossartiger","grossartiges","grosse","grossen","grosste","grosszugig","grotesk","grube","grundlegend","gruselig","gunstig","hack","hamisch","hammer","handelsgeheimnis","hartnackig","hass","heilig","heimlich","heisshunger","heisshungrig","heiter","held","hell","herablassend","herausfordernd","herausforderung","herausvorderung","herrlichen","herrschend","hervorragend","herz","herzbrechend","herzerwahrmend","heute","hightech","hilflosigkeit","hilfreich","hilfsbereit","himmlisch","hinterhaltig","hoax","hocheffektiv","hochnasig","hochste","hoffnung","hoffnungsvoll","holle","holocaust","horror","how to","humor","hungrige","hurrikan","hypnotisch","hypnotisierend","idiot","idiotisch","illegal","immer","informativ","inhalt","inkompetent","innovativ","insider","inspirierend","inspiriert","intelligent","intensiv","interessant","interessante","invasion","investment","ist da","jackpot","jederzeit kundigen","jetzt","jubilant","jumpstart","jung","kadaver","kampf","katapult","katastrophe","kaufen","kein risiko","keine verpflichtung","kickstart","kindisch","kitschig","klaglich","klar","knast","kollabieren","kollosal","komfortabel","komisch","kompetitiv","komplett","kompromiss","komsich","konstruktiv","kontrollierend","kontrollverlust","kooperativ","kopie","korrupt","kostenlos","kraftlos","kraftvoll","krankhaft","kreativ","kreative","kriese","kritisch","kruppel","lachen","lacherlich","lahm","last minute","lauernd","lebendig","lebenslanglich","lecken","lecker","legendar","legitim","leiche","leicht","leiden","leider","leise","letzte chance","letzte","leuchtend","liberal","licht","liebe","liebenswurdig","liebevoll","life-changing","limitiert","lohnend","loser","losung","lugen","lugend","lukrativ","lust","lustig","lustige","lustigsten","luxorios","magisch","mainstream","mammut","manipulativ","massiv","masterclass","meditierend","meiseter","meistverkauft","meltdown","millionen","mind-blowing","minderwertig","minimalist","missbrauch","misstrauisch","mittelmassig","mittig","modern","moderne","moglichkeiten","monetarisieren","monumental","mord","motiviert","muhelos","muhevoll","mull","mut","mutig","nachmachen","nachteile","nackt","nagel","naiv","natural","nazi","neid","nervos","neu","niedertrachtig","niemals","notfall","notiert","nutzlich","nutzlos","offensichtlich","offiziel","offnen","ohne hintergedanken","ok","okay","okonomisch","on-demand","opfer","optimistisch","overnight","packend","panik","panzer","paralisiert","pas","passioniert","pause","payback","peinlich","perfekt","perplex","perskeptive","pessimistisch","pfund","piranha","pleite","plotzlich","pochend","polarisierend","popular","portfolio","praktisch","preis","prestige","privat","privatsphare","priviligiert","problem","produktiv","professionell","profit","profitabel","provokativ","provozierend","prozess","psychologisch","qual","qualen","qualitat","rabatt","rache","rachsuchtig","raffiniert","rasend","rat","rau","recherche","reduziert","reflektieren","regeln","reich","reiche","reichtum","relaxed","report","responsive","revolutionar","riesig","risiko","riskant","riskieren","rotzfrech","rowdy","ruckrat","ruckschlag","rucksichtlos","ruhig","ruiniert","sabotiert","sadistisch","sale","sarkastisch","scam","schabig","schadigend","schadlich","schamlos","schatz","schicksal","schlachten","schlafen","schlag","schlau","schlimm","schmerzhaft","schmerzlos","schmuggel","schnell","schnellstart","schokierend","schonheit","schrecklich","schreien","schritt fur schritt","schuld","schuldlos","schwach","schwarm","schwarzmarkt","schwerkraft","schwinden","sechsstellig","sehenswerte","selbsthass","selten","sensationell","sex","sexy","sicher","sicherheit","sicherlich","sieg","sill","simpel","sinnlich","sinnlos","skandal","skandalos","skill","sklave","sneak-peek","snob","sofort gespart","sofort","sollte","sonnig","sonnige","sonnigen","sorgen","sorgfaltig","sorglos","spannend","sparen","sparsam","spass","spassig","spektakular","speziell","spielen","spoiler","spontan","spotlight","stabil","stark","start","stoisch","stolz","stop","strahlend","strangulieren","strategie","studien","stumperhaft","stur","sunden","sundigend","super","superb","survival","tapfer","tauschend","teaser","technologie","terror","terrorist","teuer","tief","tiefgreifend","tierisch","tod","todlich","toll","tolle","toller","tortur","tot","tote","toten","totend","toxisch","tragisch","tragodie","transfomieren","transparenz","trauma","traumatisiert","traurigkeit","trend","tricks","trigger","triumpf","trocken","trotz","trugerisch","tweaks","tyrann","ubel","uberfordert","uberkommen","uberleben","uberlegen","uberraschend","uberrascht","uberraschung","uberwaltigend","uberwinden","ultimativ","umfassend","umstritten","umwerfend","unatorisiert","unaufhaltbar","unausgelasted","unbedacht","unbeliebt","unbeschwert","unbewusst","undercover","undokumentiert","unehrlich","unentschlossen","unerwartet","unfahig","ungeduldig","ungedult","ungehort","ungemutlich","ungerechtfertigt","ungesehen","ungetrubt","ungewohnlich","ungezogen","unglaublich","unglaubliches","uninteressiert","unkontrollierbar","unkonventionell","unlimitiert","unpenetrierbar","unschuldig","unsicher","unstabil","unter verschluss","untergrund","unterhaltsam","unterstutz","unterstutzend","unubertroffen","unvergesslich","unverneinbar","unvoreingenommen","unwiderstehlich","unwirtlich","unzensiert","unzuverlassig","up-selling","vaporisieren","verangstigt","verantwortlich","verargert","verarscht","verbessert","verbluffend","verblufft","verboten","verbreiten","verdachtig","verdammt","verdeckt","vereinfacht","verfuhrend","vergebend","vergessen","vergleich","verhauen","verifizieren","verkommen","verlegen","verletzbar","verletzt","verlockend","verloren","vermasselt","vermeiden","vermogen","vernichten","vernichtend","vernunftig","veroffentlichung","verpassen","verraterisch","verruckt","versagen","verschwitzt","versichert","verspielt","versprechend","versteckt","vertrauenswurdig","vertraulich","vertraumt","verurteilend","verwunderlich","verwundet","verzaubernd","verzweifelt","vierfach","vogelfrei","vollig","vollstandig","vorsicht","vorstellungskraft","vorteil","wachstum","wagemutig","wahnsinn","wahnsinnig","wahrhaftig","wahrheit","wahrheitsgemass","wahrscheinlich","warnung","was dir keiner sagt","wehleidig","welt","wenig bekannt","wert","wertvoll","wichtig","widerlich","wiedererkannt","wild","wilde","wilden","willensstarke","wirr","wohltatigkeit","wortlich","wunder","wunderbar","wunderbaren","wunderschon","wutend","zeichen","zeitig","zen","zensiert","zerschlagen","zerschmetternd","zerstorend","zertifiziert","zielorientiert","zischend","zischt","zocken","zogernd","zugeben","zuruckgehalten","zuruckgelassen","zuruckweisen","zusatzlich","zutaten","zuverlassig","zwangsernahrt","zweifelnd","zwickend","zwingend","einfache","einfachen","einfaches","einfacher","simple","simplen","simples","simpler","besten","bestes","bester","beste","bestbewertet","bestbewerteten","bestbewertete","bestbewerteter","bestbewertetes","\u00fcberraschende","\u00fcberraschenden","\u00fcberraschendes","\u00fcberraschender","hilfreiche","hilfreiches","hilfreichen","hilfreicher","f\u00f6rdern","unterst\u00fctzen","helfen","spielerisch","spannende","spannendes","spannenden","spannender","gro\u00dfartige","gro\u00dfartiges","gro\u00dfartigen","gro\u00dfartiger","ideal","ideales","idealen","idealer","faszinierend","faszinierendes","faszinierenden","faszinierender","wichtig","wichtige","wichtiges","wichtigen","wichtiger","sicher","sichere","sicheres","sicheren","sicherer","umfassende","umfassendes","umfassenden","umfassender","ultimative","ultimatives","ultimativen","ultimativer","einzigartige","einzigartiges","einzigartigen","einzigartiger"],"diacritics":true,"researchesTests":["contentHasTOC","contentHasShortParagraphs","contentHasAssets","keywordInTitle","keywordInMetaDescription","keywordInPermalink","keywordIn10Percent","keywordInContent","keywordInSubheadings","keywordInImageAlt","keywordDensity","keywordNotUsed","lengthContent","lengthPermalink","linksHasInternal","linksHasExternals","linksNotAllExternals","titleStartWithKeyword","titleSentiment","titleHasPowerWords","titleHasNumber","hasContentAI"],"hasBreadcrumb":false,"serpData":{"title":"%sitename% %page% %sep% %sitedesc%","description":"","titleTemplate":"%sitename% %page% %sep% %sitedesc%","descriptionTemplate":"","focusKeywords":"","breadcrumbTitle":"Home","robots":{"index":true},"advancedRobots":[],"facebookTitle":"","facebookDescription":"","facebookImage":"","facebookImageID":""}}},"tocTitle":"Table of Contents","tocExcludeHeadings":[],"listStyle":"ul"},"_links":{"self":[{"href":"https:\/\/www.natour.travel\/de\/wp-json\/wp\/v2\/pages\/6169","targetHints":{"allow":["GET"]}}],"collection":[{"href":"https:\/\/www.natour.travel\/de\/wp-json\/wp\/v2\/pages"}],"about":[{"href":"https:\/\/www.natour.travel\/de\/wp-json\/wp\/v2\/types\/page"}],"author":[{"embeddable":true,"href":"https:\/\/www.natour.travel\/de\/wp-json\/wp\/v2\/users\/2"}],"replies":[{"embeddable":true,"href":"https:\/\/www.natour.travel\/de\/wp-json\/wp\/v2\/comments?post=6169"}],"version-history":[{"count":3,"href":"https:\/\/www.natour.travel\/de\/wp-json\/wp\/v2\/pages\/6169\/revisions"}],"predecessor-version":[{"id":20648,"href":"https:\/\/www.natour.travel\/de\/wp-json\/wp\/v2\/pages\/6169\/revisions\/20648"}],"wp:featuredmedia":[{"embeddable":true,"href":"https:\/\/www.natour.travel\/de\/wp-json\/wp\/v2\/media\/9741"}],"wp:attachment":[{"href":"https:\/\/www.natour.travel\/de\/wp-json\/wp\/v2\/media?parent=6169"}],"curies":[{"name":"wp","href":"https:\/\/api.w.org\/{rel}","templated":true}]}}